{"id":805,"date":"2023-08-16T23:43:14","date_gmt":"2023-08-16T21:43:14","guid":{"rendered":"https:\/\/zupnija-koroska-bela.rkc.si\/?page_id=805"},"modified":"2023-10-11T12:28:04","modified_gmt":"2023-10-11T10:28:04","slug":"misijon-2023-pridi-po-veselje-in-mir","status":"publish","type":"page","link":"https:\/\/zupnija-koroska-bela.rkc.si\/index.php\/misijon-2023-pridi-po-veselje-in-mir\/","title":{"rendered":"Misijon 2023: Pridi po veselje in mir"},"content":{"rendered":"<h1>Domov<\/h1>\n<p><img loading=\"lazy\" decoding=\"async\" class=\"alignnone wp-image-806\" src=\"http:\/\/zupnija-koroska-bela.rkc.si\/wp-content\/uploads\/2023\/08\/mis0-300x167.jpg\" alt=\"\" width=\"587\" height=\"327\" srcset=\"https:\/\/zupnija-koroska-bela.rkc.si\/wp-content\/uploads\/2023\/08\/mis0-300x167.jpg 300w, https:\/\/zupnija-koroska-bela.rkc.si\/wp-content\/uploads\/2023\/08\/mis0-1024x571.jpg 1024w, https:\/\/zupnija-koroska-bela.rkc.si\/wp-content\/uploads\/2023\/08\/mis0-768x428.jpg 768w, https:\/\/zupnija-koroska-bela.rkc.si\/wp-content\/uploads\/2023\/08\/mis0.jpg 1379w\" sizes=\"auto, (max-width: 587px) 100vw, 587px\" \/><\/p>\n<div class=\"inner-title\">\n<h2 class=\"title\">Pridi po veselje in mir<\/h2>\n<\/div>\n<p class=\"description\">Misijon v \u017eupniji Koro\u0161ka Bela od 3. do 12. marca 2023.<\/p>\n<p class=\"description\">Dobri Bog, vstopamo v sveti \u010das, \u010das priprave na misijon.<img loading=\"lazy\" decoding=\"async\" class=\"alignnone size-medium wp-image-967\" src=\"https:\/\/zupnija-koroska-bela.rkc.si\/wp-content\/uploads\/2023\/08\/mis2-1-180x300.jpg\" alt=\"\" width=\"180\" height=\"300\" srcset=\"https:\/\/zupnija-koroska-bela.rkc.si\/wp-content\/uploads\/2023\/08\/mis2-1-180x300.jpg 180w, https:\/\/zupnija-koroska-bela.rkc.si\/wp-content\/uploads\/2023\/08\/mis2-1.jpg 600w\" sizes=\"auto, (max-width: 180px) 100vw, 180px\" \/> <img loading=\"lazy\" decoding=\"async\" class=\"alignnone size-medium wp-image-966\" src=\"https:\/\/zupnija-koroska-bela.rkc.si\/wp-content\/uploads\/2023\/08\/mis3-1-180x300.jpg\" alt=\"\" width=\"180\" height=\"300\" srcset=\"https:\/\/zupnija-koroska-bela.rkc.si\/wp-content\/uploads\/2023\/08\/mis3-1-180x300.jpg 180w, https:\/\/zupnija-koroska-bela.rkc.si\/wp-content\/uploads\/2023\/08\/mis3-1.jpg 600w\" sizes=\"auto, (max-width: 180px) 100vw, 180px\" \/><\/p>\n<dl class=\"gallery-item\">\n<dt class=\"gallery-icon portrait\"><\/dt>\n<\/dl>\n<dl class=\"gallery-item\">\n<dt class=\"gallery-icon portrait\"><\/dt>\n<\/dl>\n<h1>Misijon<\/h1>\n<div class=\"elementor-element elementor-element-4d6ed6d elementor-widget elementor-widget-heading\" data-id=\"4d6ed6d\" data-element_type=\"widget\" data-widget_type=\"heading.default\">\n<div class=\"elementor-widget-container\">\n<h3 class=\"elementor-heading-title elementor-size-default\">O misijonu<\/h3>\n<\/div>\n<\/div>\n<div class=\"elementor-element elementor-element-987ec70 elementor-widget-divider--view-line elementor-widget elementor-widget-divider\" data-id=\"987ec70\" data-element_type=\"widget\" data-widget_type=\"divider.default\">\n<div class=\"elementor-widget-container\">\n<div class=\"elementor-divider\"><\/div>\n<\/div>\n<\/div>\n<div class=\"elementor-element elementor-element-21066b8 elementor-widget elementor-widget-text-editor\" data-id=\"21066b8\" data-element_type=\"widget\" data-widget_type=\"text-editor.default\">\n<div class=\"elementor-widget-container\">\n<p class=\"NoSpacing tm6\"><span class=\"tm7\">Novoizvoljeni \u010dlani \u017dupnijskega pastoralnega sveta \u017dupnije svetih Ingenuina in Albuina na Koro\u0161ki Beli so se na svoji prvi seji 4.11. 2021 soglasno odlo\u010dili, da v \u017eupniji organiziramo misijon, ki bo potekal od 3. do 12. marca 2023.<\/span><\/p>\n<p class=\"NoSpacing tm6\"><span class=\"tm7\">Za geslo misijona smo si izbrali povabilo: \u00bbPridi po veselje in mir!\u00ab.<\/span><\/p>\n<p class=\"NoSpacing tm6\"><span class=\"tm7\">Na Binko\u0161ti 5. 6 .2022 smo uradno vstopili v devetmese\u010dno pripravo na misijon.<\/span><\/p>\n<p class=\"NoSpacing tm6\"><span class=\"tm7\">Na\u0161i misijonarji so: brat Luka Modic, brat Jo\u0161ko Smukavec \u2013 oba iz reda kapucinskih bratov, in sestra Grazyina (Gr\u017eena) Mech iz skupnosti Fran\u010di\u0161kank Marijinih misijonark, ki se nam bodo v devetih mesecih priprave \u0161e ve\u010dkrat pridru\u017eili, z nami pa bodo seveda na samem misijonu prihodnje leto, ki ga bodo tudi vodili.<\/span><\/p>\n<\/div>\n<\/div>\n<h1>O misijonarjih<\/h1>\n<div class=\"elementor-column elementor-col-33 elementor-top-column elementor-element elementor-element-26e4377\" data-id=\"26e4377\" data-element_type=\"column\">\n<div class=\"elementor-widget-wrap elementor-element-populated\">\n<div class=\"elementor-element elementor-element-2e6210b elementor-widget elementor-widget-heading\" data-id=\"2e6210b\" data-element_type=\"widget\" data-widget_type=\"heading.default\">\n<div class=\"elementor-widget-container\">\n<h3 class=\"elementor-heading-title elementor-size-default\">Misijonar Jo\u017eko<\/h3>\n<\/div>\n<\/div>\n<div class=\"elementor-element elementor-element-0a2da2e elementor-widget elementor-widget-image\" data-id=\"0a2da2e\" data-element_type=\"widget\" data-widget_type=\"image.default\">\n<div class=\"elementor-widget-container\"><\/div>\n<\/div>\n<div class=\"elementor-element elementor-element-e5d9d0c elementor-widget elementor-widget-text-editor\" data-id=\"e5d9d0c\" data-element_type=\"widget\" data-widget_type=\"text-editor.default\">\n<div class=\"elementor-widget-container\">\n<p><img loading=\"lazy\" decoding=\"async\" class=\"alignnone size-full wp-image-962\" src=\"https:\/\/zupnija-koroska-bela.rkc.si\/wp-content\/uploads\/2023\/08\/Misijonar-Jozko.webp\" alt=\"\" width=\"400\" height=\"532\" \/>Br. Jo\u017eko Smukavec, brat kapucin, sanja\u010d, boje\u010d, rad \u017eivim, rad imam ljudi in Cerkev, hvale\u017een,<br \/>\nso\u010duten, radoveden, pozabljiv, raztresen, \u010dustven, igriv, rad spim in imam rad naravo, filme in<br \/>\nhrano\u2026. Moje geslo kot brat kapucin pa je: Moj bog in moje vse!<br \/>\nTelefon 041860350<\/p>\n<\/div>\n<\/div>\n<\/div>\n<\/div>\n<div class=\"elementor-column elementor-col-33 elementor-top-column elementor-element elementor-element-f7167f9\" data-id=\"f7167f9\" data-element_type=\"column\">\n<div class=\"elementor-widget-wrap elementor-element-populated\">\n<div class=\"elementor-element elementor-element-be9419b elementor-widget elementor-widget-heading\" data-id=\"be9419b\" data-element_type=\"widget\" data-widget_type=\"heading.default\">\n<div class=\"elementor-widget-container\">\n<h3 class=\"elementor-heading-title elementor-size-default\">Sestra Grazyna<\/h3>\n<\/div>\n<\/div>\n<div class=\"elementor-element elementor-element-f6d8792 elementor-widget elementor-widget-image\" data-id=\"f6d8792\" data-element_type=\"widget\" data-widget_type=\"image.default\">\n<div class=\"elementor-widget-container\"><img loading=\"lazy\" decoding=\"async\" class=\"alignnone size-full wp-image-961\" src=\"https:\/\/zupnija-koroska-bela.rkc.si\/wp-content\/uploads\/2023\/08\/Misijonarka-Grazyna.webp\" alt=\"\" width=\"400\" height=\"533\" \/><\/div>\n<\/div>\n<div class=\"elementor-element elementor-element-f655ab4 elementor-widget elementor-widget-text-editor\" data-id=\"f655ab4\" data-element_type=\"widget\" data-widget_type=\"text-editor.default\">\n<div class=\"elementor-widget-container\">\n<p class=\"NoSpacing tm6\"><span class=\"tm7\">Sem sestra Grazyna Mech fmm. Po rodu sem Poljakinja, po srcu pa Slovenka, zaljubljena v Slovenijo.\u00a0<\/span><\/p>\n<p class=\"NoSpacing tm6\"><span class=\"tm7\">Rada imam Boga, ker vem, da od Njega prihajam in k Njemu grem.<\/span><\/p>\n<p class=\"NoSpacing tm6\"><span class=\"tm7\">Rada imam ljudi in se veselim, da bomo v \u010dasu misijona prehodili skupaj ko\u0161\u010dek poti,\u00a0na kateri bomo poslu\u0161ali Gospodov glas,\u00a0ki prina\u0161a mir srca in veselje ter skupaj okusili, kako\u00a0je Gospod\u00a0dober.<\/span><\/p>\n<p class=\"NoSpacing tm6\"><span class=\"tm7\">Naj nas Gospod \u017ee zdaj blagoslovi in nam po pripro\u0161nji svetega Fran\u010di\u0161ka\u00a0podeli Veselje in Mir.<\/span><\/p>\n<p class=\"NoSpacing tm6\"><span class=\"tm8\">s. Grazyna fmm<\/span><\/p>\n<\/div>\n<\/div>\n<\/div>\n<\/div>\n<div class=\"elementor-column elementor-col-33 elementor-top-column elementor-element elementor-element-4b353e1\" data-id=\"4b353e1\" data-element_type=\"column\">\n<div class=\"elementor-widget-wrap elementor-element-populated\">\n<div class=\"elementor-element elementor-element-d07aedc elementor-widget elementor-widget-heading\" data-id=\"d07aedc\" data-element_type=\"widget\" data-widget_type=\"heading.default\">\n<div class=\"elementor-widget-container\">\n<h3 class=\"elementor-heading-title elementor-size-default\">Misijonar Luka<\/h3>\n<h3 class=\"elementor-heading-title elementor-size-default\"><img loading=\"lazy\" decoding=\"async\" class=\"alignnone size-full wp-image-960\" src=\"https:\/\/zupnija-koroska-bela.rkc.si\/wp-content\/uploads\/2023\/08\/Misijonar-Luka.webp\" alt=\"\" width=\"400\" height=\"533\" \/><\/h3>\n<\/div>\n<\/div>\n<div class=\"elementor-element elementor-element-16aab63 elementor-widget elementor-widget-image\" data-id=\"16aab63\" data-element_type=\"widget\" data-widget_type=\"image.default\">\n<div class=\"elementor-widget-container\"><\/div>\n<\/div>\n<div class=\"elementor-element elementor-element-6667a29 elementor-widget elementor-widget-text-editor\" data-id=\"6667a29\" data-element_type=\"widget\" data-widget_type=\"text-editor.default\">\n<div class=\"elementor-widget-container\">\n<p>Sem Luka Modic, doma z Blok. Star sem 42 let in imam \u0161e dva brata. \u010ceprav sem bil vzgojen v veri in sem prejel vse zakramente, sem se med \u0161olanjem mo\u010dno oddaljil od Cerkve in Boga. Po kon\u010danem \u0161tudiju slikarstva sem se zna\u0161el v veliki praznini, ki jo je po\u010dasi, brez mojega zavedanja, za\u010del zapolnjevati Jezus. I\u0161\u010do\u010d sem se vpisal na Teolo\u0161ko fakulteto, kjer sem spoznal mlade, ki so svoje \u017eivljenje stavili na Gospoda. Videl sem, da Bog tudi od mene pri\u010dakuje nekaj bolj korenitega. Ko sem spoznal br. Jo\u017ekota, sem tudi sam premagal strah in vstopil v samostan.<\/p>\n<p>br. Luka<\/p>\n<\/div>\n<\/div>\n<\/div>\n<\/div>\n<h1>Obvestila in novice<\/h1>\n<header class=\"entry-header blog-title\">\n<h4 class=\"entry-title blog-title\">Pohod na Svetega Petra \u2013 27. 5. 2023<\/h4>\n<\/header>\n<div class=\"entry-content\">\n<div class=\"elementor elementor-966\" data-elementor-type=\"wp-post\" data-elementor-id=\"966\">\n<section class=\"elementor-section elementor-top-section elementor-element elementor-element-5bd3949 elementor-section-boxed elementor-section-height-default elementor-section-height-default\" data-id=\"5bd3949\" data-element_type=\"section\">\n<div class=\"elementor-container elementor-column-gap-default\">\n<div class=\"elementor-column elementor-col-100 elementor-top-column elementor-element elementor-element-08e27c8\" data-id=\"08e27c8\" data-element_type=\"column\">\n<div class=\"elementor-widget-wrap elementor-element-populated\">\n<div class=\"elementor-element elementor-element-ecbce5b elementor-widget elementor-widget-text-editor\" data-id=\"ecbce5b\" data-element_type=\"widget\" data-widget_type=\"text-editor.default\">\n<div class=\"elementor-widget-container\">\n<div>Misijonska skupina vabi na\u00a0<b>pohod na Svetega Petra.<\/b>\u00a0Dobimo se\u00a0<b>v soboto, 27. 5., ob 14.00 pri gasilskem domu v Begunjah.<\/b>\u00a0Na vrhu si bomo ogledali cerkev, prebrali \u0161marnice in seveda dru\u017eili ob prijetnem klepetu, kar ga ne bomo zmogli med potjo.\u00a0<img decoding=\"async\" class=\"an1 CToWUd\" src=\"https:\/\/fonts.gstatic.com\/s\/e\/notoemoji\/15.0\/1f60a\/32.png\" alt=\"\ud83d\ude0a\" data-emoji=\"\ud83d\ude0a\" aria-label=\"\ud83d\ude0a\" data-bit=\"iit\" \/><\/div>\n<div>Dobrodo\u0161li otroci, mladi, star\u0161i in vsi farani. To je prilo\u017enost, da drug drugemu polep\u0161amo dan, da se bolje spoznamo in da se imamo lepo. Naj se misijon nadaljuje.<\/div>\n<div><\/div>\n<div>Pridite, ne bo vam \u017eal.<\/div>\n<\/div>\n<div>\n<header class=\"entry-header blog-title\">\n<h4 class=\"entry-title blog-title\">12. marec 2023 \u2013 Geslo dneva: Deli veselje in mir<\/h4>\n<\/header>\n<div class=\"entry-content\">\n<div class=\"elementor elementor-944\" data-elementor-type=\"wp-post\" data-elementor-id=\"944\">\n<section class=\"elementor-section elementor-top-section elementor-element elementor-element-445c4ce elementor-section-boxed elementor-section-height-default elementor-section-height-default\" data-id=\"445c4ce\" data-element_type=\"section\">\n<div class=\"elementor-container elementor-column-gap-default\">\n<div class=\"elementor-column elementor-col-100 elementor-top-column elementor-element elementor-element-3dab485\" data-id=\"3dab485\" data-element_type=\"column\">\n<div class=\"elementor-widget-wrap elementor-element-populated\">\n<div class=\"elementor-element elementor-element-17eee51 elementor-widget elementor-widget-text-editor\" data-id=\"17eee51\" data-element_type=\"widget\" data-widget_type=\"text-editor.default\">\n<div class=\"elementor-widget-container\">\n<p>Po sveti ma\u0161i procesija z Najsvetej\u0161im in zaklju\u010dek misijona.<\/p>\n<\/div>\n<\/div>\n<\/div>\n<\/div>\n<\/div>\n<\/section>\n<section class=\"elementor-section elementor-top-section elementor-element elementor-element-e9b6ef7 elementor-section-boxed elementor-section-height-default elementor-section-height-default\" data-id=\"e9b6ef7\" data-element_type=\"section\">\n<div class=\"elementor-container elementor-column-gap-default\">\n<div class=\"elementor-column elementor-col-100 elementor-top-column elementor-element elementor-element-2240609\" data-id=\"2240609\" data-element_type=\"column\">\n<div class=\"elementor-widget-wrap elementor-element-populated\">\n<div class=\"elementor-element elementor-element-18e55ba elementor-widget elementor-widget-image-gallery\" data-id=\"18e55ba\" data-element_type=\"widget\" data-widget_type=\"image-gallery.default\">\n<div class=\"elementor-widget-container\">\n<div class=\"elementor-image-gallery\">\n<div id=\"gallery-1\" class=\"gallery galleryid-944 gallery-columns-6 gallery-size-thumbnail\">\n<div id='gallery-1' class='gallery galleryid-805 gallery-columns-3 gallery-size-thumbnail'><figure class='gallery-item'>\n\t\t\t<div class='gallery-icon landscape'>\n\t\t\t\t<a href='https:\/\/zupnija-koroska-bela.rkc.si\/index.php\/misijon-2023-pridi-po-veselje-in-mir\/20230312_113007\/'><img loading=\"lazy\" decoding=\"async\" width=\"150\" height=\"150\" src=\"https:\/\/zupnija-koroska-bela.rkc.si\/wp-content\/uploads\/2023\/08\/20230312_113007-150x150.jpg\" class=\"attachment-thumbnail size-thumbnail\" alt=\"\" srcset=\"https:\/\/zupnija-koroska-bela.rkc.si\/wp-content\/uploads\/2023\/08\/20230312_113007-150x150.jpg 150w, https:\/\/zupnija-koroska-bela.rkc.si\/wp-content\/uploads\/2023\/08\/20230312_113007-100x100.jpg 100w\" sizes=\"auto, 100vw\" \/><\/a>\n\t\t\t<\/div><\/figure><figure class='gallery-item'>\n\t\t\t<div class='gallery-icon landscape'>\n\t\t\t\t<a href='https:\/\/zupnija-koroska-bela.rkc.si\/index.php\/misijon-2023-pridi-po-veselje-in-mir\/20230312_112417\/'><img loading=\"lazy\" decoding=\"async\" width=\"150\" height=\"150\" src=\"https:\/\/zupnija-koroska-bela.rkc.si\/wp-content\/uploads\/2023\/08\/20230312_112417-150x150.jpg\" class=\"attachment-thumbnail size-thumbnail\" alt=\"\" srcset=\"https:\/\/zupnija-koroska-bela.rkc.si\/wp-content\/uploads\/2023\/08\/20230312_112417-150x150.jpg 150w, https:\/\/zupnija-koroska-bela.rkc.si\/wp-content\/uploads\/2023\/08\/20230312_112417-100x100.jpg 100w\" sizes=\"auto, 100vw\" \/><\/a>\n\t\t\t<\/div><\/figure><figure class='gallery-item'>\n\t\t\t<div class='gallery-icon landscape'>\n\t\t\t\t<a href='https:\/\/zupnija-koroska-bela.rkc.si\/index.php\/misijon-2023-pridi-po-veselje-in-mir\/20230312_113028\/'><img loading=\"lazy\" decoding=\"async\" width=\"150\" height=\"150\" src=\"https:\/\/zupnija-koroska-bela.rkc.si\/wp-content\/uploads\/2023\/08\/20230312_113028-150x150.jpg\" class=\"attachment-thumbnail size-thumbnail\" alt=\"\" srcset=\"https:\/\/zupnija-koroska-bela.rkc.si\/wp-content\/uploads\/2023\/08\/20230312_113028-150x150.jpg 150w, https:\/\/zupnija-koroska-bela.rkc.si\/wp-content\/uploads\/2023\/08\/20230312_113028-100x100.jpg 100w\" sizes=\"auto, 100vw\" \/><\/a>\n\t\t\t<\/div><\/figure><figure class='gallery-item'>\n\t\t\t<div class='gallery-icon landscape'>\n\t\t\t\t<a href='https:\/\/zupnija-koroska-bela.rkc.si\/index.php\/misijon-2023-pridi-po-veselje-in-mir\/20230312_113015\/'><img loading=\"lazy\" decoding=\"async\" width=\"150\" height=\"150\" src=\"https:\/\/zupnija-koroska-bela.rkc.si\/wp-content\/uploads\/2023\/08\/20230312_113015-150x150.jpg\" class=\"attachment-thumbnail size-thumbnail\" alt=\"\" srcset=\"https:\/\/zupnija-koroska-bela.rkc.si\/wp-content\/uploads\/2023\/08\/20230312_113015-150x150.jpg 150w, https:\/\/zupnija-koroska-bela.rkc.si\/wp-content\/uploads\/2023\/08\/20230312_113015-100x100.jpg 100w\" sizes=\"auto, 100vw\" \/><\/a>\n\t\t\t<\/div><\/figure><figure class='gallery-item'>\n\t\t\t<div class='gallery-icon landscape'>\n\t\t\t\t<a href='https:\/\/zupnija-koroska-bela.rkc.si\/index.php\/misijon-2023-pridi-po-veselje-in-mir\/20230312_113048\/'><img loading=\"lazy\" decoding=\"async\" width=\"150\" height=\"150\" src=\"https:\/\/zupnija-koroska-bela.rkc.si\/wp-content\/uploads\/2023\/08\/20230312_113048-150x150.jpg\" class=\"attachment-thumbnail size-thumbnail\" alt=\"\" srcset=\"https:\/\/zupnija-koroska-bela.rkc.si\/wp-content\/uploads\/2023\/08\/20230312_113048-150x150.jpg 150w, https:\/\/zupnija-koroska-bela.rkc.si\/wp-content\/uploads\/2023\/08\/20230312_113048-100x100.jpg 100w\" sizes=\"auto, 100vw\" \/><\/a>\n\t\t\t<\/div><\/figure><figure class='gallery-item'>\n\t\t\t<div class='gallery-icon landscape'>\n\t\t\t\t<a href='https:\/\/zupnija-koroska-bela.rkc.si\/index.php\/misijon-2023-pridi-po-veselje-in-mir\/20230312_113045\/'><img loading=\"lazy\" decoding=\"async\" width=\"150\" height=\"150\" src=\"https:\/\/zupnija-koroska-bela.rkc.si\/wp-content\/uploads\/2023\/08\/20230312_113045-150x150.jpg\" class=\"attachment-thumbnail size-thumbnail\" alt=\"\" srcset=\"https:\/\/zupnija-koroska-bela.rkc.si\/wp-content\/uploads\/2023\/08\/20230312_113045-150x150.jpg 150w, https:\/\/zupnija-koroska-bela.rkc.si\/wp-content\/uploads\/2023\/08\/20230312_113045-100x100.jpg 100w\" sizes=\"auto, 100vw\" \/><\/a>\n\t\t\t<\/div><\/figure><figure class='gallery-item'>\n\t\t\t<div class='gallery-icon landscape'>\n\t\t\t\t<a href='https:\/\/zupnija-koroska-bela.rkc.si\/index.php\/misijon-2023-pridi-po-veselje-in-mir\/20230312_112417-1\/'><img loading=\"lazy\" decoding=\"async\" width=\"150\" height=\"150\" src=\"https:\/\/zupnija-koroska-bela.rkc.si\/wp-content\/uploads\/2023\/08\/20230312_112417-1-150x150.jpg\" class=\"attachment-thumbnail size-thumbnail\" alt=\"\" srcset=\"https:\/\/zupnija-koroska-bela.rkc.si\/wp-content\/uploads\/2023\/08\/20230312_112417-1-150x150.jpg 150w, https:\/\/zupnija-koroska-bela.rkc.si\/wp-content\/uploads\/2023\/08\/20230312_112417-1-100x100.jpg 100w\" sizes=\"auto, 100vw\" \/><\/a>\n\t\t\t<\/div><\/figure><figure class='gallery-item'>\n\t\t\t<div class='gallery-icon landscape'>\n\t\t\t\t<a href='https:\/\/zupnija-koroska-bela.rkc.si\/index.php\/misijon-2023-pridi-po-veselje-in-mir\/20230312_113007-1\/'><img loading=\"lazy\" decoding=\"async\" width=\"150\" height=\"150\" src=\"https:\/\/zupnija-koroska-bela.rkc.si\/wp-content\/uploads\/2023\/08\/20230312_113007-1-150x150.jpg\" class=\"attachment-thumbnail size-thumbnail\" alt=\"\" srcset=\"https:\/\/zupnija-koroska-bela.rkc.si\/wp-content\/uploads\/2023\/08\/20230312_113007-1-150x150.jpg 150w, https:\/\/zupnija-koroska-bela.rkc.si\/wp-content\/uploads\/2023\/08\/20230312_113007-1-100x100.jpg 100w\" sizes=\"auto, 100vw\" \/><\/a>\n\t\t\t<\/div><\/figure><figure class='gallery-item'>\n\t\t\t<div class='gallery-icon landscape'>\n\t\t\t\t<a href='https:\/\/zupnija-koroska-bela.rkc.si\/index.php\/misijon-2023-pridi-po-veselje-in-mir\/20230312_113015-1\/'><img loading=\"lazy\" decoding=\"async\" width=\"150\" height=\"150\" src=\"https:\/\/zupnija-koroska-bela.rkc.si\/wp-content\/uploads\/2023\/08\/20230312_113015-1-150x150.jpg\" class=\"attachment-thumbnail size-thumbnail\" alt=\"\" srcset=\"https:\/\/zupnija-koroska-bela.rkc.si\/wp-content\/uploads\/2023\/08\/20230312_113015-1-150x150.jpg 150w, https:\/\/zupnija-koroska-bela.rkc.si\/wp-content\/uploads\/2023\/08\/20230312_113015-1-100x100.jpg 100w\" sizes=\"auto, 100vw\" \/><\/a>\n\t\t\t<\/div><\/figure><figure class='gallery-item'>\n\t\t\t<div class='gallery-icon landscape'>\n\t\t\t\t<a href='https:\/\/zupnija-koroska-bela.rkc.si\/index.php\/misijon-2023-pridi-po-veselje-in-mir\/20230312_113045-1-2\/'><img loading=\"lazy\" decoding=\"async\" width=\"150\" height=\"150\" src=\"https:\/\/zupnija-koroska-bela.rkc.si\/wp-content\/uploads\/2023\/08\/20230312_113045-1-1-150x150.jpg\" class=\"attachment-thumbnail size-thumbnail\" alt=\"\" srcset=\"https:\/\/zupnija-koroska-bela.rkc.si\/wp-content\/uploads\/2023\/08\/20230312_113045-1-1-150x150.jpg 150w, https:\/\/zupnija-koroska-bela.rkc.si\/wp-content\/uploads\/2023\/08\/20230312_113045-1-1-100x100.jpg 100w\" sizes=\"auto, 100vw\" \/><\/a>\n\t\t\t<\/div><\/figure><figure class='gallery-item'>\n\t\t\t<div class='gallery-icon landscape'>\n\t\t\t\t<a href='https:\/\/zupnija-koroska-bela.rkc.si\/index.php\/misijon-2023-pridi-po-veselje-in-mir\/20230312_113028-1\/'><img loading=\"lazy\" decoding=\"async\" width=\"150\" height=\"150\" src=\"https:\/\/zupnija-koroska-bela.rkc.si\/wp-content\/uploads\/2023\/08\/20230312_113028-1-150x150.jpg\" class=\"attachment-thumbnail size-thumbnail\" alt=\"\" srcset=\"https:\/\/zupnija-koroska-bela.rkc.si\/wp-content\/uploads\/2023\/08\/20230312_113028-1-150x150.jpg 150w, https:\/\/zupnija-koroska-bela.rkc.si\/wp-content\/uploads\/2023\/08\/20230312_113028-1-100x100.jpg 100w\" sizes=\"auto, 100vw\" \/><\/a>\n\t\t\t<\/div><\/figure><figure class='gallery-item'>\n\t\t\t<div class='gallery-icon landscape'>\n\t\t\t\t<a href='https:\/\/zupnija-koroska-bela.rkc.si\/index.php\/misijon-2023-pridi-po-veselje-in-mir\/20230312_113048-1-5\/'><img loading=\"lazy\" decoding=\"async\" width=\"150\" height=\"150\" src=\"https:\/\/zupnija-koroska-bela.rkc.si\/wp-content\/uploads\/2023\/08\/20230312_113048-1-4-150x150.jpg\" class=\"attachment-thumbnail size-thumbnail\" alt=\"\" srcset=\"https:\/\/zupnija-koroska-bela.rkc.si\/wp-content\/uploads\/2023\/08\/20230312_113048-1-4-150x150.jpg 150w, https:\/\/zupnija-koroska-bela.rkc.si\/wp-content\/uploads\/2023\/08\/20230312_113048-1-4-100x100.jpg 100w\" sizes=\"auto, 100vw\" \/><\/a>\n\t\t\t<\/div><\/figure><figure class='gallery-item'>\n\t\t\t<div class='gallery-icon landscape'>\n\t\t\t\t<a href='https:\/\/zupnija-koroska-bela.rkc.si\/index.php\/misijon-2023-pridi-po-veselje-in-mir\/20230312_113048-1-4\/'><img loading=\"lazy\" decoding=\"async\" width=\"150\" height=\"150\" src=\"https:\/\/zupnija-koroska-bela.rkc.si\/wp-content\/uploads\/2023\/08\/20230312_113048-1-3-150x150.jpg\" class=\"attachment-thumbnail size-thumbnail\" alt=\"\" srcset=\"https:\/\/zupnija-koroska-bela.rkc.si\/wp-content\/uploads\/2023\/08\/20230312_113048-1-3-150x150.jpg 150w, https:\/\/zupnija-koroska-bela.rkc.si\/wp-content\/uploads\/2023\/08\/20230312_113048-1-3-100x100.jpg 100w\" sizes=\"auto, 100vw\" \/><\/a>\n\t\t\t<\/div><\/figure><figure class='gallery-item'>\n\t\t\t<div class='gallery-icon landscape'>\n\t\t\t\t<a href='https:\/\/zupnija-koroska-bela.rkc.si\/index.php\/misijon-2023-pridi-po-veselje-in-mir\/20230312_113048-1-3\/'><img loading=\"lazy\" decoding=\"async\" width=\"150\" height=\"150\" src=\"https:\/\/zupnija-koroska-bela.rkc.si\/wp-content\/uploads\/2023\/08\/20230312_113048-1-2-150x150.jpg\" class=\"attachment-thumbnail size-thumbnail\" alt=\"\" srcset=\"https:\/\/zupnija-koroska-bela.rkc.si\/wp-content\/uploads\/2023\/08\/20230312_113048-1-2-150x150.jpg 150w, https:\/\/zupnija-koroska-bela.rkc.si\/wp-content\/uploads\/2023\/08\/20230312_113048-1-2-100x100.jpg 100w\" sizes=\"auto, 100vw\" \/><\/a>\n\t\t\t<\/div><\/figure><figure class='gallery-item'>\n\t\t\t<div class='gallery-icon landscape'>\n\t\t\t\t<a href='https:\/\/zupnija-koroska-bela.rkc.si\/index.php\/misijon-2023-pridi-po-veselje-in-mir\/20230312_113048-1-2\/'><img loading=\"lazy\" decoding=\"async\" width=\"150\" height=\"150\" src=\"https:\/\/zupnija-koroska-bela.rkc.si\/wp-content\/uploads\/2023\/08\/20230312_113048-1-1-150x150.jpg\" class=\"attachment-thumbnail size-thumbnail\" alt=\"\" srcset=\"https:\/\/zupnija-koroska-bela.rkc.si\/wp-content\/uploads\/2023\/08\/20230312_113048-1-1-150x150.jpg 150w, https:\/\/zupnija-koroska-bela.rkc.si\/wp-content\/uploads\/2023\/08\/20230312_113048-1-1-100x100.jpg 100w\" sizes=\"auto, 100vw\" \/><\/a>\n\t\t\t<\/div><\/figure><figure class='gallery-item'>\n\t\t\t<div class='gallery-icon landscape'>\n\t\t\t\t<a href='https:\/\/zupnija-koroska-bela.rkc.si\/index.php\/misijon-2023-pridi-po-veselje-in-mir\/20230312_113045-1\/'><img loading=\"lazy\" decoding=\"async\" width=\"150\" height=\"150\" src=\"https:\/\/zupnija-koroska-bela.rkc.si\/wp-content\/uploads\/2023\/08\/20230312_113045-1-150x150.jpg\" class=\"attachment-thumbnail size-thumbnail\" alt=\"\" srcset=\"https:\/\/zupnija-koroska-bela.rkc.si\/wp-content\/uploads\/2023\/08\/20230312_113045-1-150x150.jpg 150w, https:\/\/zupnija-koroska-bela.rkc.si\/wp-content\/uploads\/2023\/08\/20230312_113045-1-100x100.jpg 100w\" sizes=\"auto, 100vw\" \/><\/a>\n\t\t\t<\/div><\/figure><figure class='gallery-item'>\n\t\t\t<div class='gallery-icon landscape'>\n\t\t\t\t<a href='https:\/\/zupnija-koroska-bela.rkc.si\/index.php\/misijon-2023-pridi-po-veselje-in-mir\/20230312_113048-1\/'><img loading=\"lazy\" decoding=\"async\" width=\"150\" height=\"150\" src=\"https:\/\/zupnija-koroska-bela.rkc.si\/wp-content\/uploads\/2023\/08\/20230312_113048-1-150x150.jpg\" class=\"attachment-thumbnail size-thumbnail\" alt=\"\" srcset=\"https:\/\/zupnija-koroska-bela.rkc.si\/wp-content\/uploads\/2023\/08\/20230312_113048-1-150x150.jpg 150w, https:\/\/zupnija-koroska-bela.rkc.si\/wp-content\/uploads\/2023\/08\/20230312_113048-1-100x100.jpg 100w\" sizes=\"auto, 100vw\" \/><\/a>\n\t\t\t<\/div><\/figure>\n\t\t<\/div>\n\n<dl class=\"gallery-item\">\n<dt class=\"gallery-icon landscape\"><\/dt>\n<\/dl>\n<dl class=\"gallery-item\">\n<dt class=\"gallery-icon landscape\"><\/dt>\n<\/dl>\n<\/div>\n<\/div>\n<\/div>\n<\/div>\n<\/div>\n<\/div>\n<\/div>\n<\/section>\n<\/div>\n<\/div>\n<\/div>\n<\/div>\n<\/div>\n<\/div>\n<\/div>\n<\/section>\n<\/div>\n<\/div>\n<header class=\"entry-header blog-title\">\n<h4 class=\"entry-title blog-title\">11. marec 2023 \u2013 Geslo dneva: \u017divi v veselju in miru<\/h4>\n<\/header>\n<div class=\"entry-content\">\n<div class=\"elementor elementor-931\" data-elementor-type=\"wp-post\" data-elementor-id=\"931\">\n<section class=\"elementor-section elementor-top-section elementor-element elementor-element-6d5b223 elementor-section-boxed elementor-section-height-default elementor-section-height-default\" data-id=\"6d5b223\" data-element_type=\"section\">\n<div class=\"elementor-container elementor-column-gap-default\">\n<div class=\"elementor-column elementor-col-100 elementor-top-column elementor-element elementor-element-e99a2d5\" data-id=\"e99a2d5\" data-element_type=\"column\">\n<div class=\"elementor-widget-wrap elementor-element-populated\">\n<div class=\"elementor-element elementor-element-ff130f8 elementor-widget elementor-widget-text-editor\" data-id=\"ff130f8\" data-element_type=\"widget\" data-widget_type=\"text-editor.default\">\n<div class=\"elementor-widget-container\">\n<p>Slavilni ve\u010der z Brati KAPUCINI.<\/p>\n<p>&nbsp;<\/p>\n<p><iframe loading=\"lazy\" title=\"YouTube video player\" src=\"https:\/\/www.youtube.com\/embed\/zVXHTjj4U_s\" width=\"800\" height=\"450\" frameborder=\"0\" allowfullscreen=\"allowfullscreen\" data-mce-fragment=\"1\"><\/iframe><\/p>\n<\/div>\n<\/div>\n<\/div>\n<\/div>\n<\/div>\n<\/section>\n<section class=\"elementor-section elementor-top-section elementor-element elementor-element-2bcab4b elementor-section-boxed elementor-section-height-default elementor-section-height-default\" data-id=\"2bcab4b\" data-element_type=\"section\">\n<div class=\"elementor-container elementor-column-gap-default\">\n<div class=\"elementor-column elementor-col-100 elementor-top-column elementor-element elementor-element-c3f613b\" data-id=\"c3f613b\" data-element_type=\"column\">\n<div class=\"elementor-widget-wrap elementor-element-populated\">\n<div class=\"elementor-element elementor-element-a744087 elementor-widget elementor-widget-text-editor\" data-id=\"a744087\" data-element_type=\"widget\" data-widget_type=\"text-editor.default\">\n<div class=\"elementor-widget-container\">\n<p>Video: Bla\u017e Lavti\u017ear<\/p>\n<\/div>\n<\/div>\n<\/div>\n<\/div>\n<\/div>\n<\/section>\n<\/div>\n<\/div>\n<header class=\"entry-header blog-title\">\n<h4 class=\"entry-title blog-title\">10. marec 2023 \u2013 Geslo dneva: Vrni se po veselje in mir<\/h4>\n<\/header>\n<div class=\"entry-content\">\n<div class=\"elementor elementor-921\" data-elementor-type=\"wp-post\" data-elementor-id=\"921\">\n<section class=\"elementor-section elementor-top-section elementor-element elementor-element-89b8e12 elementor-section-boxed elementor-section-height-default elementor-section-height-default\" data-id=\"89b8e12\" data-element_type=\"section\">\n<div class=\"elementor-container elementor-column-gap-default\">\n<div class=\"elementor-column elementor-col-100 elementor-top-column elementor-element elementor-element-ab3a431\" data-id=\"ab3a431\" data-element_type=\"column\">\n<div class=\"elementor-widget-wrap elementor-element-populated\">\n<div class=\"elementor-element elementor-element-90cadd2 elementor-widget elementor-widget-image-gallery\" data-id=\"90cadd2\" data-element_type=\"widget\" data-widget_type=\"image-gallery.default\">\n<div class=\"elementor-widget-container\">\n<div class=\"elementor-image-gallery\">\n<div id=\"gallery-1\" class=\"gallery galleryid-921 gallery-columns-4 gallery-size-thumbnail\">\n<div id='gallery-2' class='gallery galleryid-805 gallery-columns-3 gallery-size-thumbnail'><figure class='gallery-item'>\n\t\t\t<div class='gallery-icon landscape'>\n\t\t\t\t<a href='https:\/\/zupnija-koroska-bela.rkc.si\/index.php\/misijon-2023-pridi-po-veselje-in-mir\/20230310_192606-1\/'><img loading=\"lazy\" decoding=\"async\" width=\"150\" height=\"150\" src=\"https:\/\/zupnija-koroska-bela.rkc.si\/wp-content\/uploads\/2023\/08\/20230310_192606-1-150x150.jpg\" class=\"attachment-thumbnail size-thumbnail\" alt=\"\" srcset=\"https:\/\/zupnija-koroska-bela.rkc.si\/wp-content\/uploads\/2023\/08\/20230310_192606-1-150x150.jpg 150w, https:\/\/zupnija-koroska-bela.rkc.si\/wp-content\/uploads\/2023\/08\/20230310_192606-1-100x100.jpg 100w\" sizes=\"auto, 100vw\" \/><\/a>\n\t\t\t<\/div><\/figure><figure class='gallery-item'>\n\t\t\t<div class='gallery-icon landscape'>\n\t\t\t\t<a href='https:\/\/zupnija-koroska-bela.rkc.si\/index.php\/misijon-2023-pridi-po-veselje-in-mir\/20230310_192801\/'><img loading=\"lazy\" decoding=\"async\" width=\"150\" height=\"150\" src=\"https:\/\/zupnija-koroska-bela.rkc.si\/wp-content\/uploads\/2023\/08\/20230310_192801-150x150.jpg\" class=\"attachment-thumbnail size-thumbnail\" alt=\"\" srcset=\"https:\/\/zupnija-koroska-bela.rkc.si\/wp-content\/uploads\/2023\/08\/20230310_192801-150x150.jpg 150w, https:\/\/zupnija-koroska-bela.rkc.si\/wp-content\/uploads\/2023\/08\/20230310_192801-100x100.jpg 100w\" sizes=\"auto, 100vw\" \/><\/a>\n\t\t\t<\/div><\/figure><figure class='gallery-item'>\n\t\t\t<div class='gallery-icon landscape'>\n\t\t\t\t<a href='https:\/\/zupnija-koroska-bela.rkc.si\/index.php\/misijon-2023-pridi-po-veselje-in-mir\/20230310_192623\/'><img loading=\"lazy\" decoding=\"async\" width=\"150\" height=\"150\" src=\"https:\/\/zupnija-koroska-bela.rkc.si\/wp-content\/uploads\/2023\/08\/20230310_192623-150x150.jpg\" class=\"attachment-thumbnail size-thumbnail\" alt=\"\" srcset=\"https:\/\/zupnija-koroska-bela.rkc.si\/wp-content\/uploads\/2023\/08\/20230310_192623-150x150.jpg 150w, https:\/\/zupnija-koroska-bela.rkc.si\/wp-content\/uploads\/2023\/08\/20230310_192623-100x100.jpg 100w\" sizes=\"auto, 100vw\" \/><\/a>\n\t\t\t<\/div><\/figure><figure class='gallery-item'>\n\t\t\t<div class='gallery-icon landscape'>\n\t\t\t\t<a href='https:\/\/zupnija-koroska-bela.rkc.si\/index.php\/misijon-2023-pridi-po-veselje-in-mir\/20230310_192612-1\/'><img loading=\"lazy\" decoding=\"async\" width=\"150\" height=\"150\" src=\"https:\/\/zupnija-koroska-bela.rkc.si\/wp-content\/uploads\/2023\/08\/20230310_192612-1-150x150.jpg\" class=\"attachment-thumbnail size-thumbnail\" alt=\"\" srcset=\"https:\/\/zupnija-koroska-bela.rkc.si\/wp-content\/uploads\/2023\/08\/20230310_192612-1-150x150.jpg 150w, https:\/\/zupnija-koroska-bela.rkc.si\/wp-content\/uploads\/2023\/08\/20230310_192612-1-100x100.jpg 100w\" sizes=\"auto, 100vw\" \/><\/a>\n\t\t\t<\/div><\/figure><figure class='gallery-item'>\n\t\t\t<div class='gallery-icon landscape'>\n\t\t\t\t<a href='https:\/\/zupnija-koroska-bela.rkc.si\/index.php\/misijon-2023-pridi-po-veselje-in-mir\/20230310_192612\/'><img loading=\"lazy\" decoding=\"async\" width=\"150\" height=\"150\" src=\"https:\/\/zupnija-koroska-bela.rkc.si\/wp-content\/uploads\/2023\/08\/20230310_192612-150x150.jpg\" class=\"attachment-thumbnail size-thumbnail\" alt=\"\" srcset=\"https:\/\/zupnija-koroska-bela.rkc.si\/wp-content\/uploads\/2023\/08\/20230310_192612-150x150.jpg 150w, https:\/\/zupnija-koroska-bela.rkc.si\/wp-content\/uploads\/2023\/08\/20230310_192612-100x100.jpg 100w\" sizes=\"auto, 100vw\" \/><\/a>\n\t\t\t<\/div><\/figure><figure class='gallery-item'>\n\t\t\t<div class='gallery-icon landscape'>\n\t\t\t\t<a href='https:\/\/zupnija-koroska-bela.rkc.si\/index.php\/misijon-2023-pridi-po-veselje-in-mir\/20230310_192606\/'><img loading=\"lazy\" decoding=\"async\" width=\"150\" height=\"150\" src=\"https:\/\/zupnija-koroska-bela.rkc.si\/wp-content\/uploads\/2023\/08\/20230310_192606-150x150.jpg\" class=\"attachment-thumbnail size-thumbnail\" alt=\"\" srcset=\"https:\/\/zupnija-koroska-bela.rkc.si\/wp-content\/uploads\/2023\/08\/20230310_192606-150x150.jpg 150w, https:\/\/zupnija-koroska-bela.rkc.si\/wp-content\/uploads\/2023\/08\/20230310_192606-100x100.jpg 100w\" sizes=\"auto, 100vw\" \/><\/a>\n\t\t\t<\/div><\/figure>\n\t\t<\/div>\n\n<\/div>\n<\/div>\n<\/div>\n<\/div>\n<\/div>\n<\/div>\n<\/div>\n<\/section>\n<section class=\"elementor-section elementor-top-section elementor-element elementor-element-6e458ba elementor-section-boxed elementor-section-height-default elementor-section-height-default\" data-id=\"6e458ba\" data-element_type=\"section\">\n<div class=\"elementor-container elementor-column-gap-default\">\n<div class=\"elementor-column elementor-col-100 elementor-top-column elementor-element elementor-element-42fa596\" data-id=\"42fa596\" data-element_type=\"column\">\n<div class=\"elementor-widget-wrap elementor-element-populated\">\n<div class=\"elementor-element elementor-element-8804bab elementor-widget elementor-widget-text-editor\" data-id=\"8804bab\" data-element_type=\"widget\" data-widget_type=\"text-editor.default\">\n<div class=\"elementor-widget-container\">\n<p>Pogovorni \u017eenski ve\u010der z ga. Alenko Rebula Tuta.<\/p>\n<header class=\"entry-header blog-title\">\n<h4 class=\"entry-title blog-title\">7. marec 2023 \u2013 Geslo dneva: Delaj za veselje in mir<\/h4>\n<\/header>\n<div class=\"entry-content\">\n<div class=\"elementor elementor-884\" data-elementor-type=\"wp-post\" data-elementor-id=\"884\">\n<section class=\"elementor-section elementor-top-section elementor-element elementor-element-5f20026 elementor-section-boxed elementor-section-height-default elementor-section-height-default\" data-id=\"5f20026\" data-element_type=\"section\">\n<div class=\"elementor-container elementor-column-gap-default\">\n<div class=\"elementor-column elementor-col-100 elementor-top-column elementor-element elementor-element-4831da3\" data-id=\"4831da3\" data-element_type=\"column\">\n<div class=\"elementor-widget-wrap elementor-element-populated\">\n<div class=\"elementor-element elementor-element-ff24bf6 elementor-widget elementor-widget-text-editor\" data-id=\"ff24bf6\" data-element_type=\"widget\" data-widget_type=\"text-editor.default\">\n<div class=\"elementor-widget-container\">\n<p>Pogovor z gostom duhovnikom Martinom Golobom.<\/p>\n<p><iframe loading=\"lazy\" title=\"YouTube video player\" src=\"https:\/\/www.youtube.com\/embed\/PYrsQFZghbo\" width=\"800\" height=\"450\" frameborder=\"0\" allowfullscreen=\"allowfullscreen\" data-mce-fragment=\"1\"><\/iframe><\/p>\n<\/div>\n<\/div>\n<\/div>\n<\/div>\n<\/div>\n<\/section>\n<section class=\"elementor-section elementor-top-section elementor-element elementor-element-1846563 elementor-section-boxed elementor-section-height-default elementor-section-height-default\" data-id=\"1846563\" data-element_type=\"section\">\n<div class=\"elementor-container elementor-column-gap-default\">\n<div class=\"elementor-column elementor-col-100 elementor-top-column elementor-element elementor-element-4cc5393\" data-id=\"4cc5393\" data-element_type=\"column\">\n<div class=\"elementor-widget-wrap elementor-element-populated\">\n<div class=\"elementor-element elementor-element-a451ba4 elementor-widget elementor-widget-text-editor\" data-id=\"a451ba4\" data-element_type=\"widget\" data-widget_type=\"text-editor.default\">\n<div class=\"elementor-widget-container\">\n<p>Video: Bla\u017e Lavti\u017ear<\/p>\n<div id='gallery-3' class='gallery galleryid-805 gallery-columns-3 gallery-size-thumbnail'><figure class='gallery-item'>\n\t\t\t<div class='gallery-icon landscape'>\n\t\t\t\t<a href='https:\/\/zupnija-koroska-bela.rkc.si\/index.php\/misijon-2023-pridi-po-veselje-in-mir\/1nb2153\/'><img loading=\"lazy\" decoding=\"async\" width=\"150\" height=\"150\" src=\"https:\/\/zupnija-koroska-bela.rkc.si\/wp-content\/uploads\/2023\/08\/1NB2153-150x150.jpg\" class=\"attachment-thumbnail size-thumbnail\" alt=\"\" srcset=\"https:\/\/zupnija-koroska-bela.rkc.si\/wp-content\/uploads\/2023\/08\/1NB2153-150x150.jpg 150w, https:\/\/zupnija-koroska-bela.rkc.si\/wp-content\/uploads\/2023\/08\/1NB2153-100x100.jpg 100w\" sizes=\"auto, 100vw\" \/><\/a>\n\t\t\t<\/div><\/figure><figure class='gallery-item'>\n\t\t\t<div class='gallery-icon landscape'>\n\t\t\t\t<a href='https:\/\/zupnija-koroska-bela.rkc.si\/index.php\/misijon-2023-pridi-po-veselje-in-mir\/1nb2147\/'><img loading=\"lazy\" decoding=\"async\" width=\"150\" height=\"150\" src=\"https:\/\/zupnija-koroska-bela.rkc.si\/wp-content\/uploads\/2023\/08\/1NB2147-150x150.jpg\" class=\"attachment-thumbnail size-thumbnail\" alt=\"\" srcset=\"https:\/\/zupnija-koroska-bela.rkc.si\/wp-content\/uploads\/2023\/08\/1NB2147-150x150.jpg 150w, https:\/\/zupnija-koroska-bela.rkc.si\/wp-content\/uploads\/2023\/08\/1NB2147-100x100.jpg 100w\" sizes=\"auto, 100vw\" \/><\/a>\n\t\t\t<\/div><\/figure><figure class='gallery-item'>\n\t\t\t<div class='gallery-icon landscape'>\n\t\t\t\t<a href='https:\/\/zupnija-koroska-bela.rkc.si\/index.php\/misijon-2023-pridi-po-veselje-in-mir\/20230310_192612-1\/'><img loading=\"lazy\" decoding=\"async\" width=\"150\" height=\"150\" src=\"https:\/\/zupnija-koroska-bela.rkc.si\/wp-content\/uploads\/2023\/08\/20230310_192612-1-150x150.jpg\" class=\"attachment-thumbnail size-thumbnail\" alt=\"\" srcset=\"https:\/\/zupnija-koroska-bela.rkc.si\/wp-content\/uploads\/2023\/08\/20230310_192612-1-150x150.jpg 150w, https:\/\/zupnija-koroska-bela.rkc.si\/wp-content\/uploads\/2023\/08\/20230310_192612-1-100x100.jpg 100w\" sizes=\"auto, 100vw\" \/><\/a>\n\t\t\t<\/div><\/figure><figure class='gallery-item'>\n\t\t\t<div class='gallery-icon landscape'>\n\t\t\t\t<a href='https:\/\/zupnija-koroska-bela.rkc.si\/index.php\/misijon-2023-pridi-po-veselje-in-mir\/1nb2157\/'><img loading=\"lazy\" decoding=\"async\" width=\"150\" height=\"150\" src=\"https:\/\/zupnija-koroska-bela.rkc.si\/wp-content\/uploads\/2023\/08\/1NB2157-150x150.jpg\" class=\"attachment-thumbnail size-thumbnail\" alt=\"\" srcset=\"https:\/\/zupnija-koroska-bela.rkc.si\/wp-content\/uploads\/2023\/08\/1NB2157-150x150.jpg 150w, https:\/\/zupnija-koroska-bela.rkc.si\/wp-content\/uploads\/2023\/08\/1NB2157-100x100.jpg 100w\" sizes=\"auto, 100vw\" \/><\/a>\n\t\t\t<\/div><\/figure><figure class='gallery-item'>\n\t\t\t<div class='gallery-icon landscape'>\n\t\t\t\t<a href='https:\/\/zupnija-koroska-bela.rkc.si\/index.php\/misijon-2023-pridi-po-veselje-in-mir\/1nb2175\/'><img loading=\"lazy\" decoding=\"async\" width=\"150\" height=\"150\" src=\"https:\/\/zupnija-koroska-bela.rkc.si\/wp-content\/uploads\/2023\/08\/1NB2175-150x150.jpg\" class=\"attachment-thumbnail size-thumbnail\" alt=\"\" srcset=\"https:\/\/zupnija-koroska-bela.rkc.si\/wp-content\/uploads\/2023\/08\/1NB2175-150x150.jpg 150w, https:\/\/zupnija-koroska-bela.rkc.si\/wp-content\/uploads\/2023\/08\/1NB2175-100x100.jpg 100w\" sizes=\"auto, 100vw\" \/><\/a>\n\t\t\t<\/div><\/figure><figure class='gallery-item'>\n\t\t\t<div class='gallery-icon landscape'>\n\t\t\t\t<a href='https:\/\/zupnija-koroska-bela.rkc.si\/index.php\/misijon-2023-pridi-po-veselje-in-mir\/1nb2164\/'><img loading=\"lazy\" decoding=\"async\" width=\"150\" height=\"150\" src=\"https:\/\/zupnija-koroska-bela.rkc.si\/wp-content\/uploads\/2023\/08\/1NB2164-150x150.jpg\" class=\"attachment-thumbnail size-thumbnail\" alt=\"\" srcset=\"https:\/\/zupnija-koroska-bela.rkc.si\/wp-content\/uploads\/2023\/08\/1NB2164-150x150.jpg 150w, https:\/\/zupnija-koroska-bela.rkc.si\/wp-content\/uploads\/2023\/08\/1NB2164-100x100.jpg 100w\" sizes=\"auto, 100vw\" \/><\/a>\n\t\t\t<\/div><\/figure><figure class='gallery-item'>\n\t\t\t<div class='gallery-icon landscape'>\n\t\t\t\t<a href='https:\/\/zupnija-koroska-bela.rkc.si\/index.php\/misijon-2023-pridi-po-veselje-in-mir\/1nb2191\/'><img loading=\"lazy\" decoding=\"async\" width=\"150\" height=\"150\" src=\"https:\/\/zupnija-koroska-bela.rkc.si\/wp-content\/uploads\/2023\/08\/1NB2191-150x150.jpg\" class=\"attachment-thumbnail size-thumbnail\" alt=\"\" srcset=\"https:\/\/zupnija-koroska-bela.rkc.si\/wp-content\/uploads\/2023\/08\/1NB2191-150x150.jpg 150w, https:\/\/zupnija-koroska-bela.rkc.si\/wp-content\/uploads\/2023\/08\/1NB2191-100x100.jpg 100w\" sizes=\"auto, 100vw\" \/><\/a>\n\t\t\t<\/div><\/figure><figure class='gallery-item'>\n\t\t\t<div class='gallery-icon landscape'>\n\t\t\t\t<a href='https:\/\/zupnija-koroska-bela.rkc.si\/index.php\/misijon-2023-pridi-po-veselje-in-mir\/1nb2187\/'><img loading=\"lazy\" decoding=\"async\" width=\"150\" height=\"150\" src=\"https:\/\/zupnija-koroska-bela.rkc.si\/wp-content\/uploads\/2023\/08\/1NB2187-150x150.jpg\" class=\"attachment-thumbnail size-thumbnail\" alt=\"\" srcset=\"https:\/\/zupnija-koroska-bela.rkc.si\/wp-content\/uploads\/2023\/08\/1NB2187-150x150.jpg 150w, https:\/\/zupnija-koroska-bela.rkc.si\/wp-content\/uploads\/2023\/08\/1NB2187-100x100.jpg 100w\" sizes=\"auto, 100vw\" \/><\/a>\n\t\t\t<\/div><\/figure><figure class='gallery-item'>\n\t\t\t<div class='gallery-icon landscape'>\n\t\t\t\t<a href='https:\/\/zupnija-koroska-bela.rkc.si\/index.php\/misijon-2023-pridi-po-veselje-in-mir\/1nb2181\/'><img loading=\"lazy\" decoding=\"async\" width=\"150\" height=\"150\" src=\"https:\/\/zupnija-koroska-bela.rkc.si\/wp-content\/uploads\/2023\/08\/1NB2181-150x150.jpg\" class=\"attachment-thumbnail size-thumbnail\" alt=\"\" srcset=\"https:\/\/zupnija-koroska-bela.rkc.si\/wp-content\/uploads\/2023\/08\/1NB2181-150x150.jpg 150w, https:\/\/zupnija-koroska-bela.rkc.si\/wp-content\/uploads\/2023\/08\/1NB2181-100x100.jpg 100w\" sizes=\"auto, 100vw\" \/><\/a>\n\t\t\t<\/div><\/figure><figure class='gallery-item'>\n\t\t\t<div class='gallery-icon landscape'>\n\t\t\t\t<a href='https:\/\/zupnija-koroska-bela.rkc.si\/index.php\/misijon-2023-pridi-po-veselje-in-mir\/1nb2197\/'><img loading=\"lazy\" decoding=\"async\" width=\"150\" height=\"150\" src=\"https:\/\/zupnija-koroska-bela.rkc.si\/wp-content\/uploads\/2023\/08\/1NB2197-150x150.jpg\" class=\"attachment-thumbnail size-thumbnail\" alt=\"\" srcset=\"https:\/\/zupnija-koroska-bela.rkc.si\/wp-content\/uploads\/2023\/08\/1NB2197-150x150.jpg 150w, https:\/\/zupnija-koroska-bela.rkc.si\/wp-content\/uploads\/2023\/08\/1NB2197-100x100.jpg 100w\" sizes=\"auto, 100vw\" \/><\/a>\n\t\t\t<\/div><\/figure><figure class='gallery-item'>\n\t\t\t<div class='gallery-icon landscape'>\n\t\t\t\t<a href='https:\/\/zupnija-koroska-bela.rkc.si\/index.php\/misijon-2023-pridi-po-veselje-in-mir\/1nb2195\/'><img loading=\"lazy\" decoding=\"async\" width=\"150\" height=\"150\" src=\"https:\/\/zupnija-koroska-bela.rkc.si\/wp-content\/uploads\/2023\/08\/1NB2195-150x150.jpg\" class=\"attachment-thumbnail size-thumbnail\" alt=\"\" srcset=\"https:\/\/zupnija-koroska-bela.rkc.si\/wp-content\/uploads\/2023\/08\/1NB2195-150x150.jpg 150w, https:\/\/zupnija-koroska-bela.rkc.si\/wp-content\/uploads\/2023\/08\/1NB2195-100x100.jpg 100w\" sizes=\"auto, 100vw\" \/><\/a>\n\t\t\t<\/div><\/figure><figure class='gallery-item'>\n\t\t\t<div class='gallery-icon landscape'>\n\t\t\t\t<a href='https:\/\/zupnija-koroska-bela.rkc.si\/index.php\/misijon-2023-pridi-po-veselje-in-mir\/1nb2206\/'><img loading=\"lazy\" decoding=\"async\" width=\"150\" height=\"150\" src=\"https:\/\/zupnija-koroska-bela.rkc.si\/wp-content\/uploads\/2023\/08\/1NB2206-150x150.jpg\" class=\"attachment-thumbnail size-thumbnail\" alt=\"\" srcset=\"https:\/\/zupnija-koroska-bela.rkc.si\/wp-content\/uploads\/2023\/08\/1NB2206-150x150.jpg 150w, https:\/\/zupnija-koroska-bela.rkc.si\/wp-content\/uploads\/2023\/08\/1NB2206-100x100.jpg 100w\" sizes=\"auto, 100vw\" \/><\/a>\n\t\t\t<\/div><\/figure><figure class='gallery-item'>\n\t\t\t<div class='gallery-icon landscape'>\n\t\t\t\t<a href='https:\/\/zupnija-koroska-bela.rkc.si\/index.php\/misijon-2023-pridi-po-veselje-in-mir\/1nb2200\/'><img loading=\"lazy\" decoding=\"async\" width=\"150\" height=\"150\" src=\"https:\/\/zupnija-koroska-bela.rkc.si\/wp-content\/uploads\/2023\/08\/1NB2200-150x150.jpg\" class=\"attachment-thumbnail size-thumbnail\" alt=\"\" srcset=\"https:\/\/zupnija-koroska-bela.rkc.si\/wp-content\/uploads\/2023\/08\/1NB2200-150x150.jpg 150w, https:\/\/zupnija-koroska-bela.rkc.si\/wp-content\/uploads\/2023\/08\/1NB2200-100x100.jpg 100w\" sizes=\"auto, 100vw\" \/><\/a>\n\t\t\t<\/div><\/figure><figure class='gallery-item'>\n\t\t\t<div class='gallery-icon landscape'>\n\t\t\t\t<a href='https:\/\/zupnija-koroska-bela.rkc.si\/index.php\/misijon-2023-pridi-po-veselje-in-mir\/1nb2206-1\/'><img loading=\"lazy\" decoding=\"async\" width=\"150\" height=\"150\" src=\"https:\/\/zupnija-koroska-bela.rkc.si\/wp-content\/uploads\/2023\/08\/1NB2206-1-150x150.jpg\" class=\"attachment-thumbnail size-thumbnail\" alt=\"\" srcset=\"https:\/\/zupnija-koroska-bela.rkc.si\/wp-content\/uploads\/2023\/08\/1NB2206-1-150x150.jpg 150w, https:\/\/zupnija-koroska-bela.rkc.si\/wp-content\/uploads\/2023\/08\/1NB2206-1-100x100.jpg 100w\" sizes=\"auto, 100vw\" \/><\/a>\n\t\t\t<\/div><\/figure><figure class='gallery-item'>\n\t\t\t<div class='gallery-icon landscape'>\n\t\t\t\t<a href='https:\/\/zupnija-koroska-bela.rkc.si\/index.php\/misijon-2023-pridi-po-veselje-in-mir\/1nb2218\/'><img loading=\"lazy\" decoding=\"async\" width=\"150\" height=\"150\" src=\"https:\/\/zupnija-koroska-bela.rkc.si\/wp-content\/uploads\/2023\/08\/1NB2218-150x150.jpg\" class=\"attachment-thumbnail size-thumbnail\" alt=\"\" srcset=\"https:\/\/zupnija-koroska-bela.rkc.si\/wp-content\/uploads\/2023\/08\/1NB2218-150x150.jpg 150w, https:\/\/zupnija-koroska-bela.rkc.si\/wp-content\/uploads\/2023\/08\/1NB2218-100x100.jpg 100w\" sizes=\"auto, 100vw\" \/><\/a>\n\t\t\t<\/div><\/figure><figure class='gallery-item'>\n\t\t\t<div class='gallery-icon landscape'>\n\t\t\t\t<a href='https:\/\/zupnija-koroska-bela.rkc.si\/index.php\/misijon-2023-pridi-po-veselje-in-mir\/1nb2216\/'><img loading=\"lazy\" decoding=\"async\" width=\"150\" height=\"150\" src=\"https:\/\/zupnija-koroska-bela.rkc.si\/wp-content\/uploads\/2023\/08\/1NB2216-150x150.jpg\" class=\"attachment-thumbnail size-thumbnail\" alt=\"\" srcset=\"https:\/\/zupnija-koroska-bela.rkc.si\/wp-content\/uploads\/2023\/08\/1NB2216-150x150.jpg 150w, https:\/\/zupnija-koroska-bela.rkc.si\/wp-content\/uploads\/2023\/08\/1NB2216-100x100.jpg 100w\" sizes=\"auto, 100vw\" \/><\/a>\n\t\t\t<\/div><\/figure><figure class='gallery-item'>\n\t\t\t<div class='gallery-icon landscape'>\n\t\t\t\t<a href='https:\/\/zupnija-koroska-bela.rkc.si\/index.php\/misijon-2023-pridi-po-veselje-in-mir\/1nb2233\/'><img loading=\"lazy\" decoding=\"async\" width=\"150\" height=\"150\" src=\"https:\/\/zupnija-koroska-bela.rkc.si\/wp-content\/uploads\/2023\/08\/1NB2233-150x150.jpg\" class=\"attachment-thumbnail size-thumbnail\" alt=\"\" srcset=\"https:\/\/zupnija-koroska-bela.rkc.si\/wp-content\/uploads\/2023\/08\/1NB2233-150x150.jpg 150w, https:\/\/zupnija-koroska-bela.rkc.si\/wp-content\/uploads\/2023\/08\/1NB2233-100x100.jpg 100w\" sizes=\"auto, 100vw\" \/><\/a>\n\t\t\t<\/div><\/figure><figure class='gallery-item'>\n\t\t\t<div class='gallery-icon landscape'>\n\t\t\t\t<a href='https:\/\/zupnija-koroska-bela.rkc.si\/index.php\/misijon-2023-pridi-po-veselje-in-mir\/1nb2228\/'><img loading=\"lazy\" decoding=\"async\" width=\"150\" height=\"150\" src=\"https:\/\/zupnija-koroska-bela.rkc.si\/wp-content\/uploads\/2023\/08\/1NB2228-150x150.jpg\" class=\"attachment-thumbnail size-thumbnail\" alt=\"\" srcset=\"https:\/\/zupnija-koroska-bela.rkc.si\/wp-content\/uploads\/2023\/08\/1NB2228-150x150.jpg 150w, https:\/\/zupnija-koroska-bela.rkc.si\/wp-content\/uploads\/2023\/08\/1NB2228-100x100.jpg 100w\" sizes=\"auto, 100vw\" \/><\/a>\n\t\t\t<\/div><\/figure><figure class='gallery-item'>\n\t\t\t<div class='gallery-icon landscape'>\n\t\t\t\t<a href='https:\/\/zupnija-koroska-bela.rkc.si\/index.php\/misijon-2023-pridi-po-veselje-in-mir\/1nb2249\/'><img loading=\"lazy\" decoding=\"async\" width=\"150\" height=\"150\" src=\"https:\/\/zupnija-koroska-bela.rkc.si\/wp-content\/uploads\/2023\/08\/1NB2249-150x150.jpg\" class=\"attachment-thumbnail size-thumbnail\" alt=\"\" srcset=\"https:\/\/zupnija-koroska-bela.rkc.si\/wp-content\/uploads\/2023\/08\/1NB2249-150x150.jpg 150w, https:\/\/zupnija-koroska-bela.rkc.si\/wp-content\/uploads\/2023\/08\/1NB2249-100x100.jpg 100w\" sizes=\"auto, 100vw\" \/><\/a>\n\t\t\t<\/div><\/figure><figure class='gallery-item'>\n\t\t\t<div class='gallery-icon portrait'>\n\t\t\t\t<a href='https:\/\/zupnija-koroska-bela.rkc.si\/index.php\/misijon-2023-pridi-po-veselje-in-mir\/1nb2266\/'><img loading=\"lazy\" decoding=\"async\" width=\"150\" height=\"150\" src=\"https:\/\/zupnija-koroska-bela.rkc.si\/wp-content\/uploads\/2023\/08\/1NB2266-150x150.jpg\" class=\"attachment-thumbnail size-thumbnail\" alt=\"\" srcset=\"https:\/\/zupnija-koroska-bela.rkc.si\/wp-content\/uploads\/2023\/08\/1NB2266-150x150.jpg 150w, https:\/\/zupnija-koroska-bela.rkc.si\/wp-content\/uploads\/2023\/08\/1NB2266-100x100.jpg 100w\" sizes=\"auto, 100vw\" \/><\/a>\n\t\t\t<\/div><\/figure><figure class='gallery-item'>\n\t\t\t<div class='gallery-icon landscape'>\n\t\t\t\t<a href='https:\/\/zupnija-koroska-bela.rkc.si\/index.php\/misijon-2023-pridi-po-veselje-in-mir\/1nb2281\/'><img loading=\"lazy\" decoding=\"async\" width=\"150\" height=\"150\" src=\"https:\/\/zupnija-koroska-bela.rkc.si\/wp-content\/uploads\/2023\/08\/1NB2281-150x150.jpg\" class=\"attachment-thumbnail size-thumbnail\" alt=\"\" srcset=\"https:\/\/zupnija-koroska-bela.rkc.si\/wp-content\/uploads\/2023\/08\/1NB2281-150x150.jpg 150w, https:\/\/zupnija-koroska-bela.rkc.si\/wp-content\/uploads\/2023\/08\/1NB2281-100x100.jpg 100w\" sizes=\"auto, 100vw\" \/><\/a>\n\t\t\t<\/div><\/figure><figure class='gallery-item'>\n\t\t\t<div class='gallery-icon landscape'>\n\t\t\t\t<a href='https:\/\/zupnija-koroska-bela.rkc.si\/index.php\/misijon-2023-pridi-po-veselje-in-mir\/1nb2291\/'><img loading=\"lazy\" decoding=\"async\" width=\"150\" height=\"150\" src=\"https:\/\/zupnija-koroska-bela.rkc.si\/wp-content\/uploads\/2023\/08\/1NB2291-150x150.jpg\" class=\"attachment-thumbnail size-thumbnail\" alt=\"\" srcset=\"https:\/\/zupnija-koroska-bela.rkc.si\/wp-content\/uploads\/2023\/08\/1NB2291-150x150.jpg 150w, https:\/\/zupnija-koroska-bela.rkc.si\/wp-content\/uploads\/2023\/08\/1NB2291-100x100.jpg 100w\" sizes=\"auto, 100vw\" \/><\/a>\n\t\t\t<\/div><\/figure><figure class='gallery-item'>\n\t\t\t<div class='gallery-icon landscape'>\n\t\t\t\t<a href='https:\/\/zupnija-koroska-bela.rkc.si\/index.php\/misijon-2023-pridi-po-veselje-in-mir\/1nb2301\/'><img loading=\"lazy\" decoding=\"async\" width=\"150\" height=\"150\" src=\"https:\/\/zupnija-koroska-bela.rkc.si\/wp-content\/uploads\/2023\/08\/1NB2301-150x150.jpg\" class=\"attachment-thumbnail size-thumbnail\" alt=\"\" srcset=\"https:\/\/zupnija-koroska-bela.rkc.si\/wp-content\/uploads\/2023\/08\/1NB2301-150x150.jpg 150w, https:\/\/zupnija-koroska-bela.rkc.si\/wp-content\/uploads\/2023\/08\/1NB2301-100x100.jpg 100w\" sizes=\"auto, 100vw\" \/><\/a>\n\t\t\t<\/div><\/figure><figure class='gallery-item'>\n\t\t\t<div class='gallery-icon landscape'>\n\t\t\t\t<a href='https:\/\/zupnija-koroska-bela.rkc.si\/index.php\/misijon-2023-pridi-po-veselje-in-mir\/1nb2313\/'><img loading=\"lazy\" decoding=\"async\" width=\"150\" height=\"150\" src=\"https:\/\/zupnija-koroska-bela.rkc.si\/wp-content\/uploads\/2023\/08\/1NB2313-150x150.jpg\" class=\"attachment-thumbnail size-thumbnail\" alt=\"\" srcset=\"https:\/\/zupnija-koroska-bela.rkc.si\/wp-content\/uploads\/2023\/08\/1NB2313-150x150.jpg 150w, https:\/\/zupnija-koroska-bela.rkc.si\/wp-content\/uploads\/2023\/08\/1NB2313-100x100.jpg 100w\" sizes=\"auto, 100vw\" \/><\/a>\n\t\t\t<\/div><\/figure><figure class='gallery-item'>\n\t\t\t<div class='gallery-icon landscape'>\n\t\t\t\t<a href='https:\/\/zupnija-koroska-bela.rkc.si\/index.php\/misijon-2023-pridi-po-veselje-in-mir\/1nb2307\/'><img loading=\"lazy\" decoding=\"async\" width=\"150\" height=\"150\" src=\"https:\/\/zupnija-koroska-bela.rkc.si\/wp-content\/uploads\/2023\/08\/1NB2307-150x150.jpg\" class=\"attachment-thumbnail size-thumbnail\" alt=\"\" srcset=\"https:\/\/zupnija-koroska-bela.rkc.si\/wp-content\/uploads\/2023\/08\/1NB2307-150x150.jpg 150w, https:\/\/zupnija-koroska-bela.rkc.si\/wp-content\/uploads\/2023\/08\/1NB2307-100x100.jpg 100w\" sizes=\"auto, 100vw\" \/><\/a>\n\t\t\t<\/div><\/figure><figure class='gallery-item'>\n\t\t\t<div class='gallery-icon landscape'>\n\t\t\t\t<a href='https:\/\/zupnija-koroska-bela.rkc.si\/index.php\/misijon-2023-pridi-po-veselje-in-mir\/1nb2317\/'><img loading=\"lazy\" decoding=\"async\" width=\"150\" height=\"150\" src=\"https:\/\/zupnija-koroska-bela.rkc.si\/wp-content\/uploads\/2023\/08\/1NB2317-150x150.jpg\" class=\"attachment-thumbnail size-thumbnail\" alt=\"\" srcset=\"https:\/\/zupnija-koroska-bela.rkc.si\/wp-content\/uploads\/2023\/08\/1NB2317-150x150.jpg 150w, https:\/\/zupnija-koroska-bela.rkc.si\/wp-content\/uploads\/2023\/08\/1NB2317-100x100.jpg 100w\" sizes=\"auto, 100vw\" \/><\/a>\n\t\t\t<\/div><\/figure><figure class='gallery-item'>\n\t\t\t<div class='gallery-icon landscape'>\n\t\t\t\t<a href='https:\/\/zupnija-koroska-bela.rkc.si\/index.php\/misijon-2023-pridi-po-veselje-in-mir\/1nb2147-1\/'><img loading=\"lazy\" decoding=\"async\" width=\"150\" height=\"150\" src=\"https:\/\/zupnija-koroska-bela.rkc.si\/wp-content\/uploads\/2023\/08\/1NB2147-1-150x150.jpg\" class=\"attachment-thumbnail size-thumbnail\" alt=\"\" srcset=\"https:\/\/zupnija-koroska-bela.rkc.si\/wp-content\/uploads\/2023\/08\/1NB2147-1-150x150.jpg 150w, https:\/\/zupnija-koroska-bela.rkc.si\/wp-content\/uploads\/2023\/08\/1NB2147-1-100x100.jpg 100w\" sizes=\"auto, 100vw\" \/><\/a>\n\t\t\t<\/div><\/figure>\n\t\t<\/div>\n\n<\/div>\n<\/div>\n<\/div>\n<\/div>\n<\/div>\n<\/section>\n<section class=\"elementor-section elementor-top-section elementor-element elementor-element-c67d51d elementor-section-boxed elementor-section-height-default elementor-section-height-default\" data-id=\"c67d51d\" data-element_type=\"section\">\n<div class=\"elementor-container elementor-column-gap-default\">\n<div class=\"elementor-column elementor-col-100 elementor-top-column elementor-element elementor-element-a7dc0bf\" data-id=\"a7dc0bf\" data-element_type=\"column\">\n<div class=\"elementor-widget-wrap elementor-element-populated\">\n<div class=\"elementor-element elementor-element-15eadac elementor-widget elementor-widget-image-gallery\" data-id=\"15eadac\" data-element_type=\"widget\" data-widget_type=\"image-gallery.default\">\n<div class=\"elementor-widget-container\">\n<div class=\"elementor-image-gallery\">\n<div id=\"gallery-1\" class=\"gallery galleryid-884 gallery-columns-4 gallery-size-thumbnail\"><\/div>\n<\/div>\n<\/div>\n<\/div>\n<\/div>\n<\/div>\n<\/div>\n<\/section>\n<section class=\"elementor-section elementor-top-section elementor-element elementor-element-22bc527 elementor-section-boxed elementor-section-height-default elementor-section-height-default\" data-id=\"22bc527\" data-element_type=\"section\">\n<div class=\"elementor-container elementor-column-gap-default\">\n<div class=\"elementor-column elementor-col-100 elementor-top-column elementor-element elementor-element-ba032bc\" data-id=\"ba032bc\" data-element_type=\"column\">\n<div class=\"elementor-widget-wrap elementor-element-populated\">\n<div class=\"elementor-element elementor-element-267172c elementor-widget elementor-widget-text-editor\" data-id=\"267172c\" data-element_type=\"widget\" data-widget_type=\"text-editor.default\">\n<div class=\"elementor-widget-container\">\n<p>Foto: Nik Bertoncelj<\/p>\n<\/div>\n<\/div>\n<\/div>\n<\/div>\n<\/div>\n<\/section>\n<\/div>\n<\/div>\n<\/div>\n<\/div>\n<\/div>\n<\/div>\n<\/div>\n<\/section>\n<\/div>\n<\/div>\n<header class=\"entry-header blog-title\">\n<h4 class=\"entry-title blog-title\">6. marec 2023 \u2013 Geslo dneva: \u0160iri veselje in mir<\/h4>\n<\/header>\n<div class=\"entry-content\">\n<div class=\"elementor elementor-868\" data-elementor-type=\"wp-post\" data-elementor-id=\"868\">\n<section class=\"elementor-section elementor-top-section elementor-element elementor-element-d8ba0cd elementor-section-boxed elementor-section-height-default elementor-section-height-default\" data-id=\"d8ba0cd\" data-element_type=\"section\">\n<div class=\"elementor-container elementor-column-gap-default\">\n<div class=\"elementor-column elementor-col-100 elementor-top-column elementor-element elementor-element-b4384ff\" data-id=\"b4384ff\" data-element_type=\"column\">\n<div class=\"elementor-widget-wrap elementor-element-populated\">\n<div class=\"elementor-element elementor-element-a13fb23 elementor-widget elementor-widget-text-editor\" data-id=\"a13fb23\" data-element_type=\"widget\" data-widget_type=\"text-editor.default\">\n<div class=\"elementor-widget-container\">\n<p>Sre\u010danje zakoncev v dvorani Kulturnega hrama \u2013 gosta zakonca Petra in Lojze Kokalj.<\/p>\n<p><iframe loading=\"lazy\" title=\"YouTube video player\" src=\"https:\/\/www.youtube.com\/embed\/4zz8LBaI1V4\" width=\"800\" height=\"450\" frameborder=\"0\" allowfullscreen=\"allowfullscreen\" data-mce-fragment=\"1\"><\/iframe><\/p>\n<\/div>\n<\/div>\n<\/div>\n<\/div>\n<\/div>\n<\/section>\n<section class=\"elementor-section elementor-top-section elementor-element elementor-element-1f27e2a elementor-section-boxed elementor-section-height-default elementor-section-height-default\" data-id=\"1f27e2a\" data-element_type=\"section\">\n<div class=\"elementor-container elementor-column-gap-default\">\n<div class=\"elementor-column elementor-col-100 elementor-top-column elementor-element elementor-element-f1bc0de\" data-id=\"f1bc0de\" data-element_type=\"column\">\n<div class=\"elementor-widget-wrap elementor-element-populated\">\n<div class=\"elementor-element elementor-element-7d7b21e elementor-widget elementor-widget-text-editor\" data-id=\"7d7b21e\" data-element_type=\"widget\" data-widget_type=\"text-editor.default\">\n<div class=\"elementor-widget-container\">\n<p>Video: Bla\u017e Lavti\u017ear<\/p>\n<\/div>\n<header class=\"entry-header blog-title\">\n<h4 class=\"entry-title blog-title\">5. marec 2023 \u2013 Geslo dneva: Pridi z menoj<\/h4>\n<\/header>\n<div class=\"entry-content\">\n<div class=\"elementor elementor-783\" data-elementor-type=\"wp-post\" data-elementor-id=\"783\">\n<section class=\"elementor-section elementor-top-section elementor-element elementor-element-122316a elementor-section-boxed elementor-section-height-default elementor-section-height-default\" data-id=\"122316a\" data-element_type=\"section\">\n<div class=\"elementor-container elementor-column-gap-default\">\n<div class=\"elementor-column elementor-col-100 elementor-top-column elementor-element elementor-element-ca19b1f\" data-id=\"ca19b1f\" data-element_type=\"column\">\n<div class=\"elementor-widget-wrap\"><\/div>\n<\/div>\n<\/div>\n<\/section>\n<section class=\"elementor-section elementor-top-section elementor-element elementor-element-3c5645f elementor-section-boxed elementor-section-height-default elementor-section-height-default\" data-id=\"3c5645f\" data-element_type=\"section\">\n<div class=\"elementor-container elementor-column-gap-default\">\n<div class=\"elementor-column elementor-col-100 elementor-top-column elementor-element elementor-element-71b08ce\" data-id=\"71b08ce\" data-element_type=\"column\">\n<div class=\"elementor-widget-wrap elementor-element-populated\">\n<div class=\"elementor-element elementor-element-2b550b0 elementor-widget elementor-widget-text-editor\" data-id=\"2b550b0\" data-element_type=\"widget\" data-widget_type=\"text-editor.default\">\n<div class=\"elementor-widget-container\">\n<p>Nedeljski pohod do cerkvice Sv. Katarine na Homu.<\/p>\n<\/div>\n<\/div>\n<\/div>\n<\/div>\n<\/div>\n<\/section>\n<section class=\"elementor-section elementor-top-section elementor-element elementor-element-ee165aa elementor-section-boxed elementor-section-height-default elementor-section-height-default\" data-id=\"ee165aa\" data-element_type=\"section\">\n<div class=\"elementor-container elementor-column-gap-default\">\n<div class=\"elementor-column elementor-col-100 elementor-top-column elementor-element elementor-element-b6ae21f\" data-id=\"b6ae21f\" data-element_type=\"column\">\n<div class=\"elementor-widget-wrap elementor-element-populated\">\n<div class=\"elementor-element elementor-element-3469d21 elementor-widget elementor-widget-image-gallery\" data-id=\"3469d21\" data-element_type=\"widget\" data-widget_type=\"image-gallery.default\">\n<div class=\"elementor-widget-container\">\n<div class=\"elementor-image-gallery\">\n<div id=\"gallery-1\" class=\"gallery galleryid-783 gallery-columns-4 gallery-size-thumbnail\">\n<div id='gallery-4' class='gallery galleryid-805 gallery-columns-3 gallery-size-thumbnail'><figure class='gallery-item'>\n\t\t\t<div class='gallery-icon landscape'>\n\t\t\t\t<a href='https:\/\/zupnija-koroska-bela.rkc.si\/index.php\/misijon-2023-pridi-po-veselje-in-mir\/20230305_140839-1\/'><img loading=\"lazy\" decoding=\"async\" width=\"150\" height=\"150\" src=\"https:\/\/zupnija-koroska-bela.rkc.si\/wp-content\/uploads\/2023\/08\/20230305_140839-1-150x150.jpg\" class=\"attachment-thumbnail size-thumbnail\" alt=\"\" srcset=\"https:\/\/zupnija-koroska-bela.rkc.si\/wp-content\/uploads\/2023\/08\/20230305_140839-1-150x150.jpg 150w, https:\/\/zupnija-koroska-bela.rkc.si\/wp-content\/uploads\/2023\/08\/20230305_140839-1-100x100.jpg 100w\" sizes=\"auto, 100vw\" \/><\/a>\n\t\t\t<\/div><\/figure><figure class='gallery-item'>\n\t\t\t<div class='gallery-icon landscape'>\n\t\t\t\t<a href='https:\/\/zupnija-koroska-bela.rkc.si\/index.php\/misijon-2023-pridi-po-veselje-in-mir\/20230305_1418551-1\/'><img loading=\"lazy\" decoding=\"async\" width=\"150\" height=\"150\" src=\"https:\/\/zupnija-koroska-bela.rkc.si\/wp-content\/uploads\/2023\/08\/20230305_1418551-1-150x150.jpg\" class=\"attachment-thumbnail size-thumbnail\" alt=\"\" srcset=\"https:\/\/zupnija-koroska-bela.rkc.si\/wp-content\/uploads\/2023\/08\/20230305_1418551-1-150x150.jpg 150w, https:\/\/zupnija-koroska-bela.rkc.si\/wp-content\/uploads\/2023\/08\/20230305_1418551-1-100x100.jpg 100w\" sizes=\"auto, 100vw\" \/><\/a>\n\t\t\t<\/div><\/figure><figure class='gallery-item'>\n\t\t\t<div class='gallery-icon landscape'>\n\t\t\t\t<a href='https:\/\/zupnija-koroska-bela.rkc.si\/index.php\/misijon-2023-pridi-po-veselje-in-mir\/20230305_142145-1\/'><img loading=\"lazy\" decoding=\"async\" width=\"150\" height=\"150\" src=\"https:\/\/zupnija-koroska-bela.rkc.si\/wp-content\/uploads\/2023\/08\/20230305_142145-1-150x150.jpg\" class=\"attachment-thumbnail size-thumbnail\" alt=\"\" srcset=\"https:\/\/zupnija-koroska-bela.rkc.si\/wp-content\/uploads\/2023\/08\/20230305_142145-1-150x150.jpg 150w, https:\/\/zupnija-koroska-bela.rkc.si\/wp-content\/uploads\/2023\/08\/20230305_142145-1-100x100.jpg 100w\" sizes=\"auto, 100vw\" \/><\/a>\n\t\t\t<\/div><\/figure><figure class='gallery-item'>\n\t\t\t<div class='gallery-icon landscape'>\n\t\t\t\t<a href='https:\/\/zupnija-koroska-bela.rkc.si\/index.php\/misijon-2023-pridi-po-veselje-in-mir\/20230305_142107-1\/'><img loading=\"lazy\" decoding=\"async\" width=\"150\" height=\"150\" src=\"https:\/\/zupnija-koroska-bela.rkc.si\/wp-content\/uploads\/2023\/08\/20230305_142107-1-150x150.jpg\" class=\"attachment-thumbnail size-thumbnail\" alt=\"\" srcset=\"https:\/\/zupnija-koroska-bela.rkc.si\/wp-content\/uploads\/2023\/08\/20230305_142107-1-150x150.jpg 150w, https:\/\/zupnija-koroska-bela.rkc.si\/wp-content\/uploads\/2023\/08\/20230305_142107-1-100x100.jpg 100w\" sizes=\"auto, 100vw\" \/><\/a>\n\t\t\t<\/div><\/figure><figure class='gallery-item'>\n\t\t\t<div class='gallery-icon portrait'>\n\t\t\t\t<a href='https:\/\/zupnija-koroska-bela.rkc.si\/index.php\/misijon-2023-pridi-po-veselje-in-mir\/20230305_142947-1\/'><img loading=\"lazy\" decoding=\"async\" width=\"150\" height=\"150\" src=\"https:\/\/zupnija-koroska-bela.rkc.si\/wp-content\/uploads\/2023\/08\/20230305_142947-1-150x150.jpg\" class=\"attachment-thumbnail size-thumbnail\" alt=\"\" srcset=\"https:\/\/zupnija-koroska-bela.rkc.si\/wp-content\/uploads\/2023\/08\/20230305_142947-1-150x150.jpg 150w, https:\/\/zupnija-koroska-bela.rkc.si\/wp-content\/uploads\/2023\/08\/20230305_142947-1-100x100.jpg 100w\" sizes=\"auto, 100vw\" \/><\/a>\n\t\t\t<\/div><\/figure><figure class='gallery-item'>\n\t\t\t<div class='gallery-icon landscape'>\n\t\t\t\t<a href='https:\/\/zupnija-koroska-bela.rkc.si\/index.php\/misijon-2023-pridi-po-veselje-in-mir\/20230305_143552-1\/'><img loading=\"lazy\" decoding=\"async\" width=\"150\" height=\"150\" src=\"https:\/\/zupnija-koroska-bela.rkc.si\/wp-content\/uploads\/2023\/08\/20230305_143552-1-150x150.jpg\" class=\"attachment-thumbnail size-thumbnail\" alt=\"\" srcset=\"https:\/\/zupnija-koroska-bela.rkc.si\/wp-content\/uploads\/2023\/08\/20230305_143552-1-150x150.jpg 150w, https:\/\/zupnija-koroska-bela.rkc.si\/wp-content\/uploads\/2023\/08\/20230305_143552-1-100x100.jpg 100w\" sizes=\"auto, 100vw\" \/><\/a>\n\t\t\t<\/div><\/figure><figure class='gallery-item'>\n\t\t\t<div class='gallery-icon landscape'>\n\t\t\t\t<a href='https:\/\/zupnija-koroska-bela.rkc.si\/index.php\/misijon-2023-pridi-po-veselje-in-mir\/20230305_143657-1\/'><img loading=\"lazy\" decoding=\"async\" width=\"150\" height=\"150\" src=\"https:\/\/zupnija-koroska-bela.rkc.si\/wp-content\/uploads\/2023\/08\/20230305_143657-1-150x150.jpg\" class=\"attachment-thumbnail size-thumbnail\" alt=\"\" srcset=\"https:\/\/zupnija-koroska-bela.rkc.si\/wp-content\/uploads\/2023\/08\/20230305_143657-1-150x150.jpg 150w, https:\/\/zupnija-koroska-bela.rkc.si\/wp-content\/uploads\/2023\/08\/20230305_143657-1-100x100.jpg 100w\" sizes=\"auto, 100vw\" \/><\/a>\n\t\t\t<\/div><\/figure><figure class='gallery-item'>\n\t\t\t<div class='gallery-icon landscape'>\n\t\t\t\t<a href='https:\/\/zupnija-koroska-bela.rkc.si\/index.php\/misijon-2023-pridi-po-veselje-in-mir\/20230305_143751-1\/'><img loading=\"lazy\" decoding=\"async\" width=\"150\" height=\"150\" src=\"https:\/\/zupnija-koroska-bela.rkc.si\/wp-content\/uploads\/2023\/08\/20230305_143751-1-150x150.jpg\" class=\"attachment-thumbnail size-thumbnail\" alt=\"\" srcset=\"https:\/\/zupnija-koroska-bela.rkc.si\/wp-content\/uploads\/2023\/08\/20230305_143751-1-150x150.jpg 150w, https:\/\/zupnija-koroska-bela.rkc.si\/wp-content\/uploads\/2023\/08\/20230305_143751-1-100x100.jpg 100w\" sizes=\"auto, 100vw\" \/><\/a>\n\t\t\t<\/div><\/figure><figure class='gallery-item'>\n\t\t\t<div class='gallery-icon landscape'>\n\t\t\t\t<a href='https:\/\/zupnija-koroska-bela.rkc.si\/index.php\/misijon-2023-pridi-po-veselje-in-mir\/20230305_154047-1\/'><img loading=\"lazy\" decoding=\"async\" width=\"150\" height=\"150\" src=\"https:\/\/zupnija-koroska-bela.rkc.si\/wp-content\/uploads\/2023\/08\/20230305_154047-1-150x150.jpg\" class=\"attachment-thumbnail size-thumbnail\" alt=\"\" srcset=\"https:\/\/zupnija-koroska-bela.rkc.si\/wp-content\/uploads\/2023\/08\/20230305_154047-1-150x150.jpg 150w, https:\/\/zupnija-koroska-bela.rkc.si\/wp-content\/uploads\/2023\/08\/20230305_154047-1-100x100.jpg 100w\" sizes=\"auto, 100vw\" \/><\/a>\n\t\t\t<\/div><\/figure><figure class='gallery-item'>\n\t\t\t<div class='gallery-icon landscape'>\n\t\t\t\t<a href='https:\/\/zupnija-koroska-bela.rkc.si\/index.php\/misijon-2023-pridi-po-veselje-in-mir\/20230305_155234-1\/'><img loading=\"lazy\" decoding=\"async\" width=\"150\" height=\"150\" src=\"https:\/\/zupnija-koroska-bela.rkc.si\/wp-content\/uploads\/2023\/08\/20230305_155234-1-150x150.jpg\" class=\"attachment-thumbnail size-thumbnail\" alt=\"\" srcset=\"https:\/\/zupnija-koroska-bela.rkc.si\/wp-content\/uploads\/2023\/08\/20230305_155234-1-150x150.jpg 150w, https:\/\/zupnija-koroska-bela.rkc.si\/wp-content\/uploads\/2023\/08\/20230305_155234-1-100x100.jpg 100w\" sizes=\"auto, 100vw\" \/><\/a>\n\t\t\t<\/div><\/figure><figure class='gallery-item'>\n\t\t\t<div class='gallery-icon landscape'>\n\t\t\t\t<a href='https:\/\/zupnija-koroska-bela.rkc.si\/index.php\/misijon-2023-pridi-po-veselje-in-mir\/20230305_155355-1\/'><img loading=\"lazy\" decoding=\"async\" width=\"150\" height=\"150\" src=\"https:\/\/zupnija-koroska-bela.rkc.si\/wp-content\/uploads\/2023\/08\/20230305_155355-1-150x150.jpg\" class=\"attachment-thumbnail size-thumbnail\" alt=\"\" srcset=\"https:\/\/zupnija-koroska-bela.rkc.si\/wp-content\/uploads\/2023\/08\/20230305_155355-1-150x150.jpg 150w, https:\/\/zupnija-koroska-bela.rkc.si\/wp-content\/uploads\/2023\/08\/20230305_155355-1-100x100.jpg 100w\" sizes=\"auto, 100vw\" \/><\/a>\n\t\t\t<\/div><\/figure><figure class='gallery-item'>\n\t\t\t<div class='gallery-icon landscape'>\n\t\t\t\t<a href='https:\/\/zupnija-koroska-bela.rkc.si\/index.php\/misijon-2023-pridi-po-veselje-in-mir\/20230305_155747-1\/'><img loading=\"lazy\" decoding=\"async\" width=\"150\" height=\"150\" src=\"https:\/\/zupnija-koroska-bela.rkc.si\/wp-content\/uploads\/2023\/08\/20230305_155747-1-150x150.jpg\" class=\"attachment-thumbnail size-thumbnail\" alt=\"\" srcset=\"https:\/\/zupnija-koroska-bela.rkc.si\/wp-content\/uploads\/2023\/08\/20230305_155747-1-150x150.jpg 150w, https:\/\/zupnija-koroska-bela.rkc.si\/wp-content\/uploads\/2023\/08\/20230305_155747-1-100x100.jpg 100w\" sizes=\"auto, 100vw\" \/><\/a>\n\t\t\t<\/div><\/figure><figure class='gallery-item'>\n\t\t\t<div class='gallery-icon landscape'>\n\t\t\t\t<a href='https:\/\/zupnija-koroska-bela.rkc.si\/index.php\/misijon-2023-pridi-po-veselje-in-mir\/20230305_155842-1\/'><img loading=\"lazy\" decoding=\"async\" width=\"150\" height=\"150\" src=\"https:\/\/zupnija-koroska-bela.rkc.si\/wp-content\/uploads\/2023\/08\/20230305_155842-1-150x150.jpg\" class=\"attachment-thumbnail size-thumbnail\" alt=\"\" srcset=\"https:\/\/zupnija-koroska-bela.rkc.si\/wp-content\/uploads\/2023\/08\/20230305_155842-1-150x150.jpg 150w, https:\/\/zupnija-koroska-bela.rkc.si\/wp-content\/uploads\/2023\/08\/20230305_155842-1-100x100.jpg 100w\" sizes=\"auto, 100vw\" \/><\/a>\n\t\t\t<\/div><\/figure><figure class='gallery-item'>\n\t\t\t<div class='gallery-icon landscape'>\n\t\t\t\t<a href='https:\/\/zupnija-koroska-bela.rkc.si\/index.php\/misijon-2023-pridi-po-veselje-in-mir\/20230305_160007-1\/'><img loading=\"lazy\" decoding=\"async\" width=\"150\" height=\"150\" src=\"https:\/\/zupnija-koroska-bela.rkc.si\/wp-content\/uploads\/2023\/08\/20230305_160007-1-150x150.jpg\" class=\"attachment-thumbnail size-thumbnail\" alt=\"\" srcset=\"https:\/\/zupnija-koroska-bela.rkc.si\/wp-content\/uploads\/2023\/08\/20230305_160007-1-150x150.jpg 150w, https:\/\/zupnija-koroska-bela.rkc.si\/wp-content\/uploads\/2023\/08\/20230305_160007-1-100x100.jpg 100w\" sizes=\"auto, 100vw\" \/><\/a>\n\t\t\t<\/div><\/figure><figure class='gallery-item'>\n\t\t\t<div class='gallery-icon landscape'>\n\t\t\t\t<a href='https:\/\/zupnija-koroska-bela.rkc.si\/index.php\/misijon-2023-pridi-po-veselje-in-mir\/20230305_160137-1\/'><img loading=\"lazy\" decoding=\"async\" width=\"150\" height=\"150\" src=\"https:\/\/zupnija-koroska-bela.rkc.si\/wp-content\/uploads\/2023\/08\/20230305_160137-1-150x150.jpg\" class=\"attachment-thumbnail size-thumbnail\" alt=\"\" srcset=\"https:\/\/zupnija-koroska-bela.rkc.si\/wp-content\/uploads\/2023\/08\/20230305_160137-1-150x150.jpg 150w, https:\/\/zupnija-koroska-bela.rkc.si\/wp-content\/uploads\/2023\/08\/20230305_160137-1-100x100.jpg 100w\" sizes=\"auto, 100vw\" \/><\/a>\n\t\t\t<\/div><\/figure><figure class='gallery-item'>\n\t\t\t<div class='gallery-icon landscape'>\n\t\t\t\t<a href='https:\/\/zupnija-koroska-bela.rkc.si\/index.php\/misijon-2023-pridi-po-veselje-in-mir\/20230305_160258-1\/'><img loading=\"lazy\" decoding=\"async\" width=\"150\" height=\"150\" src=\"https:\/\/zupnija-koroska-bela.rkc.si\/wp-content\/uploads\/2023\/08\/20230305_160258-1-150x150.jpg\" class=\"attachment-thumbnail size-thumbnail\" alt=\"\" srcset=\"https:\/\/zupnija-koroska-bela.rkc.si\/wp-content\/uploads\/2023\/08\/20230305_160258-1-150x150.jpg 150w, https:\/\/zupnija-koroska-bela.rkc.si\/wp-content\/uploads\/2023\/08\/20230305_160258-1-100x100.jpg 100w\" sizes=\"auto, 100vw\" \/><\/a>\n\t\t\t<\/div><\/figure><figure class='gallery-item'>\n\t\t\t<div class='gallery-icon landscape'>\n\t\t\t\t<a href='https:\/\/zupnija-koroska-bela.rkc.si\/index.php\/misijon-2023-pridi-po-veselje-in-mir\/20230305_161735-1\/'><img loading=\"lazy\" decoding=\"async\" width=\"150\" height=\"150\" src=\"https:\/\/zupnija-koroska-bela.rkc.si\/wp-content\/uploads\/2023\/08\/20230305_161735-1-150x150.jpg\" class=\"attachment-thumbnail size-thumbnail\" alt=\"\" srcset=\"https:\/\/zupnija-koroska-bela.rkc.si\/wp-content\/uploads\/2023\/08\/20230305_161735-1-150x150.jpg 150w, https:\/\/zupnija-koroska-bela.rkc.si\/wp-content\/uploads\/2023\/08\/20230305_161735-1-100x100.jpg 100w\" sizes=\"auto, 100vw\" \/><\/a>\n\t\t\t<\/div><\/figure><figure class='gallery-item'>\n\t\t\t<div class='gallery-icon portrait'>\n\t\t\t\t<a href='https:\/\/zupnija-koroska-bela.rkc.si\/index.php\/misijon-2023-pridi-po-veselje-in-mir\/20230305_162612-1\/'><img loading=\"lazy\" decoding=\"async\" width=\"150\" height=\"150\" src=\"https:\/\/zupnija-koroska-bela.rkc.si\/wp-content\/uploads\/2023\/08\/20230305_162612-1-150x150.jpg\" class=\"attachment-thumbnail size-thumbnail\" alt=\"\" srcset=\"https:\/\/zupnija-koroska-bela.rkc.si\/wp-content\/uploads\/2023\/08\/20230305_162612-1-150x150.jpg 150w, https:\/\/zupnija-koroska-bela.rkc.si\/wp-content\/uploads\/2023\/08\/20230305_162612-1-100x100.jpg 100w\" sizes=\"auto, 100vw\" \/><\/a>\n\t\t\t<\/div><\/figure><figure class='gallery-item'>\n\t\t\t<div class='gallery-icon landscape'>\n\t\t\t\t<a href='https:\/\/zupnija-koroska-bela.rkc.si\/index.php\/misijon-2023-pridi-po-veselje-in-mir\/20230305_162926-1\/'><img loading=\"lazy\" decoding=\"async\" width=\"150\" height=\"150\" src=\"https:\/\/zupnija-koroska-bela.rkc.si\/wp-content\/uploads\/2023\/08\/20230305_162926-1-150x150.jpg\" class=\"attachment-thumbnail size-thumbnail\" alt=\"\" srcset=\"https:\/\/zupnija-koroska-bela.rkc.si\/wp-content\/uploads\/2023\/08\/20230305_162926-1-150x150.jpg 150w, https:\/\/zupnija-koroska-bela.rkc.si\/wp-content\/uploads\/2023\/08\/20230305_162926-1-100x100.jpg 100w\" sizes=\"auto, 100vw\" \/><\/a>\n\t\t\t<\/div><\/figure><figure class='gallery-item'>\n\t\t\t<div class='gallery-icon landscape'>\n\t\t\t\t<a href='https:\/\/zupnija-koroska-bela.rkc.si\/index.php\/misijon-2023-pridi-po-veselje-in-mir\/20230305_163216-1\/'><img loading=\"lazy\" decoding=\"async\" width=\"150\" height=\"150\" src=\"https:\/\/zupnija-koroska-bela.rkc.si\/wp-content\/uploads\/2023\/08\/20230305_163216-1-150x150.jpg\" class=\"attachment-thumbnail size-thumbnail\" alt=\"\" srcset=\"https:\/\/zupnija-koroska-bela.rkc.si\/wp-content\/uploads\/2023\/08\/20230305_163216-1-150x150.jpg 150w, https:\/\/zupnija-koroska-bela.rkc.si\/wp-content\/uploads\/2023\/08\/20230305_163216-1-100x100.jpg 100w\" sizes=\"auto, 100vw\" \/><\/a>\n\t\t\t<\/div><\/figure>\n\t\t<\/div>\n\n<\/div>\n<\/div>\n<\/div>\n<\/div>\n<\/div>\n<\/div>\n<\/div>\n<\/section>\n<\/div>\n<\/div>\n<\/div>\n<\/div>\n<\/div>\n<\/div>\n<\/section>\n<\/div>\n<\/div>\n<header class=\"entry-header blog-title\">\n<h4 class=\"entry-title blog-title\">4. marec 2023 \u2013 Geslo dneva: Pridi in poglej<\/h4>\n<\/header>\n<div class=\"entry-content\">\n<div class=\"elementor elementor-775\" data-elementor-type=\"wp-post\" data-elementor-id=\"775\">\n<section class=\"elementor-section elementor-top-section elementor-element elementor-element-ea65c2e elementor-section-boxed elementor-section-height-default elementor-section-height-default\" data-id=\"ea65c2e\" data-element_type=\"section\">\n<div class=\"elementor-container elementor-column-gap-default\">\n<div class=\"elementor-column elementor-col-100 elementor-top-column elementor-element elementor-element-d8f2d1f\" data-id=\"d8f2d1f\" data-element_type=\"column\">\n<div class=\"elementor-widget-wrap elementor-element-populated\">\n<div class=\"elementor-element elementor-element-8f2921c elementor-widget elementor-widget-image-gallery\" data-id=\"8f2921c\" data-element_type=\"widget\" data-widget_type=\"image-gallery.default\">\n<div class=\"elementor-widget-container\">\n<div class=\"elementor-image-gallery\">\n<div id=\"gallery-1\" class=\"gallery galleryid-775 gallery-columns-4 gallery-size-thumbnail\"><img loading=\"lazy\" decoding=\"async\" class=\"alignnone size-full wp-image-935\" src=\"https:\/\/zupnija-koroska-bela.rkc.si\/wp-content\/uploads\/2023\/08\/NBP4643.webp\" alt=\"\" width=\"1024\" height=\"768\" \/><\/div>\n<\/div>\n<\/div>\n<\/div>\n<\/div>\n<\/div>\n<\/div>\n<\/section>\n<section class=\"elementor-section elementor-top-section elementor-element elementor-element-d44dcc6 elementor-section-boxed elementor-section-height-default elementor-section-height-default\" data-id=\"d44dcc6\" data-element_type=\"section\">\n<div class=\"elementor-container elementor-column-gap-default\">\n<div class=\"elementor-column elementor-col-100 elementor-top-column elementor-element elementor-element-b262dc8\" data-id=\"b262dc8\" data-element_type=\"column\">\n<div class=\"elementor-widget-wrap elementor-element-populated\">\n<div class=\"elementor-element elementor-element-1c88100 elementor-widget elementor-widget-text-editor\" data-id=\"1c88100\" data-element_type=\"widget\" data-widget_type=\"text-editor.default\">\n<div class=\"elementor-widget-container\">\n<p>Oratorijski dan za dru\u017eine.<\/p>\n<div id='gallery-5' class='gallery galleryid-805 gallery-columns-3 gallery-size-thumbnail'><figure class='gallery-item'>\n\t\t\t<div class='gallery-icon portrait'>\n\t\t\t\t<a href='https:\/\/zupnija-koroska-bela.rkc.si\/index.php\/misijon-2023-pridi-po-veselje-in-mir\/20230304_142023-1\/'><img loading=\"lazy\" decoding=\"async\" width=\"150\" height=\"150\" src=\"https:\/\/zupnija-koroska-bela.rkc.si\/wp-content\/uploads\/2023\/08\/20230304_142023-1-150x150.jpg\" class=\"attachment-thumbnail size-thumbnail\" alt=\"\" srcset=\"https:\/\/zupnija-koroska-bela.rkc.si\/wp-content\/uploads\/2023\/08\/20230304_142023-1-150x150.jpg 150w, https:\/\/zupnija-koroska-bela.rkc.si\/wp-content\/uploads\/2023\/08\/20230304_142023-1-100x100.jpg 100w\" sizes=\"auto, 100vw\" \/><\/a>\n\t\t\t<\/div><\/figure><figure class='gallery-item'>\n\t\t\t<div class='gallery-icon landscape'>\n\t\t\t\t<a href='https:\/\/zupnija-koroska-bela.rkc.si\/index.php\/misijon-2023-pridi-po-veselje-in-mir\/20230304_142035-1\/'><img loading=\"lazy\" decoding=\"async\" width=\"150\" height=\"150\" src=\"https:\/\/zupnija-koroska-bela.rkc.si\/wp-content\/uploads\/2023\/08\/20230304_142035-1-150x150.jpg\" class=\"attachment-thumbnail size-thumbnail\" alt=\"\" srcset=\"https:\/\/zupnija-koroska-bela.rkc.si\/wp-content\/uploads\/2023\/08\/20230304_142035-1-150x150.jpg 150w, https:\/\/zupnija-koroska-bela.rkc.si\/wp-content\/uploads\/2023\/08\/20230304_142035-1-100x100.jpg 100w\" sizes=\"auto, 100vw\" \/><\/a>\n\t\t\t<\/div><\/figure><figure class='gallery-item'>\n\t\t\t<div class='gallery-icon portrait'>\n\t\t\t\t<a href='https:\/\/zupnija-koroska-bela.rkc.si\/index.php\/misijon-2023-pridi-po-veselje-in-mir\/20230304_142043-1\/'><img loading=\"lazy\" decoding=\"async\" width=\"150\" height=\"150\" src=\"https:\/\/zupnija-koroska-bela.rkc.si\/wp-content\/uploads\/2023\/08\/20230304_142043-1-150x150.jpg\" class=\"attachment-thumbnail size-thumbnail\" alt=\"\" srcset=\"https:\/\/zupnija-koroska-bela.rkc.si\/wp-content\/uploads\/2023\/08\/20230304_142043-1-150x150.jpg 150w, https:\/\/zupnija-koroska-bela.rkc.si\/wp-content\/uploads\/2023\/08\/20230304_142043-1-100x100.jpg 100w\" sizes=\"auto, 100vw\" \/><\/a>\n\t\t\t<\/div><\/figure><figure class='gallery-item'>\n\t\t\t<div class='gallery-icon portrait'>\n\t\t\t\t<a href='https:\/\/zupnija-koroska-bela.rkc.si\/index.php\/misijon-2023-pridi-po-veselje-in-mir\/20230304_142107-1\/'><img loading=\"lazy\" decoding=\"async\" width=\"150\" height=\"150\" src=\"https:\/\/zupnija-koroska-bela.rkc.si\/wp-content\/uploads\/2023\/08\/20230304_142107-1-150x150.jpg\" class=\"attachment-thumbnail size-thumbnail\" alt=\"\" srcset=\"https:\/\/zupnija-koroska-bela.rkc.si\/wp-content\/uploads\/2023\/08\/20230304_142107-1-150x150.jpg 150w, https:\/\/zupnija-koroska-bela.rkc.si\/wp-content\/uploads\/2023\/08\/20230304_142107-1-100x100.jpg 100w\" sizes=\"auto, 100vw\" \/><\/a>\n\t\t\t<\/div><\/figure>\n\t\t<\/div>\n\n<header class=\"entry-header blog-title\">\n<h4 class=\"entry-title blog-title\">Pri\u010detek misijona \u2013 Geslo dneva: Pridi po veselje in mir<\/h4>\n<\/header>\n<div class=\"entry-content\">\n<div class=\"elementor elementor-769\" data-elementor-type=\"wp-post\" data-elementor-id=\"769\">\n<section class=\"elementor-section elementor-top-section elementor-element elementor-element-a5e5eeb elementor-section-boxed elementor-section-height-default elementor-section-height-default\" data-id=\"a5e5eeb\" data-element_type=\"section\">\n<div class=\"elementor-container elementor-column-gap-default\">\n<div class=\"elementor-column elementor-col-100 elementor-top-column elementor-element elementor-element-f51249e\" data-id=\"f51249e\" data-element_type=\"column\">\n<div class=\"elementor-widget-wrap\"><\/div>\n<\/div>\n<\/div>\n<\/section>\n<section class=\"elementor-section elementor-top-section elementor-element elementor-element-5612201 elementor-section-boxed elementor-section-height-default elementor-section-height-default\" data-id=\"5612201\" data-element_type=\"section\">\n<div class=\"elementor-container elementor-column-gap-default\">\n<div class=\"elementor-column elementor-col-100 elementor-top-column elementor-element elementor-element-126ea29\" data-id=\"126ea29\" data-element_type=\"column\">\n<div class=\"elementor-widget-wrap elementor-element-populated\">\n<div class=\"elementor-element elementor-element-0e1f607 elementor-widget elementor-widget-text-editor\" data-id=\"0e1f607\" data-element_type=\"widget\" data-widget_type=\"text-editor.default\">\n<div class=\"elementor-widget-container\">\n<p>Pri\u010detek misijona s sveto ma\u0161o.\u00a0 Po ma\u0161i sre\u010danje misijonske skupine v Kulturnem hramu.<\/p>\n<\/div>\n<\/div>\n<\/div>\n<\/div>\n<\/div>\n<\/section>\n<section class=\"elementor-section elementor-top-section elementor-element elementor-element-1f4630b elementor-section-boxed elementor-section-height-default elementor-section-height-default\" data-id=\"1f4630b\" data-element_type=\"section\">\n<div class=\"elementor-container elementor-column-gap-default\">\n<div class=\"elementor-column elementor-col-100 elementor-top-column elementor-element elementor-element-1bba4be\" data-id=\"1bba4be\" data-element_type=\"column\">\n<div class=\"elementor-widget-wrap elementor-element-populated\">\n<div class=\"elementor-element elementor-element-8fc3971 elementor-widget elementor-widget-image-gallery\" data-id=\"8fc3971\" data-element_type=\"widget\" data-widget_type=\"image-gallery.default\">\n<div class=\"elementor-widget-container\">\n<div class=\"elementor-image-gallery\">\n<div id=\"gallery-1\" class=\"gallery galleryid-769 gallery-columns-3 gallery-size-thumbnail\">\n<p><img loading=\"lazy\" decoding=\"async\" class=\"alignnone size-medium wp-image-922\" src=\"https:\/\/zupnija-koroska-bela.rkc.si\/wp-content\/uploads\/2023\/08\/20230310_192612-300x169.jpg\" alt=\"\" width=\"300\" height=\"169\" srcset=\"https:\/\/zupnija-koroska-bela.rkc.si\/wp-content\/uploads\/2023\/08\/20230310_192612-300x169.jpg 300w, https:\/\/zupnija-koroska-bela.rkc.si\/wp-content\/uploads\/2023\/08\/20230310_192612-768x432.jpg 768w, https:\/\/zupnija-koroska-bela.rkc.si\/wp-content\/uploads\/2023\/08\/20230310_192612.jpg 1024w\" sizes=\"auto, (max-width: 300px) 100vw, 300px\" \/><\/p>\n<dl class=\"gallery-item\">\n<dt class=\"gallery-icon landscape\"><\/dt>\n<\/dl>\n<dl class=\"gallery-item\">\n<dt class=\"gallery-icon landscape\"><\/dt>\n<\/dl>\n<\/div>\n<\/div>\n<\/div>\n<\/div>\n<\/div>\n<\/div>\n<\/div>\n<\/section>\n<\/div>\n<\/div>\n<\/div>\n<\/div>\n<\/div>\n<\/div>\n<\/div>\n<\/section>\n<\/div>\n<\/div>\n<header class=\"entry-header blog-title\">\n<h4 class=\"entry-title blog-title\">Pohod s Pristave v Javorni\u0161kem Rovtu na Kri\u017eevec \u2013 14. januar 2023<\/h4>\n<\/header>\n<div class=\"entry-content\">\n<div class=\"elementor elementor-706\" data-elementor-type=\"wp-post\" data-elementor-id=\"706\">\n<section class=\"elementor-section elementor-top-section elementor-element elementor-element-b47bbc4 elementor-section-boxed elementor-section-height-default elementor-section-height-default\" data-id=\"b47bbc4\" data-element_type=\"section\">\n<div class=\"elementor-container elementor-column-gap-default\">\n<div class=\"elementor-column elementor-col-100 elementor-top-column elementor-element elementor-element-b0439e3\" data-id=\"b0439e3\" data-element_type=\"column\">\n<div class=\"elementor-widget-wrap\"><\/div>\n<\/div>\n<\/div>\n<\/section>\n<section class=\"elementor-section elementor-top-section elementor-element elementor-element-68528a2 elementor-section-boxed elementor-section-height-default elementor-section-height-default\" data-id=\"68528a2\" data-element_type=\"section\">\n<div class=\"elementor-container elementor-column-gap-default\">\n<div class=\"elementor-column elementor-col-100 elementor-top-column elementor-element elementor-element-912de89\" data-id=\"912de89\" data-element_type=\"column\">\n<div class=\"elementor-widget-wrap elementor-element-populated\">\n<div class=\"elementor-element elementor-element-f21813b elementor-widget elementor-widget-text-editor\" data-id=\"f21813b\" data-element_type=\"widget\" data-widget_type=\"text-editor.default\">\n<div class=\"elementor-widget-container\">\n<p>V<strong>\u00a0<u>soboto, 14. januarja 2023<\/u><\/strong>\u00a0prisr\u010dno vabljeni na\u00a0<strong><u>pohod\u00a0s Pristave v Javorni\u0161kem Rovtu na Kri\u017eevec.<\/u>\u00a0<\/strong>Pohod je organiziran v okviru priprave na misijon in je namenjen starej\u0161im od 16 let.\u00a0<strong><u>Odhod\u00a0<\/u><\/strong>bo\u00a0<strong><u>izpred doma na Pristavi\u00a0ob 9.30. uri<\/u><\/strong><u>,<\/u>\u00a0ob 12.00. uri pa bo v domu na Pristavi poskrbljeno za prijetno dru\u017eenje ob hrani in pija\u010di,\u00a0tudi za tiste, ki hoje morda ne zmorete.\u00a0Zaradi organizacije kosila so potrebne predhodne\u00a0<strong>prijave<\/strong>. Najkasneje\u00a0<strong>do nedelje, 8. januarja\u00a0<\/strong>2023 se prijavite\u00a0<strong>Franciju<\/strong>\u00a0na telefonsko \u0161t.\u00a0<strong>041 412 065\u00a0<\/strong>ali na e-po\u0161tni naslov:\u00a0<a href=\"mailto:francimarkelj@gmail.com\">francimarkelj@gmail.com<\/a>.<\/p>\n<p>Veseli bomo va\u0161e dru\u017ebe. Vzemite si \u010das za prijeten klepet in dru\u017eenje, ne bo vam \u017eal!<\/p>\n<div id='gallery-6' class='gallery galleryid-805 gallery-columns-3 gallery-size-thumbnail'><figure class='gallery-item'>\n\t\t\t<div class='gallery-icon landscape'>\n\t\t\t\t<a href='https:\/\/zupnija-koroska-bela.rkc.si\/index.php\/misijon-2023-pridi-po-veselje-in-mir\/20230114_104215\/'><img loading=\"lazy\" decoding=\"async\" width=\"150\" height=\"150\" src=\"https:\/\/zupnija-koroska-bela.rkc.si\/wp-content\/uploads\/2023\/08\/20230114_104215-150x150.jpg\" class=\"attachment-thumbnail size-thumbnail\" alt=\"\" srcset=\"https:\/\/zupnija-koroska-bela.rkc.si\/wp-content\/uploads\/2023\/08\/20230114_104215-150x150.jpg 150w, https:\/\/zupnija-koroska-bela.rkc.si\/wp-content\/uploads\/2023\/08\/20230114_104215-100x100.jpg 100w\" sizes=\"auto, 100vw\" \/><\/a>\n\t\t\t<\/div><\/figure><figure class='gallery-item'>\n\t\t\t<div class='gallery-icon landscape'>\n\t\t\t\t<a href='https:\/\/zupnija-koroska-bela.rkc.si\/index.php\/misijon-2023-pridi-po-veselje-in-mir\/20230114_104353\/'><img loading=\"lazy\" decoding=\"async\" width=\"150\" height=\"150\" src=\"https:\/\/zupnija-koroska-bela.rkc.si\/wp-content\/uploads\/2023\/08\/20230114_104353-150x150.jpg\" class=\"attachment-thumbnail size-thumbnail\" alt=\"\" srcset=\"https:\/\/zupnija-koroska-bela.rkc.si\/wp-content\/uploads\/2023\/08\/20230114_104353-150x150.jpg 150w, https:\/\/zupnija-koroska-bela.rkc.si\/wp-content\/uploads\/2023\/08\/20230114_104353-100x100.jpg 100w\" sizes=\"auto, 100vw\" \/><\/a>\n\t\t\t<\/div><\/figure><figure class='gallery-item'>\n\t\t\t<div class='gallery-icon landscape'>\n\t\t\t\t<a href='https:\/\/zupnija-koroska-bela.rkc.si\/index.php\/misijon-2023-pridi-po-veselje-in-mir\/20230114_125339\/'><img loading=\"lazy\" decoding=\"async\" width=\"150\" height=\"150\" src=\"https:\/\/zupnija-koroska-bela.rkc.si\/wp-content\/uploads\/2023\/08\/20230114_125339-150x150.jpg\" class=\"attachment-thumbnail size-thumbnail\" alt=\"\" srcset=\"https:\/\/zupnija-koroska-bela.rkc.si\/wp-content\/uploads\/2023\/08\/20230114_125339-150x150.jpg 150w, https:\/\/zupnija-koroska-bela.rkc.si\/wp-content\/uploads\/2023\/08\/20230114_125339-100x100.jpg 100w\" sizes=\"auto, 100vw\" \/><\/a>\n\t\t\t<\/div><\/figure><figure class='gallery-item'>\n\t\t\t<div class='gallery-icon landscape'>\n\t\t\t\t<a href='https:\/\/zupnija-koroska-bela.rkc.si\/index.php\/misijon-2023-pridi-po-veselje-in-mir\/20230114_125543\/'><img loading=\"lazy\" decoding=\"async\" width=\"150\" height=\"150\" src=\"https:\/\/zupnija-koroska-bela.rkc.si\/wp-content\/uploads\/2023\/08\/20230114_125543-150x150.jpg\" class=\"attachment-thumbnail size-thumbnail\" alt=\"\" srcset=\"https:\/\/zupnija-koroska-bela.rkc.si\/wp-content\/uploads\/2023\/08\/20230114_125543-150x150.jpg 150w, https:\/\/zupnija-koroska-bela.rkc.si\/wp-content\/uploads\/2023\/08\/20230114_125543-100x100.jpg 100w\" sizes=\"auto, 100vw\" \/><\/a>\n\t\t\t<\/div><\/figure><figure class='gallery-item'>\n\t\t\t<div class='gallery-icon landscape'>\n\t\t\t\t<a href='https:\/\/zupnija-koroska-bela.rkc.si\/index.php\/misijon-2023-pridi-po-veselje-in-mir\/20230114_125638\/'><img loading=\"lazy\" decoding=\"async\" width=\"150\" height=\"150\" src=\"https:\/\/zupnija-koroska-bela.rkc.si\/wp-content\/uploads\/2023\/08\/20230114_125638-150x150.jpg\" class=\"attachment-thumbnail size-thumbnail\" alt=\"\" srcset=\"https:\/\/zupnija-koroska-bela.rkc.si\/wp-content\/uploads\/2023\/08\/20230114_125638-150x150.jpg 150w, https:\/\/zupnija-koroska-bela.rkc.si\/wp-content\/uploads\/2023\/08\/20230114_125638-100x100.jpg 100w\" sizes=\"auto, 100vw\" \/><\/a>\n\t\t\t<\/div><\/figure><figure class='gallery-item'>\n\t\t\t<div class='gallery-icon portrait'>\n\t\t\t\t<a href='https:\/\/zupnija-koroska-bela.rkc.si\/index.php\/misijon-2023-pridi-po-veselje-in-mir\/20230114_130009\/'><img loading=\"lazy\" decoding=\"async\" width=\"150\" height=\"150\" src=\"https:\/\/zupnija-koroska-bela.rkc.si\/wp-content\/uploads\/2023\/08\/20230114_130009-150x150.jpg\" class=\"attachment-thumbnail size-thumbnail\" alt=\"\" srcset=\"https:\/\/zupnija-koroska-bela.rkc.si\/wp-content\/uploads\/2023\/08\/20230114_130009-150x150.jpg 150w, https:\/\/zupnija-koroska-bela.rkc.si\/wp-content\/uploads\/2023\/08\/20230114_130009-100x100.jpg 100w\" sizes=\"auto, 100vw\" \/><\/a>\n\t\t\t<\/div><\/figure>\n\t\t<\/div>\n\n<p><strong>V novem letu vam \u017eelimo obilo veselja in blagoslova.<\/strong><\/p>\n<\/div>\n<\/div>\n<\/div>\n<\/div>\n<\/div>\n<\/section>\n<section class=\"elementor-section elementor-top-section elementor-element elementor-element-0491146 elementor-section-boxed elementor-section-height-default elementor-section-height-default\" data-id=\"0491146\" data-element_type=\"section\">\n<div class=\"elementor-container elementor-column-gap-default\">\n<div class=\"elementor-column elementor-col-100 elementor-top-column elementor-element elementor-element-4657fc9\" data-id=\"4657fc9\" data-element_type=\"column\">\n<div class=\"elementor-widget-wrap elementor-element-populated\">\n<div class=\"elementor-element elementor-element-2599777 elementor-widget elementor-widget-image-gallery\" data-id=\"2599777\" data-element_type=\"widget\" data-widget_type=\"image-gallery.default\">\n<div class=\"elementor-widget-container\">\n<div class=\"elementor-image-gallery\">\n<div id=\"gallery-1\" class=\"gallery galleryid-706 gallery-columns-6 gallery-size-thumbnail\">\n<p><img loading=\"lazy\" decoding=\"async\" class=\"alignnone size-full wp-image-925\" src=\"https:\/\/zupnija-koroska-bela.rkc.si\/wp-content\/uploads\/2023\/08\/NBP0992.webp\" alt=\"\" width=\"1024\" height=\"768\" \/><\/p>\n<dl class=\"gallery-item\">\n<dt class=\"gallery-icon landscape\"><\/dt>\n<\/dl>\n<dl class=\"gallery-item\">\n<dt class=\"gallery-icon landscape\"><\/dt>\n<\/dl>\n<dl class=\"gallery-item\">\n<dt class=\"gallery-icon landscape\"><\/dt>\n<\/dl>\n<dl class=\"gallery-item\">\n<dt class=\"gallery-icon landscape\"><\/dt>\n<\/dl>\n<dl class=\"gallery-item\">\n<dt class=\"gallery-icon portrait\"><\/dt>\n<\/dl>\n<\/div>\n<header class=\"entry-header blog-title\">\n<h4 class=\"entry-title blog-title\">Filmski ve\u010der<\/h4>\n<\/header>\n<div class=\"entry-content\">\n<div class=\"elementor elementor-466\" data-elementor-type=\"wp-post\" data-elementor-id=\"466\">\n<section class=\"elementor-section elementor-top-section elementor-element elementor-element-20ef900 elementor-section-boxed elementor-section-height-default elementor-section-height-default\" data-id=\"20ef900\" data-element_type=\"section\">\n<div class=\"elementor-container elementor-column-gap-default\">\n<div class=\"elementor-column elementor-col-100 elementor-top-column elementor-element elementor-element-76485cd\" data-id=\"76485cd\" data-element_type=\"column\">\n<div class=\"elementor-widget-wrap\"><\/div>\n<\/div>\n<\/div>\n<\/section>\n<section class=\"elementor-section elementor-top-section elementor-element elementor-element-283d389 elementor-section-boxed elementor-section-height-default elementor-section-height-default\" data-id=\"283d389\" data-element_type=\"section\">\n<div class=\"elementor-container elementor-column-gap-default\">\n<div class=\"elementor-column elementor-col-100 elementor-top-column elementor-element elementor-element-f57693b\" data-id=\"f57693b\" data-element_type=\"column\">\n<div class=\"elementor-widget-wrap elementor-element-populated\">\n<div class=\"elementor-element elementor-element-9f4d36e elementor-widget elementor-widget-text-editor\" data-id=\"9f4d36e\" data-element_type=\"widget\" data-widget_type=\"text-editor.default\">\n<div class=\"elementor-widget-container\">\n<p>17. 11. po ve\u010derni ma\u0161i se nam bo na rednem filmskem ve\u010deru pridru\u017eil p. ANDRA\u017d ARKO, brat fran\u010di\u0161kan, teolog in socialni pedagog, \u017eupnik v \u017dupniji Nazarje. Na Teolo\u0161ki fakulteti v Ljubljani je doktoriral iz filmske vzgoje. Je pisec mladinske literature in poznavalec filmske ustvarjalnosti. Torej: ne le, da rad gleda filme, ampak jih tudi analizira. O tem je med drugim napisal tudi knjigo FILMSKI IZZIV.<\/p>\n<p>Vabljeni, da pre\u017eivite ve\u010der v dobri dru\u017ebi, ob dobrem filmu in dobrem klepetu.<\/p>\n<p>\u017dUPNI\u0160\u010cE, \u010detrtek 17.11. ob 18.30.<\/p>\n<header class=\"entry-header blog-title\">\n<h4 class=\"entry-title blog-title\">Veselje evangelija<\/h4>\n<\/header>\n<div class=\"entry-content\">\n<div class=\"elementor elementor-459\" data-elementor-type=\"wp-post\" data-elementor-id=\"459\">\n<section class=\"elementor-section elementor-top-section elementor-element elementor-element-a8ca54b elementor-section-boxed elementor-section-height-default elementor-section-height-default\" data-id=\"a8ca54b\" data-element_type=\"section\">\n<div class=\"elementor-container elementor-column-gap-default\">\n<div class=\"elementor-column elementor-col-100 elementor-top-column elementor-element elementor-element-371b867\" data-id=\"371b867\" data-element_type=\"column\">\n<div class=\"elementor-widget-wrap elementor-element-populated\"><\/div>\n<\/div>\n<\/div>\n<\/section>\n<section class=\"elementor-section elementor-top-section elementor-element elementor-element-5fac7cb elementor-section-boxed elementor-section-height-default elementor-section-height-default\" data-id=\"5fac7cb\" data-element_type=\"section\">\n<div class=\"elementor-container elementor-column-gap-default\">\n<div class=\"elementor-column elementor-col-100 elementor-top-column elementor-element elementor-element-4238d39\" data-id=\"4238d39\" data-element_type=\"column\">\n<div class=\"elementor-widget-wrap elementor-element-populated\"><\/div>\n<\/div>\n<\/div>\n<\/section>\n<section class=\"elementor-section elementor-top-section elementor-element elementor-element-1210228 elementor-section-boxed elementor-section-height-default elementor-section-height-default\" data-id=\"1210228\" data-element_type=\"section\">\n<div class=\"elementor-container elementor-column-gap-default\">\n<div class=\"elementor-column elementor-col-100 elementor-top-column elementor-element elementor-element-21352b8\" data-id=\"21352b8\" data-element_type=\"column\">\n<div class=\"elementor-widget-wrap elementor-element-populated\">\n<div class=\"elementor-element elementor-element-5188660 elementor-widget elementor-widget-text-editor\" data-id=\"5188660\" data-element_type=\"widget\" data-widget_type=\"text-editor.default\">\n<div class=\"elementor-widget-container\">\n<p>V goste smo povabili ANJO KASTELIC, ki je posve\u010dena sestra v Bratstvu Veselje evangelija.<\/p>\n<p>Sre\u010danje bo v ponedeljek 7.11. po ve\u010derni ma\u0161i, torej ob 18.30. v KULTURNEM HRAMU.<\/p>\n<p>Prvi ponedeljki so na \u017eupnijskem koledarju sicer rezervirani za bibli\u010dno skupino, in ANJA nas bo nagovorila prav preko bo\u017eje besede.<\/p>\n<p>Vabljeni prav vsi, \u0161e posebej \u010dlani bibili\u010dne skupine, bralci beril, mladi \u2026<\/p>\n<p>Jezus sam je Beseda, ki se je u\u010dlove\u010dila, branje in premi\u0161ljevanje Svetega pisma je torej najpreprostej\u0161a oblika in mo\u017enost za pogovor z Njim.<\/p>\n<p>Nekaj ve\u010d o na\u0161i gostji, lahko izveste iz tega intervjuja:<\/p>\n<p><a href=\"https:\/\/si.aleteia.org\/2019\/04\/14\/potrebujemo-nekoga-da-nas-slaci-sezuva-da-se-lahko-pocasi-resujemo-svojega-egoizma\/\">https:\/\/si.aleteia.org\/2019\/04\/14\/potrebujemo-nekoga-da-nas-slaci-sezuva-da-se-lahko-pocasi-resujemo-svojega-egoizma\/<\/a><\/p>\n<\/div>\n<\/div>\n<div class=\"elementor-element elementor-element-aad98a0 elementor-widget elementor-widget-image-gallery\" data-id=\"aad98a0\" data-element_type=\"widget\" data-widget_type=\"image-gallery.default\">\n<div class=\"elementor-widget-container\">\n<div class=\"elementor-image-gallery\">\n<div id=\"gallery-1\" class=\"gallery galleryid-459 gallery-columns-4 gallery-size-thumbnail\">\n<div id='gallery-7' class='gallery galleryid-805 gallery-columns-3 gallery-size-thumbnail'><figure class='gallery-item'>\n\t\t\t<div class='gallery-icon landscape'>\n\t\t\t\t<a href='https:\/\/zupnija-koroska-bela.rkc.si\/index.php\/misijon-2023-pridi-po-veselje-in-mir\/1nb1217\/'><img loading=\"lazy\" decoding=\"async\" width=\"150\" height=\"150\" src=\"https:\/\/zupnija-koroska-bela.rkc.si\/wp-content\/uploads\/2023\/08\/1NB1217-150x150.jpg\" class=\"attachment-thumbnail size-thumbnail\" alt=\"\" srcset=\"https:\/\/zupnija-koroska-bela.rkc.si\/wp-content\/uploads\/2023\/08\/1NB1217-150x150.jpg 150w, https:\/\/zupnija-koroska-bela.rkc.si\/wp-content\/uploads\/2023\/08\/1NB1217-100x100.jpg 100w\" sizes=\"auto, 100vw\" \/><\/a>\n\t\t\t<\/div><\/figure><figure class='gallery-item'>\n\t\t\t<div class='gallery-icon landscape'>\n\t\t\t\t<a href='https:\/\/zupnija-koroska-bela.rkc.si\/index.php\/misijon-2023-pridi-po-veselje-in-mir\/1nb1223\/'><img loading=\"lazy\" decoding=\"async\" width=\"150\" height=\"150\" src=\"https:\/\/zupnija-koroska-bela.rkc.si\/wp-content\/uploads\/2023\/08\/1NB1223-150x150.jpg\" class=\"attachment-thumbnail size-thumbnail\" alt=\"\" srcset=\"https:\/\/zupnija-koroska-bela.rkc.si\/wp-content\/uploads\/2023\/08\/1NB1223-150x150.jpg 150w, https:\/\/zupnija-koroska-bela.rkc.si\/wp-content\/uploads\/2023\/08\/1NB1223-100x100.jpg 100w\" sizes=\"auto, 100vw\" \/><\/a>\n\t\t\t<\/div><\/figure><figure class='gallery-item'>\n\t\t\t<div class='gallery-icon landscape'>\n\t\t\t\t<a href='https:\/\/zupnija-koroska-bela.rkc.si\/index.php\/misijon-2023-pridi-po-veselje-in-mir\/1nb1241\/'><img loading=\"lazy\" decoding=\"async\" width=\"150\" height=\"150\" src=\"https:\/\/zupnija-koroska-bela.rkc.si\/wp-content\/uploads\/2023\/08\/1NB1241-150x150.jpg\" class=\"attachment-thumbnail size-thumbnail\" alt=\"\" srcset=\"https:\/\/zupnija-koroska-bela.rkc.si\/wp-content\/uploads\/2023\/08\/1NB1241-150x150.jpg 150w, https:\/\/zupnija-koroska-bela.rkc.si\/wp-content\/uploads\/2023\/08\/1NB1241-100x100.jpg 100w\" sizes=\"auto, 100vw\" \/><\/a>\n\t\t\t<\/div><\/figure><figure class='gallery-item'>\n\t\t\t<div class='gallery-icon portrait'>\n\t\t\t\t<a href='https:\/\/zupnija-koroska-bela.rkc.si\/index.php\/misijon-2023-pridi-po-veselje-in-mir\/1nb1250\/'><img loading=\"lazy\" decoding=\"async\" width=\"150\" height=\"150\" src=\"https:\/\/zupnija-koroska-bela.rkc.si\/wp-content\/uploads\/2023\/08\/1NB1250-150x150.jpg\" class=\"attachment-thumbnail size-thumbnail\" alt=\"\" srcset=\"https:\/\/zupnija-koroska-bela.rkc.si\/wp-content\/uploads\/2023\/08\/1NB1250-150x150.jpg 150w, https:\/\/zupnija-koroska-bela.rkc.si\/wp-content\/uploads\/2023\/08\/1NB1250-100x100.jpg 100w\" sizes=\"auto, 100vw\" \/><\/a>\n\t\t\t<\/div><\/figure><figure class='gallery-item'>\n\t\t\t<div class='gallery-icon landscape'>\n\t\t\t\t<a href='https:\/\/zupnija-koroska-bela.rkc.si\/index.php\/misijon-2023-pridi-po-veselje-in-mir\/1nb1260\/'><img loading=\"lazy\" decoding=\"async\" width=\"150\" height=\"150\" src=\"https:\/\/zupnija-koroska-bela.rkc.si\/wp-content\/uploads\/2023\/08\/1NB1260-150x150.jpg\" class=\"attachment-thumbnail size-thumbnail\" alt=\"\" srcset=\"https:\/\/zupnija-koroska-bela.rkc.si\/wp-content\/uploads\/2023\/08\/1NB1260-150x150.jpg 150w, https:\/\/zupnija-koroska-bela.rkc.si\/wp-content\/uploads\/2023\/08\/1NB1260-100x100.jpg 100w\" sizes=\"auto, 100vw\" \/><\/a>\n\t\t\t<\/div><\/figure><figure class='gallery-item'>\n\t\t\t<div class='gallery-icon landscape'>\n\t\t\t\t<a href='https:\/\/zupnija-koroska-bela.rkc.si\/index.php\/misijon-2023-pridi-po-veselje-in-mir\/1nb1268\/'><img loading=\"lazy\" decoding=\"async\" width=\"150\" height=\"150\" src=\"https:\/\/zupnija-koroska-bela.rkc.si\/wp-content\/uploads\/2023\/08\/1NB1268-150x150.jpg\" class=\"attachment-thumbnail size-thumbnail\" alt=\"\" srcset=\"https:\/\/zupnija-koroska-bela.rkc.si\/wp-content\/uploads\/2023\/08\/1NB1268-150x150.jpg 150w, https:\/\/zupnija-koroska-bela.rkc.si\/wp-content\/uploads\/2023\/08\/1NB1268-100x100.jpg 100w\" sizes=\"auto, 100vw\" \/><\/a>\n\t\t\t<\/div><\/figure><figure class='gallery-item'>\n\t\t\t<div class='gallery-icon landscape'>\n\t\t\t\t<a href='https:\/\/zupnija-koroska-bela.rkc.si\/index.php\/misijon-2023-pridi-po-veselje-in-mir\/1nb1271-2\/'><img loading=\"lazy\" decoding=\"async\" width=\"150\" height=\"150\" src=\"https:\/\/zupnija-koroska-bela.rkc.si\/wp-content\/uploads\/2023\/08\/1NB1271-2-150x150.jpg\" class=\"attachment-thumbnail size-thumbnail\" alt=\"\" srcset=\"https:\/\/zupnija-koroska-bela.rkc.si\/wp-content\/uploads\/2023\/08\/1NB1271-2-150x150.jpg 150w, https:\/\/zupnija-koroska-bela.rkc.si\/wp-content\/uploads\/2023\/08\/1NB1271-2-100x100.jpg 100w\" sizes=\"auto, 100vw\" \/><\/a>\n\t\t\t<\/div><\/figure><figure class='gallery-item'>\n\t\t\t<div class='gallery-icon landscape'>\n\t\t\t\t<a href='https:\/\/zupnija-koroska-bela.rkc.si\/index.php\/misijon-2023-pridi-po-veselje-in-mir\/20221107_193520\/'><img loading=\"lazy\" decoding=\"async\" width=\"150\" height=\"150\" src=\"https:\/\/zupnija-koroska-bela.rkc.si\/wp-content\/uploads\/2023\/08\/20221107_193520-150x150.jpg\" class=\"attachment-thumbnail size-thumbnail\" alt=\"\" srcset=\"https:\/\/zupnija-koroska-bela.rkc.si\/wp-content\/uploads\/2023\/08\/20221107_193520-150x150.jpg 150w, https:\/\/zupnija-koroska-bela.rkc.si\/wp-content\/uploads\/2023\/08\/20221107_193520-100x100.jpg 100w\" sizes=\"auto, 100vw\" \/><\/a>\n\t\t\t<\/div><\/figure><figure class='gallery-item'>\n\t\t\t<div class='gallery-icon landscape'>\n\t\t\t\t<a href='https:\/\/zupnija-koroska-bela.rkc.si\/index.php\/misijon-2023-pridi-po-veselje-in-mir\/20221107_194119\/'><img loading=\"lazy\" decoding=\"async\" width=\"150\" height=\"150\" src=\"https:\/\/zupnija-koroska-bela.rkc.si\/wp-content\/uploads\/2023\/08\/20221107_194119-150x150.jpg\" class=\"attachment-thumbnail size-thumbnail\" alt=\"\" srcset=\"https:\/\/zupnija-koroska-bela.rkc.si\/wp-content\/uploads\/2023\/08\/20221107_194119-150x150.jpg 150w, https:\/\/zupnija-koroska-bela.rkc.si\/wp-content\/uploads\/2023\/08\/20221107_194119-100x100.jpg 100w\" sizes=\"auto, 100vw\" \/><\/a>\n\t\t\t<\/div><\/figure>\n\t\t<\/div>\n\n<\/div>\n<\/div>\n<\/div>\n<\/div>\n<\/div>\n<\/div>\n<\/div>\n<\/section>\n<section class=\"elementor-section elementor-top-section elementor-element elementor-element-28d54d8 elementor-section-boxed elementor-section-height-default elementor-section-height-default\" data-id=\"28d54d8\" data-element_type=\"section\">\n<div class=\"elementor-container elementor-column-gap-default\">\n<div class=\"elementor-column elementor-col-100 elementor-top-column elementor-element elementor-element-aab9bfc\" data-id=\"aab9bfc\" data-element_type=\"column\">\n<div class=\"elementor-widget-wrap elementor-element-populated\">\n<div class=\"elementor-element elementor-element-4d1bda3 elementor-widget elementor-widget-text-editor\" data-id=\"4d1bda3\" data-element_type=\"widget\" data-widget_type=\"text-editor.default\">\n<div class=\"elementor-widget-container\">\n<p>Foto: Nik Bertoncelj in Barbara Toman<\/p>\n<\/div>\n<\/div>\n<\/div>\n<\/div>\n<\/div>\n<\/section>\n<section class=\"elementor-section elementor-top-section elementor-element elementor-element-667c415 elementor-section-boxed elementor-section-height-default elementor-section-height-default\" data-id=\"667c415\" data-element_type=\"section\">\n<div class=\"elementor-container elementor-column-gap-default\">\n<div class=\"elementor-column elementor-col-100 elementor-top-column elementor-element elementor-element-a9622a1\" data-id=\"a9622a1\" data-element_type=\"column\">\n<div class=\"elementor-widget-wrap elementor-element-populated\">\n<div class=\"elementor-element elementor-element-8e469ef elementor-widget elementor-widget-text-editor\" data-id=\"8e469ef\" data-element_type=\"widget\" data-widget_type=\"text-editor.default\">\n<div class=\"elementor-widget-container\">\n<p><a href=\"https:\/\/www.youtube.com\/watch?v=L5Pn_LPE0G4\">https:\/\/www.youtube.com\/watch?v=L5Pn_LPE0G4<\/a><\/p>\n<p><iframe loading=\"lazy\" title=\"Bibli\u010dna skupina z gostjo s. Anjo Kastelic\" src=\"https:\/\/www.youtube.com\/embed\/L5Pn_LPE0G4?feature=oembed\" width=\"500\" height=\"281\" frameborder=\"0\" allowfullscreen=\"allowfullscreen\" data-mce-fragment=\"1\"><\/iframe><\/p>\n<\/div>\n<\/div>\n<\/div>\n<\/div>\n<\/div>\n<\/section>\n<section class=\"elementor-section elementor-top-section elementor-element elementor-element-08b1dd4 elementor-section-boxed elementor-section-height-default elementor-section-height-default\" data-id=\"08b1dd4\" data-element_type=\"section\">\n<div class=\"elementor-container elementor-column-gap-default\">\n<div class=\"elementor-column elementor-col-100 elementor-top-column elementor-element elementor-element-6f75fe5\" data-id=\"6f75fe5\" data-element_type=\"column\">\n<div class=\"elementor-widget-wrap elementor-element-populated\">\n<div class=\"elementor-element elementor-element-3ed5394 elementor-widget elementor-widget-heading\" data-id=\"3ed5394\" data-element_type=\"widget\" data-widget_type=\"heading.default\">\n<div class=\"elementor-widget-container\">\n<h4 class=\"elementor-heading-title elementor-size-default\">Video: Bla\u017e Lavti\u017ear<\/h4>\n<header class=\"entry-header blog-title\">\n<h4 class=\"entry-title blog-title\">Drugi pogovorni ve\u010der \u2013 \u201cCerkev v\u010deraj, danes, jutri\u2026\u201d<\/h4>\n<\/header>\n<div class=\"entry-content\">\n<div class=\"elementor elementor-452\" data-elementor-type=\"wp-post\" data-elementor-id=\"452\">\n<section class=\"elementor-section elementor-top-section elementor-element elementor-element-a7d1116 elementor-section-boxed elementor-section-height-default elementor-section-height-default\" data-id=\"a7d1116\" data-element_type=\"section\">\n<div class=\"elementor-container elementor-column-gap-default\">\n<div class=\"elementor-column elementor-col-100 elementor-top-column elementor-element elementor-element-af5d80f\" data-id=\"af5d80f\" data-element_type=\"column\">\n<div class=\"elementor-widget-wrap elementor-element-populated\">\n<div class=\"elementor-element elementor-element-b836e55 elementor-widget elementor-widget-text-editor\" data-id=\"b836e55\" data-element_type=\"widget\" data-widget_type=\"text-editor.default\">\n<div class=\"elementor-widget-container\">\n<p class=\"NoSpacing tm7\"><span class=\"tm8\">\u00bbPRIDI PO VESELJE IN MIR!\u00ab \u2013 (Misijon na Koro\u0161ki Beli \u2013 od 3. do 12. marca<a id=\"aGoBack\"><\/a>\u00a02023)<\/span><\/p>\n<p class=\"NoSpacing tm7\"><span class=\"tm8\">Drugi pogovorni ve\u010der v pripravi na \u017eupnijski misijon z naslovom: \u00bbCERKEV V\u010cERAJ, DANES, JUTRI \u2026\u00ab bo v sredo 19.10 2022 ob 19. uri v Kulturnem hramu na Koro\u0161ki Beli.<\/span><\/p>\n<p class=\"NoSpacing tm7\"><span class=\"tm8\">V goste smo povabili celjskega \u0161kofa Maksimilijana Matja\u017ea.<\/span><\/p>\n<p class=\"NoSpacing tm7\"><span class=\"tm8\">Z njim se bo pogovarjal Matja\u017e Merljak z Radia Ognji\u0161\u010de.<\/span><\/p>\n<p class=\"NoSpacing tm7\"><span class=\"tm8\">Beseda bo tekla o \u017eivljenju v slovenski Cerkvi, o sinodalnih procesih in o podobi \u017eupnij v prihodnosti.<\/span><\/p>\n<p class=\"NoSpacing tm7\"><span class=\"tm8\">Prisr\u010dno povabljeni!<\/span><\/p>\n<p class=\"NoSpacing tm7\"><span class=\"tm8\">\u00a0<\/span><span class=\"tm8\">Nekaj o gostu:<\/span><\/p>\n<p class=\"NoSpacing tm7\"><u><a href=\"https:\/\/katoliska-cerkev.si\/ssk\/mariborska-metropolija2\/celjski-skof-msgr-dr-maksimilijan-matjaz\"><span class=\"tm8\">https:\/\/katoliska-cerkev.si\/ssk\/mariborska-metropolija2\/celjski-skof-msgr-dr-maksimilijan-matjaz<\/span><\/a><\/u><\/p>\n<p><iframe loading=\"lazy\" title=\"YouTube video player\" src=\"https:\/\/www.youtube.com\/embed\/8UiD-Qh3eCw\" width=\"800\" height=\"450\" frameborder=\"0\" allowfullscreen=\"allowfullscreen\" data-mce-fragment=\"1\"><\/iframe><\/p>\n<\/div>\n<\/div>\n<\/div>\n<\/div>\n<\/div>\n<\/section>\n<section class=\"elementor-section elementor-top-section elementor-element elementor-element-829daf6 elementor-section-boxed elementor-section-height-default elementor-section-height-default\" data-id=\"829daf6\" data-element_type=\"section\">\n<div class=\"elementor-container elementor-column-gap-default\">\n<div class=\"elementor-column elementor-col-100 elementor-top-column elementor-element elementor-element-dfb5a03\" data-id=\"dfb5a03\" data-element_type=\"column\">\n<div class=\"elementor-widget-wrap elementor-element-populated\">\n<div class=\"elementor-element elementor-element-08d2b84 elementor-widget elementor-widget-text-editor\" data-id=\"08d2b84\" data-element_type=\"widget\" data-widget_type=\"text-editor.default\">\n<div class=\"elementor-widget-container\">\n<p>Video: Bla\u017e Lavti\u017ear<\/p>\n<div id='gallery-8' class='gallery galleryid-805 gallery-columns-3 gallery-size-thumbnail'><figure class='gallery-item'>\n\t\t\t<div class='gallery-icon portrait'>\n\t\t\t\t<a href='https:\/\/zupnija-koroska-bela.rkc.si\/index.php\/misijon-2023-pridi-po-veselje-in-mir\/1nb6691-4\/'><img loading=\"lazy\" decoding=\"async\" width=\"150\" height=\"150\" src=\"https:\/\/zupnija-koroska-bela.rkc.si\/wp-content\/uploads\/2023\/08\/1NB6691-4-150x150.jpg\" class=\"attachment-thumbnail size-thumbnail\" alt=\"\" srcset=\"https:\/\/zupnija-koroska-bela.rkc.si\/wp-content\/uploads\/2023\/08\/1NB6691-4-150x150.jpg 150w, https:\/\/zupnija-koroska-bela.rkc.si\/wp-content\/uploads\/2023\/08\/1NB6691-4-100x100.jpg 100w\" sizes=\"auto, 100vw\" \/><\/a>\n\t\t\t<\/div><\/figure><figure class='gallery-item'>\n\t\t\t<div class='gallery-icon landscape'>\n\t\t\t\t<a href='https:\/\/zupnija-koroska-bela.rkc.si\/index.php\/misijon-2023-pridi-po-veselje-in-mir\/1nb6711\/'><img loading=\"lazy\" decoding=\"async\" width=\"150\" height=\"150\" src=\"https:\/\/zupnija-koroska-bela.rkc.si\/wp-content\/uploads\/2023\/08\/1NB6711-150x150.jpg\" class=\"attachment-thumbnail size-thumbnail\" alt=\"\" srcset=\"https:\/\/zupnija-koroska-bela.rkc.si\/wp-content\/uploads\/2023\/08\/1NB6711-150x150.jpg 150w, https:\/\/zupnija-koroska-bela.rkc.si\/wp-content\/uploads\/2023\/08\/1NB6711-100x100.jpg 100w\" sizes=\"auto, 100vw\" \/><\/a>\n\t\t\t<\/div><\/figure><figure class='gallery-item'>\n\t\t\t<div class='gallery-icon landscape'>\n\t\t\t\t<a href='https:\/\/zupnija-koroska-bela.rkc.si\/index.php\/misijon-2023-pridi-po-veselje-in-mir\/1nb6696\/'><img loading=\"lazy\" decoding=\"async\" width=\"150\" height=\"150\" src=\"https:\/\/zupnija-koroska-bela.rkc.si\/wp-content\/uploads\/2023\/08\/1NB6696-150x150.jpg\" class=\"attachment-thumbnail size-thumbnail\" alt=\"\" srcset=\"https:\/\/zupnija-koroska-bela.rkc.si\/wp-content\/uploads\/2023\/08\/1NB6696-150x150.jpg 150w, https:\/\/zupnija-koroska-bela.rkc.si\/wp-content\/uploads\/2023\/08\/1NB6696-100x100.jpg 100w\" sizes=\"auto, 100vw\" \/><\/a>\n\t\t\t<\/div><\/figure><figure class='gallery-item'>\n\t\t\t<div class='gallery-icon landscape'>\n\t\t\t\t<a href='https:\/\/zupnija-koroska-bela.rkc.si\/index.php\/misijon-2023-pridi-po-veselje-in-mir\/1nb6730-1\/'><img loading=\"lazy\" decoding=\"async\" width=\"150\" height=\"150\" src=\"https:\/\/zupnija-koroska-bela.rkc.si\/wp-content\/uploads\/2023\/08\/1NB6730-1-150x150.jpg\" class=\"attachment-thumbnail size-thumbnail\" alt=\"\" srcset=\"https:\/\/zupnija-koroska-bela.rkc.si\/wp-content\/uploads\/2023\/08\/1NB6730-1-150x150.jpg 150w, https:\/\/zupnija-koroska-bela.rkc.si\/wp-content\/uploads\/2023\/08\/1NB6730-1-100x100.jpg 100w\" sizes=\"auto, 100vw\" \/><\/a>\n\t\t\t<\/div><\/figure><figure class='gallery-item'>\n\t\t\t<div class='gallery-icon landscape'>\n\t\t\t\t<a href='https:\/\/zupnija-koroska-bela.rkc.si\/index.php\/misijon-2023-pridi-po-veselje-in-mir\/1nb6725-1\/'><img loading=\"lazy\" decoding=\"async\" width=\"150\" height=\"150\" src=\"https:\/\/zupnija-koroska-bela.rkc.si\/wp-content\/uploads\/2023\/08\/1NB6725-1-150x150.jpg\" class=\"attachment-thumbnail size-thumbnail\" alt=\"\" srcset=\"https:\/\/zupnija-koroska-bela.rkc.si\/wp-content\/uploads\/2023\/08\/1NB6725-1-150x150.jpg 150w, https:\/\/zupnija-koroska-bela.rkc.si\/wp-content\/uploads\/2023\/08\/1NB6725-1-100x100.jpg 100w\" sizes=\"auto, 100vw\" \/><\/a>\n\t\t\t<\/div><\/figure><figure class='gallery-item'>\n\t\t\t<div class='gallery-icon landscape'>\n\t\t\t\t<a href='https:\/\/zupnija-koroska-bela.rkc.si\/index.php\/misijon-2023-pridi-po-veselje-in-mir\/1nb6699\/'><img loading=\"lazy\" decoding=\"async\" width=\"150\" height=\"150\" src=\"https:\/\/zupnija-koroska-bela.rkc.si\/wp-content\/uploads\/2023\/08\/1NB6699-150x150.jpg\" class=\"attachment-thumbnail size-thumbnail\" alt=\"\" srcset=\"https:\/\/zupnija-koroska-bela.rkc.si\/wp-content\/uploads\/2023\/08\/1NB6699-150x150.jpg 150w, https:\/\/zupnija-koroska-bela.rkc.si\/wp-content\/uploads\/2023\/08\/1NB6699-100x100.jpg 100w\" sizes=\"auto, 100vw\" \/><\/a>\n\t\t\t<\/div><\/figure><figure class='gallery-item'>\n\t\t\t<div class='gallery-icon portrait'>\n\t\t\t\t<a href='https:\/\/zupnija-koroska-bela.rkc.si\/index.php\/misijon-2023-pridi-po-veselje-in-mir\/1nb6706\/'><img loading=\"lazy\" decoding=\"async\" width=\"150\" height=\"150\" src=\"https:\/\/zupnija-koroska-bela.rkc.si\/wp-content\/uploads\/2023\/08\/1NB6706-150x150.jpg\" class=\"attachment-thumbnail size-thumbnail\" alt=\"\" srcset=\"https:\/\/zupnija-koroska-bela.rkc.si\/wp-content\/uploads\/2023\/08\/1NB6706-150x150.jpg 150w, https:\/\/zupnija-koroska-bela.rkc.si\/wp-content\/uploads\/2023\/08\/1NB6706-100x100.jpg 100w\" sizes=\"auto, 100vw\" \/><\/a>\n\t\t\t<\/div><\/figure>\n\t\t<\/div>\n\n<p>Foto: Nik Bertoncelj<\/p>\n<header class=\"entry-header blog-title\">\n<h4 class=\"entry-title blog-title\">Romanje na Ajdno<\/h4>\n<\/header>\n<div class=\"entry-content\">\n<div class=\"elementor elementor-446\" data-elementor-type=\"wp-post\" data-elementor-id=\"446\">\n<section class=\"elementor-section elementor-top-section elementor-element elementor-element-fcd0b2b elementor-section-boxed elementor-section-height-default elementor-section-height-default\" data-id=\"fcd0b2b\" data-element_type=\"section\">\n<div class=\"elementor-container elementor-column-gap-default\">\n<div class=\"elementor-column elementor-col-100 elementor-top-column elementor-element elementor-element-ed7cc5d\" data-id=\"ed7cc5d\" data-element_type=\"column\">\n<div class=\"elementor-widget-wrap elementor-element-populated\">\n<div class=\"elementor-element elementor-element-7e45f20 elementor-widget elementor-widget-text-editor\" data-id=\"7e45f20\" data-element_type=\"widget\" data-widget_type=\"text-editor.default\">\n<div class=\"elementor-widget-container\">\n<p class=\"Normal tm5\"><span class=\"tm6\">V nedeljo, 28. 8. 2022<\/span><span class=\"tm6\">, smo se odpravili na\u00a0<\/span><span class=\"tm6\">Ajdno, kjer smo imeli ma\u0161o v zahvalo za po\u010ditnice\u00a0<\/span><span class=\"tm6\">in se priporo\u010dili za uspe\u0161no novo \u0161olsko in verou\u010dno leto. Po ma\u0161i sta Bogomila in Jaka poskrbela za sladko presene\u010denje \u2013 spekla sta nam slastne pala\u010dinke.<\/span><\/p>\n<div id='gallery-9' class='gallery galleryid-805 gallery-columns-3 gallery-size-thumbnail'><figure class='gallery-item'>\n\t\t\t<div class='gallery-icon landscape'>\n\t\t\t\t<a href='https:\/\/zupnija-koroska-bela.rkc.si\/index.php\/misijon-2023-pridi-po-veselje-in-mir\/20220828_145152\/'><img loading=\"lazy\" decoding=\"async\" width=\"150\" height=\"150\" src=\"https:\/\/zupnija-koroska-bela.rkc.si\/wp-content\/uploads\/2023\/08\/20220828_145152-150x150.jpg\" class=\"attachment-thumbnail size-thumbnail\" alt=\"\" srcset=\"https:\/\/zupnija-koroska-bela.rkc.si\/wp-content\/uploads\/2023\/08\/20220828_145152-150x150.jpg 150w, https:\/\/zupnija-koroska-bela.rkc.si\/wp-content\/uploads\/2023\/08\/20220828_145152-100x100.jpg 100w\" sizes=\"auto, 100vw\" \/><\/a>\n\t\t\t<\/div><\/figure><figure class='gallery-item'>\n\t\t\t<div class='gallery-icon landscape'>\n\t\t\t\t<a href='https:\/\/zupnija-koroska-bela.rkc.si\/index.php\/misijon-2023-pridi-po-veselje-in-mir\/20220828_151203\/'><img loading=\"lazy\" decoding=\"async\" width=\"150\" height=\"150\" src=\"https:\/\/zupnija-koroska-bela.rkc.si\/wp-content\/uploads\/2023\/08\/20220828_151203-150x150.jpg\" class=\"attachment-thumbnail size-thumbnail\" alt=\"\" srcset=\"https:\/\/zupnija-koroska-bela.rkc.si\/wp-content\/uploads\/2023\/08\/20220828_151203-150x150.jpg 150w, https:\/\/zupnija-koroska-bela.rkc.si\/wp-content\/uploads\/2023\/08\/20220828_151203-100x100.jpg 100w\" sizes=\"auto, 100vw\" \/><\/a>\n\t\t\t<\/div><\/figure><figure class='gallery-item'>\n\t\t\t<div class='gallery-icon landscape'>\n\t\t\t\t<a href='https:\/\/zupnija-koroska-bela.rkc.si\/index.php\/misijon-2023-pridi-po-veselje-in-mir\/20220828_155053\/'><img loading=\"lazy\" decoding=\"async\" width=\"150\" height=\"150\" src=\"https:\/\/zupnija-koroska-bela.rkc.si\/wp-content\/uploads\/2023\/08\/20220828_155053-150x150.jpg\" class=\"attachment-thumbnail size-thumbnail\" alt=\"\" srcset=\"https:\/\/zupnija-koroska-bela.rkc.si\/wp-content\/uploads\/2023\/08\/20220828_155053-150x150.jpg 150w, https:\/\/zupnija-koroska-bela.rkc.si\/wp-content\/uploads\/2023\/08\/20220828_155053-100x100.jpg 100w\" sizes=\"auto, 100vw\" \/><\/a>\n\t\t\t<\/div><\/figure><figure class='gallery-item'>\n\t\t\t<div class='gallery-icon landscape'>\n\t\t\t\t<a href='https:\/\/zupnija-koroska-bela.rkc.si\/index.php\/misijon-2023-pridi-po-veselje-in-mir\/20220828_160037\/'><img loading=\"lazy\" decoding=\"async\" width=\"150\" height=\"150\" src=\"https:\/\/zupnija-koroska-bela.rkc.si\/wp-content\/uploads\/2023\/08\/20220828_160037-150x150.jpg\" class=\"attachment-thumbnail size-thumbnail\" alt=\"\" srcset=\"https:\/\/zupnija-koroska-bela.rkc.si\/wp-content\/uploads\/2023\/08\/20220828_160037-150x150.jpg 150w, https:\/\/zupnija-koroska-bela.rkc.si\/wp-content\/uploads\/2023\/08\/20220828_160037-100x100.jpg 100w\" sizes=\"auto, 100vw\" \/><\/a>\n\t\t\t<\/div><\/figure><figure class='gallery-item'>\n\t\t\t<div class='gallery-icon landscape'>\n\t\t\t\t<a href='https:\/\/zupnija-koroska-bela.rkc.si\/index.php\/misijon-2023-pridi-po-veselje-in-mir\/20220828_160554\/'><img loading=\"lazy\" decoding=\"async\" width=\"150\" height=\"150\" src=\"https:\/\/zupnija-koroska-bela.rkc.si\/wp-content\/uploads\/2023\/08\/20220828_160554-150x150.jpg\" class=\"attachment-thumbnail size-thumbnail\" alt=\"\" srcset=\"https:\/\/zupnija-koroska-bela.rkc.si\/wp-content\/uploads\/2023\/08\/20220828_160554-150x150.jpg 150w, https:\/\/zupnija-koroska-bela.rkc.si\/wp-content\/uploads\/2023\/08\/20220828_160554-100x100.jpg 100w\" sizes=\"auto, 100vw\" \/><\/a>\n\t\t\t<\/div><\/figure><figure class='gallery-item'>\n\t\t\t<div class='gallery-icon landscape'>\n\t\t\t\t<a href='https:\/\/zupnija-koroska-bela.rkc.si\/index.php\/misijon-2023-pridi-po-veselje-in-mir\/nbp8939\/'><img loading=\"lazy\" decoding=\"async\" width=\"150\" height=\"150\" src=\"https:\/\/zupnija-koroska-bela.rkc.si\/wp-content\/uploads\/2023\/08\/NBP8939-150x150.jpg\" class=\"attachment-thumbnail size-thumbnail\" alt=\"\" srcset=\"https:\/\/zupnija-koroska-bela.rkc.si\/wp-content\/uploads\/2023\/08\/NBP8939-150x150.jpg 150w, https:\/\/zupnija-koroska-bela.rkc.si\/wp-content\/uploads\/2023\/08\/NBP8939-100x100.jpg 100w\" sizes=\"auto, 100vw\" \/><\/a>\n\t\t\t<\/div><\/figure>\n\t\t<\/div>\n\n<\/div>\n<\/div>\n<\/div>\n<\/div>\n<\/div>\n<\/section>\n<\/div>\n<\/div>\n<\/div>\n<\/div>\n<\/div>\n<\/div>\n<\/div>\n<\/section>\n<\/div>\n<\/div>\n<\/div>\n<\/div>\n<\/div>\n<\/div>\n<\/div>\n<\/section>\n<\/div>\n<\/div>\n<\/div>\n<\/div>\n<\/div>\n<\/div>\n<\/div>\n<\/section>\n<\/div>\n<\/div>\n<\/div>\n<\/div>\n<\/div>\n<\/div>\n<\/div>\n<\/div>\n<\/section>\n<\/div>\n<\/div>\n<header class=\"entry-header blog-title\">\n<h4 class=\"entry-title blog-title\">Okrogla miza \u2013 pridi po veselje in mir<\/h4>\n<\/header>\n<div class=\"entry-content\">\n<div class=\"elementor elementor-436\" data-elementor-type=\"wp-post\" data-elementor-id=\"436\">\n<section class=\"elementor-section elementor-top-section elementor-element elementor-element-fe8ef51 elementor-section-boxed elementor-section-height-default elementor-section-height-default\" data-id=\"fe8ef51\" data-element_type=\"section\">\n<div class=\"elementor-container elementor-column-gap-default\">\n<div class=\"elementor-column elementor-col-100 elementor-top-column elementor-element elementor-element-3d21e3d\" data-id=\"3d21e3d\" data-element_type=\"column\">\n<div class=\"elementor-widget-wrap elementor-element-populated\">\n<div class=\"elementor-element elementor-element-842888c elementor-widget elementor-widget-text-editor\" data-id=\"842888c\" data-element_type=\"widget\" data-widget_type=\"text-editor.default\">\n<div class=\"elementor-widget-container\">\n<p class=\"NoSpacing tm6\"><span class=\"tm7\">V \u017eupniji svetih Ingenuina in Albuina na Koro\u0161ki Beli smo se odlo\u010dili, da priredimo misijon, ki bo potekal drugo leto, od 3. do 12. marca, in sicer pod geslom: \u00bbPridi po veselje in mir!\u00ab. Vse do tedaj pa se bomo v \u017eupniji z raznimi dogodki, sre\u010danji in gosti na misijon seveda \u017ee pripravljali.<\/span><\/p>\n<p class=\"NoSpacing tm6\"><span class=\"tm7\">Uradno bomo s pripravo na misijon za\u010deli z ma\u0161o ob 10. uri, v nedeljo, 5. junija, na Binko\u0161ti.<\/span><\/p>\n<p class=\"NoSpacing tm6\"><span class=\"tm7\">Z nami bodo \u017ee tudi misijonarji: brat Luka Modic, brat Jo\u0161ko Smukavec \u2013 oba iz reda kapucinskih bratov, in sestra Grazyina (Gr\u017eena) Mech iz skupnosti Fran\u010di\u0161kank Marijinih misijonark, ki se nam bodo v devetih mesecih priprave \u0161e ve\u010dkrat pridru\u017eili, z nami pa bodo seveda na samem misijonu prihodnje leto, ki ga bodo tudi vodili.<\/span><\/p>\n<p class=\"NoSpacing tm6\"><span class=\"tm7\">Prvi velik dogodek v pripravi na misijon pa bo\u00a0<\/span><strong><span class=\"tm8\">v torek,<\/span><\/strong>\u00a0<strong><span class=\"tm8\">14. junija 2022<\/span><\/strong><span class=\"tm7\">, ko bomo\u00a0<\/span><strong><span class=\"tm8\">v Kulturnem hramu na Koro\u0161ki Beli,<\/span><\/strong>\u00a0<strong><span class=\"tm8\">ob 19. uri<\/span><\/strong><span class=\"tm7\">\u00a0na okrogli mizi gostili prve eminentne in imenitne goste.<\/span><\/p>\n<p class=\"NoSpacing tm6\"><span class=\"tm7\">Z nami bodo upokojeni mariborski\u00a0<\/span><strong><span class=\"tm8\">\u0161kof gospod Marjan Turn\u0161ek, Julijana Prevc, mama na\u0161ih odli\u010dnih smu\u010darskih skakalcev, Karmen Smodi\u0161, ilustratorka, ki je poznana po \u0161alah na zadnji strani tednika Dru\u017eina in pa Luka Se\u0161ek, mladi pevec ansambla Sa\u0161a Avsenika<\/span><\/strong><span class=\"tm7\">.<\/span><\/p>\n<p class=\"NoSpacing tm6\"><span class=\"tm7\">Pogovor pa bo povezoval in vodil novinar Luka Svetina, ki ga \u0161e vedno \u0161tejemo za na\u0161ega \u00bbBlana\u00ab. Spregovorili bodo v duhu gesla misijona o veselju in miru.<\/span><\/p>\n<p class=\"NoSpacing tm6\"><span class=\"tm7\">Pridite! Prisr\u010dno vabljeni.<\/span><\/p>\n<div id='gallery-10' class='gallery galleryid-805 gallery-columns-3 gallery-size-thumbnail'><figure class='gallery-item'>\n\t\t\t<div class='gallery-icon landscape'>\n\t\t\t\t<a href='https:\/\/zupnija-koroska-bela.rkc.si\/index.php\/misijon-2023-pridi-po-veselje-in-mir\/nbp8941\/'><img loading=\"lazy\" decoding=\"async\" width=\"150\" height=\"150\" src=\"https:\/\/zupnija-koroska-bela.rkc.si\/wp-content\/uploads\/2023\/08\/NBP8941-150x150.jpg\" class=\"attachment-thumbnail size-thumbnail\" alt=\"\" srcset=\"https:\/\/zupnija-koroska-bela.rkc.si\/wp-content\/uploads\/2023\/08\/NBP8941-150x150.jpg 150w, https:\/\/zupnija-koroska-bela.rkc.si\/wp-content\/uploads\/2023\/08\/NBP8941-100x100.jpg 100w\" sizes=\"auto, 100vw\" \/><\/a>\n\t\t\t<\/div><\/figure><figure class='gallery-item'>\n\t\t\t<div class='gallery-icon landscape'>\n\t\t\t\t<a href='https:\/\/zupnija-koroska-bela.rkc.si\/index.php\/misijon-2023-pridi-po-veselje-in-mir\/nbp8950\/'><img loading=\"lazy\" decoding=\"async\" width=\"150\" height=\"150\" src=\"https:\/\/zupnija-koroska-bela.rkc.si\/wp-content\/uploads\/2023\/08\/NBP8950-150x150.jpg\" class=\"attachment-thumbnail size-thumbnail\" alt=\"\" srcset=\"https:\/\/zupnija-koroska-bela.rkc.si\/wp-content\/uploads\/2023\/08\/NBP8950-150x150.jpg 150w, https:\/\/zupnija-koroska-bela.rkc.si\/wp-content\/uploads\/2023\/08\/NBP8950-100x100.jpg 100w\" sizes=\"auto, 100vw\" \/><\/a>\n\t\t\t<\/div><\/figure><figure class='gallery-item'>\n\t\t\t<div class='gallery-icon landscape'>\n\t\t\t\t<a href='https:\/\/zupnija-koroska-bela.rkc.si\/index.php\/misijon-2023-pridi-po-veselje-in-mir\/nbp8973-1\/'><img loading=\"lazy\" decoding=\"async\" width=\"150\" height=\"150\" src=\"https:\/\/zupnija-koroska-bela.rkc.si\/wp-content\/uploads\/2023\/08\/NBP8973-1-150x150.jpg\" class=\"attachment-thumbnail size-thumbnail\" alt=\"\" srcset=\"https:\/\/zupnija-koroska-bela.rkc.si\/wp-content\/uploads\/2023\/08\/NBP8973-1-150x150.jpg 150w, https:\/\/zupnija-koroska-bela.rkc.si\/wp-content\/uploads\/2023\/08\/NBP8973-1-100x100.jpg 100w\" sizes=\"auto, 100vw\" \/><\/a>\n\t\t\t<\/div><\/figure><figure class='gallery-item'>\n\t\t\t<div class='gallery-icon landscape'>\n\t\t\t\t<a href='https:\/\/zupnija-koroska-bela.rkc.si\/index.php\/misijon-2023-pridi-po-veselje-in-mir\/nbp8990\/'><img loading=\"lazy\" decoding=\"async\" width=\"150\" height=\"150\" src=\"https:\/\/zupnija-koroska-bela.rkc.si\/wp-content\/uploads\/2023\/08\/NBP8990-150x150.jpg\" class=\"attachment-thumbnail size-thumbnail\" alt=\"\" srcset=\"https:\/\/zupnija-koroska-bela.rkc.si\/wp-content\/uploads\/2023\/08\/NBP8990-150x150.jpg 150w, https:\/\/zupnija-koroska-bela.rkc.si\/wp-content\/uploads\/2023\/08\/NBP8990-100x100.jpg 100w\" sizes=\"auto, 100vw\" \/><\/a>\n\t\t\t<\/div><\/figure><figure class='gallery-item'>\n\t\t\t<div class='gallery-icon landscape'>\n\t\t\t\t<a href='https:\/\/zupnija-koroska-bela.rkc.si\/index.php\/misijon-2023-pridi-po-veselje-in-mir\/nbp8998\/'><img loading=\"lazy\" decoding=\"async\" width=\"150\" height=\"150\" src=\"https:\/\/zupnija-koroska-bela.rkc.si\/wp-content\/uploads\/2023\/08\/NBP8998-150x150.jpg\" class=\"attachment-thumbnail size-thumbnail\" alt=\"\" srcset=\"https:\/\/zupnija-koroska-bela.rkc.si\/wp-content\/uploads\/2023\/08\/NBP8998-150x150.jpg 150w, https:\/\/zupnija-koroska-bela.rkc.si\/wp-content\/uploads\/2023\/08\/NBP8998-100x100.jpg 100w\" sizes=\"auto, 100vw\" \/><\/a>\n\t\t\t<\/div><\/figure><figure class='gallery-item'>\n\t\t\t<div class='gallery-icon landscape'>\n\t\t\t\t<a href='https:\/\/zupnija-koroska-bela.rkc.si\/index.php\/misijon-2023-pridi-po-veselje-in-mir\/nbp9004\/'><img loading=\"lazy\" decoding=\"async\" width=\"150\" height=\"150\" src=\"https:\/\/zupnija-koroska-bela.rkc.si\/wp-content\/uploads\/2023\/08\/NBP9004-150x150.jpg\" class=\"attachment-thumbnail size-thumbnail\" alt=\"\" srcset=\"https:\/\/zupnija-koroska-bela.rkc.si\/wp-content\/uploads\/2023\/08\/NBP9004-150x150.jpg 150w, https:\/\/zupnija-koroska-bela.rkc.si\/wp-content\/uploads\/2023\/08\/NBP9004-100x100.jpg 100w\" sizes=\"auto, 100vw\" \/><\/a>\n\t\t\t<\/div><\/figure><figure class='gallery-item'>\n\t\t\t<div class='gallery-icon landscape'>\n\t\t\t\t<a href='https:\/\/zupnija-koroska-bela.rkc.si\/index.php\/misijon-2023-pridi-po-veselje-in-mir\/nbp9103\/'><img loading=\"lazy\" decoding=\"async\" width=\"150\" height=\"150\" src=\"https:\/\/zupnija-koroska-bela.rkc.si\/wp-content\/uploads\/2023\/08\/NBP9103-150x150.jpg\" class=\"attachment-thumbnail size-thumbnail\" alt=\"\" srcset=\"https:\/\/zupnija-koroska-bela.rkc.si\/wp-content\/uploads\/2023\/08\/NBP9103-150x150.jpg 150w, https:\/\/zupnija-koroska-bela.rkc.si\/wp-content\/uploads\/2023\/08\/NBP9103-100x100.jpg 100w\" sizes=\"auto, 100vw\" \/><\/a>\n\t\t\t<\/div><\/figure><figure class='gallery-item'>\n\t\t\t<div class='gallery-icon landscape'>\n\t\t\t\t<a href='https:\/\/zupnija-koroska-bela.rkc.si\/index.php\/misijon-2023-pridi-po-veselje-in-mir\/nbp9129\/'><img loading=\"lazy\" decoding=\"async\" width=\"150\" height=\"150\" src=\"https:\/\/zupnija-koroska-bela.rkc.si\/wp-content\/uploads\/2023\/08\/NBP9129-150x150.jpg\" class=\"attachment-thumbnail size-thumbnail\" alt=\"\" srcset=\"https:\/\/zupnija-koroska-bela.rkc.si\/wp-content\/uploads\/2023\/08\/NBP9129-150x150.jpg 150w, https:\/\/zupnija-koroska-bela.rkc.si\/wp-content\/uploads\/2023\/08\/NBP9129-100x100.jpg 100w\" sizes=\"auto, 100vw\" \/><\/a>\n\t\t\t<\/div><\/figure><figure class='gallery-item'>\n\t\t\t<div class='gallery-icon landscape'>\n\t\t\t\t<a href='https:\/\/zupnija-koroska-bela.rkc.si\/index.php\/misijon-2023-pridi-po-veselje-in-mir\/nbp9148-1\/'><img loading=\"lazy\" decoding=\"async\" width=\"150\" height=\"150\" src=\"https:\/\/zupnija-koroska-bela.rkc.si\/wp-content\/uploads\/2023\/08\/NBP9148-1-150x150.jpg\" class=\"attachment-thumbnail size-thumbnail\" alt=\"\" srcset=\"https:\/\/zupnija-koroska-bela.rkc.si\/wp-content\/uploads\/2023\/08\/NBP9148-1-150x150.jpg 150w, https:\/\/zupnija-koroska-bela.rkc.si\/wp-content\/uploads\/2023\/08\/NBP9148-1-100x100.jpg 100w\" sizes=\"auto, 100vw\" \/><\/a>\n\t\t\t<\/div><\/figure>\n\t\t<\/div>\n\n<p class=\"NoSpacing tm6\"><span class=\"tm7\">Pridite po veselje in mir.<\/span><\/p>\n<p class=\"NoSpacing tm6\"><a href=\"https:\/\/www.gorenjskiglas.si\/article\/20220620\/C\/220629988\/1039\/pridi-po-veselje-in-mir\" target=\"_blank\" rel=\"noopener\"><span class=\"tm7\">Ogled prispevka v Gorenjskem Glasu &gt;<\/span><\/a><\/p>\n<p><iframe loading=\"lazy\" title=\"YouTube video player\" src=\"https:\/\/www.youtube.com\/embed\/_cSF4sTKAR8\" width=\"800\" height=\"500\" frameborder=\"0\" allowfullscreen=\"allowfullscreen\" data-mce-fragment=\"1\"><\/iframe><\/p>\n<\/div>\n<\/div>\n<\/div>\n<\/div>\n<\/div>\n<\/section>\n<section class=\"elementor-section elementor-top-section elementor-element elementor-element-a66b8c4 elementor-section-boxed elementor-section-height-default elementor-section-height-default\" data-id=\"a66b8c4\" data-element_type=\"section\">\n<div class=\"elementor-container elementor-column-gap-default\">\n<div class=\"elementor-column elementor-col-50 elementor-top-column elementor-element elementor-element-f4ac4c5\" data-id=\"f4ac4c5\" data-element_type=\"column\">\n<div class=\"elementor-widget-wrap elementor-element-populated\">\n<div class=\"elementor-element elementor-element-78621ea elementor-widget elementor-widget-image\" data-id=\"78621ea\" data-element_type=\"widget\" data-widget_type=\"image.default\">\n<div class=\"elementor-widget-container\"><span style=\"font-size: 1rem;\">Video: Bla\u017e Lavti\u017ear<\/span><\/div>\n<\/div>\n<\/div>\n<\/div>\n<\/div>\n<\/section>\n<section class=\"elementor-section elementor-top-section elementor-element elementor-element-51467e3 elementor-section-boxed elementor-section-height-default elementor-section-height-default\" data-id=\"51467e3\" data-element_type=\"section\">\n<div class=\"elementor-container elementor-column-gap-default\">\n<div class=\"elementor-column elementor-col-100 elementor-top-column elementor-element elementor-element-71a7f46\" data-id=\"71a7f46\" data-element_type=\"column\">\n<div class=\"elementor-widget-wrap elementor-element-populated\">\n<div class=\"elementor-element elementor-element-0aec032 elementor-widget elementor-widget-text-editor\" data-id=\"0aec032\" data-element_type=\"widget\" data-widget_type=\"text-editor.default\">\n<div class=\"elementor-widget-container\">\n<p>Foto: Nik Bertoncelj<\/p>\n<header class=\"entry-header blog-title\">\n<h4 class=\"entry-title blog-title\">Romanje v Briksen<\/h4>\n<\/header>\n<div class=\"entry-content\">\n<div class=\"elementor elementor-431\" data-elementor-type=\"wp-post\" data-elementor-id=\"431\">\n<section class=\"elementor-section elementor-top-section elementor-element elementor-element-94b4f78 elementor-section-boxed elementor-section-height-default elementor-section-height-default\" data-id=\"94b4f78\" data-element_type=\"section\">\n<div class=\"elementor-container elementor-column-gap-default\">\n<div class=\"elementor-column elementor-col-100 elementor-top-column elementor-element elementor-element-939b013\" data-id=\"939b013\" data-element_type=\"column\">\n<div class=\"elementor-widget-wrap elementor-element-populated\">\n<div class=\"elementor-element elementor-element-a2cfd1c elementor-widget elementor-widget-text-editor\" data-id=\"a2cfd1c\" data-element_type=\"widget\" data-widget_type=\"text-editor.default\">\n<div class=\"elementor-widget-container\">\n<p>\u010clani \u017dupnijskega pastoralnega sveta in Misijonske pripravljalne skupine smo se 2. 5. 2022 na za\u010detku svojega \u00bbmandata\u00abodlo\u010dili poromati v Briksen na grob na\u0161ih farnih zavetnikov sv. Ingenuina in sv. Albuina. Poleg misijonarjev in \u017eupnika je z nami na romanje, kot svojevrsten vodi\u010d, \u0161el tudi blejski \u017eupan g. Janez Fajfar, ki se kot zgodovinar \u0161e posebej rad ukvarja z zgodovino Bleda, ki pa je seveda tesno povezana z Briksen\u0161ko \u0161kofijo.<br \/>\nDolga in zanimiva pot, ma\u0161a v briksen\u0161ki stolni cerkvi, kratek ogled mesta in pot nazaj. Lep in prekratek dan.<\/p>\n<div id='gallery-11' class='gallery galleryid-805 gallery-columns-3 gallery-size-thumbnail'><figure class='gallery-item'>\n\t\t\t<div class='gallery-icon landscape'>\n\t\t\t\t<a href='https:\/\/zupnija-koroska-bela.rkc.si\/index.php\/misijon-2023-pridi-po-veselje-in-mir\/20220502_113212-1\/'><img loading=\"lazy\" decoding=\"async\" width=\"150\" height=\"150\" src=\"https:\/\/zupnija-koroska-bela.rkc.si\/wp-content\/uploads\/2023\/08\/20220502_113212-1-150x150.jpg\" class=\"attachment-thumbnail size-thumbnail\" alt=\"\" srcset=\"https:\/\/zupnija-koroska-bela.rkc.si\/wp-content\/uploads\/2023\/08\/20220502_113212-1-150x150.jpg 150w, https:\/\/zupnija-koroska-bela.rkc.si\/wp-content\/uploads\/2023\/08\/20220502_113212-1-100x100.jpg 100w\" sizes=\"auto, 100vw\" \/><\/a>\n\t\t\t<\/div><\/figure><figure class='gallery-item'>\n\t\t\t<div class='gallery-icon landscape'>\n\t\t\t\t<a href='https:\/\/zupnija-koroska-bela.rkc.si\/index.php\/misijon-2023-pridi-po-veselje-in-mir\/20220502_113405\/'><img loading=\"lazy\" decoding=\"async\" width=\"150\" height=\"150\" src=\"https:\/\/zupnija-koroska-bela.rkc.si\/wp-content\/uploads\/2023\/08\/20220502_113405-150x150.jpg\" class=\"attachment-thumbnail size-thumbnail\" alt=\"\" srcset=\"https:\/\/zupnija-koroska-bela.rkc.si\/wp-content\/uploads\/2023\/08\/20220502_113405-150x150.jpg 150w, https:\/\/zupnija-koroska-bela.rkc.si\/wp-content\/uploads\/2023\/08\/20220502_113405-100x100.jpg 100w\" sizes=\"auto, 100vw\" \/><\/a>\n\t\t\t<\/div><\/figure><figure class='gallery-item'>\n\t\t\t<div class='gallery-icon landscape'>\n\t\t\t\t<a href='https:\/\/zupnija-koroska-bela.rkc.si\/index.php\/misijon-2023-pridi-po-veselje-in-mir\/20220502_123824\/'><img loading=\"lazy\" decoding=\"async\" width=\"150\" height=\"150\" src=\"https:\/\/zupnija-koroska-bela.rkc.si\/wp-content\/uploads\/2023\/08\/20220502_123824-150x150.jpg\" class=\"attachment-thumbnail size-thumbnail\" alt=\"\" srcset=\"https:\/\/zupnija-koroska-bela.rkc.si\/wp-content\/uploads\/2023\/08\/20220502_123824-150x150.jpg 150w, https:\/\/zupnija-koroska-bela.rkc.si\/wp-content\/uploads\/2023\/08\/20220502_123824-100x100.jpg 100w\" sizes=\"auto, 100vw\" \/><\/a>\n\t\t\t<\/div><\/figure><figure class='gallery-item'>\n\t\t\t<div class='gallery-icon landscape'>\n\t\t\t\t<a href='https:\/\/zupnija-koroska-bela.rkc.si\/index.php\/misijon-2023-pridi-po-veselje-in-mir\/image000008\/'><img loading=\"lazy\" decoding=\"async\" width=\"150\" height=\"150\" src=\"https:\/\/zupnija-koroska-bela.rkc.si\/wp-content\/uploads\/2023\/08\/image000008-150x150.jpg\" class=\"attachment-thumbnail size-thumbnail\" alt=\"\" srcset=\"https:\/\/zupnija-koroska-bela.rkc.si\/wp-content\/uploads\/2023\/08\/image000008-150x150.jpg 150w, https:\/\/zupnija-koroska-bela.rkc.si\/wp-content\/uploads\/2023\/08\/image000008-100x100.jpg 100w\" sizes=\"auto, 100vw\" \/><\/a>\n\t\t\t<\/div><\/figure><figure class='gallery-item'>\n\t\t\t<div class='gallery-icon landscape'>\n\t\t\t\t<a href='https:\/\/zupnija-koroska-bela.rkc.si\/index.php\/misijon-2023-pridi-po-veselje-in-mir\/20220502_123532\/'><img loading=\"lazy\" decoding=\"async\" width=\"150\" height=\"150\" src=\"https:\/\/zupnija-koroska-bela.rkc.si\/wp-content\/uploads\/2023\/08\/20220502_123532-150x150.jpg\" class=\"attachment-thumbnail size-thumbnail\" alt=\"\" srcset=\"https:\/\/zupnija-koroska-bela.rkc.si\/wp-content\/uploads\/2023\/08\/20220502_123532-150x150.jpg 150w, https:\/\/zupnija-koroska-bela.rkc.si\/wp-content\/uploads\/2023\/08\/20220502_123532-100x100.jpg 100w\" sizes=\"auto, 100vw\" \/><\/a>\n\t\t\t<\/div><\/figure><figure class='gallery-item'>\n\t\t\t<div class='gallery-icon landscape'>\n\t\t\t\t<a href='https:\/\/zupnija-koroska-bela.rkc.si\/index.php\/misijon-2023-pridi-po-veselje-in-mir\/20220502_123614\/'><img loading=\"lazy\" decoding=\"async\" width=\"150\" height=\"150\" src=\"https:\/\/zupnija-koroska-bela.rkc.si\/wp-content\/uploads\/2023\/08\/20220502_123614-150x150.jpg\" class=\"attachment-thumbnail size-thumbnail\" alt=\"\" srcset=\"https:\/\/zupnija-koroska-bela.rkc.si\/wp-content\/uploads\/2023\/08\/20220502_123614-150x150.jpg 150w, https:\/\/zupnija-koroska-bela.rkc.si\/wp-content\/uploads\/2023\/08\/20220502_123614-100x100.jpg 100w\" sizes=\"auto, 100vw\" \/><\/a>\n\t\t\t<\/div><\/figure><figure class='gallery-item'>\n\t\t\t<div class='gallery-icon portrait'>\n\t\t\t\t<a href='https:\/\/zupnija-koroska-bela.rkc.si\/index.php\/misijon-2023-pridi-po-veselje-in-mir\/20220502_150911\/'><img loading=\"lazy\" decoding=\"async\" width=\"150\" height=\"150\" src=\"https:\/\/zupnija-koroska-bela.rkc.si\/wp-content\/uploads\/2023\/08\/20220502_150911-150x150.jpg\" class=\"attachment-thumbnail size-thumbnail\" alt=\"\" srcset=\"https:\/\/zupnija-koroska-bela.rkc.si\/wp-content\/uploads\/2023\/08\/20220502_150911-150x150.jpg 150w, https:\/\/zupnija-koroska-bela.rkc.si\/wp-content\/uploads\/2023\/08\/20220502_150911-100x100.jpg 100w\" sizes=\"auto, 100vw\" \/><\/a>\n\t\t\t<\/div><\/figure><figure class='gallery-item'>\n\t\t\t<div class='gallery-icon portrait'>\n\t\t\t\t<a href='https:\/\/zupnija-koroska-bela.rkc.si\/index.php\/misijon-2023-pridi-po-veselje-in-mir\/20220502_123458\/'><img loading=\"lazy\" decoding=\"async\" width=\"150\" height=\"150\" src=\"https:\/\/zupnija-koroska-bela.rkc.si\/wp-content\/uploads\/2023\/08\/20220502_123458-150x150.jpg\" class=\"attachment-thumbnail size-thumbnail\" alt=\"\" srcset=\"https:\/\/zupnija-koroska-bela.rkc.si\/wp-content\/uploads\/2023\/08\/20220502_123458-150x150.jpg 150w, https:\/\/zupnija-koroska-bela.rkc.si\/wp-content\/uploads\/2023\/08\/20220502_123458-100x100.jpg 100w\" sizes=\"auto, 100vw\" \/><\/a>\n\t\t\t<\/div><\/figure><figure class='gallery-item'>\n\t\t\t<div class='gallery-icon portrait'>\n\t\t\t\t<a href='https:\/\/zupnija-koroska-bela.rkc.si\/index.php\/misijon-2023-pridi-po-veselje-in-mir\/20220502_130922-1\/'><img loading=\"lazy\" decoding=\"async\" width=\"150\" height=\"150\" src=\"https:\/\/zupnija-koroska-bela.rkc.si\/wp-content\/uploads\/2023\/08\/20220502_130922-1-150x150.jpg\" class=\"attachment-thumbnail size-thumbnail\" alt=\"\" srcset=\"https:\/\/zupnija-koroska-bela.rkc.si\/wp-content\/uploads\/2023\/08\/20220502_130922-1-150x150.jpg 150w, https:\/\/zupnija-koroska-bela.rkc.si\/wp-content\/uploads\/2023\/08\/20220502_130922-1-100x100.jpg 100w\" sizes=\"auto, 100vw\" \/><\/a>\n\t\t\t<\/div><\/figure><figure class='gallery-item'>\n\t\t\t<div class='gallery-icon portrait'>\n\t\t\t\t<a href='https:\/\/zupnija-koroska-bela.rkc.si\/index.php\/misijon-2023-pridi-po-veselje-in-mir\/20220502_123833-2\/'><img loading=\"lazy\" decoding=\"async\" width=\"150\" height=\"150\" src=\"https:\/\/zupnija-koroska-bela.rkc.si\/wp-content\/uploads\/2023\/08\/20220502_123833-1-150x150.jpg\" class=\"attachment-thumbnail size-thumbnail\" alt=\"\" srcset=\"https:\/\/zupnija-koroska-bela.rkc.si\/wp-content\/uploads\/2023\/08\/20220502_123833-1-150x150.jpg 150w, https:\/\/zupnija-koroska-bela.rkc.si\/wp-content\/uploads\/2023\/08\/20220502_123833-1-100x100.jpg 100w\" sizes=\"auto, 100vw\" \/><\/a>\n\t\t\t<\/div><\/figure><figure class='gallery-item'>\n\t\t\t<div class='gallery-icon portrait'>\n\t\t\t\t<a href='https:\/\/zupnija-koroska-bela.rkc.si\/index.php\/misijon-2023-pridi-po-veselje-in-mir\/20220502_123833\/'><img loading=\"lazy\" decoding=\"async\" width=\"150\" height=\"150\" src=\"https:\/\/zupnija-koroska-bela.rkc.si\/wp-content\/uploads\/2023\/08\/20220502_123833-150x150.jpg\" class=\"attachment-thumbnail size-thumbnail\" alt=\"\" srcset=\"https:\/\/zupnija-koroska-bela.rkc.si\/wp-content\/uploads\/2023\/08\/20220502_123833-150x150.jpg 150w, https:\/\/zupnija-koroska-bela.rkc.si\/wp-content\/uploads\/2023\/08\/20220502_123833-100x100.jpg 100w\" sizes=\"auto, 100vw\" \/><\/a>\n\t\t\t<\/div><\/figure>\n\t\t<\/div>\n\n<\/div>\n<\/div>\n<\/div>\n<\/div>\n<\/div>\n<\/section>\n<section class=\"elementor-section elementor-top-section elementor-element elementor-element-4127b54 elementor-section-boxed elementor-section-height-default elementor-section-height-default\" data-id=\"4127b54\" data-element_type=\"section\">\n<div class=\"elementor-container elementor-column-gap-default\">\n<div class=\"elementor-column elementor-col-50 elementor-top-column elementor-element elementor-element-f0de145\" data-id=\"f0de145\" data-element_type=\"column\">\n<div class=\"elementor-widget-wrap elementor-element-populated\">\n<div class=\"elementor-element elementor-element-c2343c5 elementor-widget elementor-widget-image\" data-id=\"c2343c5\" data-element_type=\"widget\" data-widget_type=\"image.default\">\n<div class=\"elementor-widget-container\"><\/div>\n<\/div>\n<\/div>\n<\/div>\n<\/div>\n<\/section>\n<\/div>\n<\/div>\n<\/div>\n<\/div>\n<\/div>\n<\/div>\n<\/div>\n<\/section>\n<\/div>\n<\/div>\n<header class=\"entry-header blog-title\">\n<h4 class=\"entry-title blog-title\">Prisr\u010dno dobrodo\u0161li<\/h4>\n<\/header>\n<div class=\"entry-content\">\n<div class=\"elementor elementor-79\" data-elementor-type=\"wp-post\" data-elementor-id=\"79\">\n<section class=\"elementor-section elementor-top-section elementor-element elementor-element-8f9fc18 elementor-section-boxed elementor-section-height-default elementor-section-height-default\" data-id=\"8f9fc18\" data-element_type=\"section\">\n<div class=\"elementor-container elementor-column-gap-default\">\n<div class=\"elementor-column elementor-col-100 elementor-top-column elementor-element elementor-element-e4b996a\" data-id=\"e4b996a\" data-element_type=\"column\">\n<div class=\"elementor-widget-wrap elementor-element-populated\">\n<div class=\"elementor-element elementor-element-bed323c elementor-widget elementor-widget-text-editor\" data-id=\"bed323c\" data-element_type=\"widget\" data-widget_type=\"text-editor.default\">\n<div class=\"elementor-widget-container\">\n<p>Prisr\u010dno dobrodo\u0161li na spletni strani Misijon Koro\u0161ka Bela. Svete ma\u0161e:<\/p>\n<ul>\n<li>Nedeljske svete ma\u0161e: ob 8h in 10h, ter v soboto ob 18h poleti, pozimi ob 19h.<\/li>\n<li>Med tednom:\u00a0 poleti ob 19h, pozimi ob 18h,\u00a0<em>v sredo navadno ob 7h<\/em>.<\/li>\n<li><a href=\"http:\/\/zupnija-koroska-bela.rkc.si\/index.php\/mesecna-oznanila\/\">Aktualni urnik svetih ma\u0161 &gt;<\/a><\/li>\n<\/ul>\n<\/div>\n<\/div>\n<\/div>\n<\/div>\n<\/div>\n<\/section>\n<\/div>\n<\/div>\n<h1>Galerija<\/h1>\n<section class=\"elementor-section elementor-top-section elementor-element elementor-element-760de19 elementor-section-boxed elementor-section-height-default elementor-section-height-default\" data-id=\"760de19\" data-element_type=\"section\">\n<div class=\"elementor-container elementor-column-gap-default\">\n<div class=\"elementor-column elementor-col-100 elementor-top-column elementor-element elementor-element-302751d\" data-id=\"302751d\" data-element_type=\"column\">\n<div class=\"elementor-widget-wrap elementor-element-populated\">\n<div class=\"elementor-element elementor-element-61a8dc2 elementor-widget elementor-widget-heading\" data-id=\"61a8dc2\" data-element_type=\"widget\" data-widget_type=\"heading.default\">\n<div class=\"elementor-widget-container\">\n<h3 class=\"elementor-heading-title elementor-size-default\">Koro\u0161ka Bela<\/h3>\n<div id='gallery-12' class='gallery galleryid-805 gallery-columns-3 gallery-size-thumbnail'><figure class='gallery-item'>\n\t\t\t<div class='gallery-icon landscape'>\n\t\t\t\t<a href='https:\/\/zupnija-koroska-bela.rkc.si\/index.php\/misijon-2023-pridi-po-veselje-in-mir\/nbp9906\/'><img loading=\"lazy\" decoding=\"async\" width=\"150\" height=\"113\" src=\"https:\/\/zupnija-koroska-bela.rkc.si\/wp-content\/uploads\/2023\/08\/NBP9906.webp\" class=\"attachment-thumbnail size-thumbnail\" alt=\"\" sizes=\"auto, 100vw\" \/><\/a>\n\t\t\t<\/div><\/figure><figure class='gallery-item'>\n\t\t\t<div class='gallery-icon landscape'>\n\t\t\t\t<a href='https:\/\/zupnija-koroska-bela.rkc.si\/index.php\/misijon-2023-pridi-po-veselje-in-mir\/nbp9908\/'><img loading=\"lazy\" decoding=\"async\" width=\"150\" height=\"113\" src=\"https:\/\/zupnija-koroska-bela.rkc.si\/wp-content\/uploads\/2023\/08\/NBP9908.webp\" class=\"attachment-thumbnail size-thumbnail\" alt=\"\" sizes=\"auto, 100vw\" \/><\/a>\n\t\t\t<\/div><\/figure><figure class='gallery-item'>\n\t\t\t<div class='gallery-icon landscape'>\n\t\t\t\t<a href='https:\/\/zupnija-koroska-bela.rkc.si\/index.php\/misijon-2023-pridi-po-veselje-in-mir\/nbp5349\/'><img loading=\"lazy\" decoding=\"async\" width=\"150\" height=\"113\" src=\"https:\/\/zupnija-koroska-bela.rkc.si\/wp-content\/uploads\/2023\/08\/NBP5349.webp\" class=\"attachment-thumbnail size-thumbnail\" alt=\"\" sizes=\"auto, 100vw\" \/><\/a>\n\t\t\t<\/div><\/figure><figure class='gallery-item'>\n\t\t\t<div class='gallery-icon landscape'>\n\t\t\t\t<a href='https:\/\/zupnija-koroska-bela.rkc.si\/index.php\/misijon-2023-pridi-po-veselje-in-mir\/nbp9903\/'><img loading=\"lazy\" decoding=\"async\" width=\"150\" height=\"113\" src=\"https:\/\/zupnija-koroska-bela.rkc.si\/wp-content\/uploads\/2023\/08\/NBP9903.webp\" class=\"attachment-thumbnail size-thumbnail\" alt=\"\" sizes=\"auto, 100vw\" \/><\/a>\n\t\t\t<\/div><\/figure><figure class='gallery-item'>\n\t\t\t<div class='gallery-icon landscape'>\n\t\t\t\t<a href='https:\/\/zupnija-koroska-bela.rkc.si\/index.php\/misijon-2023-pridi-po-veselje-in-mir\/nbp9894\/'><img loading=\"lazy\" decoding=\"async\" width=\"150\" height=\"113\" src=\"https:\/\/zupnija-koroska-bela.rkc.si\/wp-content\/uploads\/2023\/08\/NBP9894.webp\" class=\"attachment-thumbnail size-thumbnail\" alt=\"\" sizes=\"auto, 100vw\" \/><\/a>\n\t\t\t<\/div><\/figure><figure class='gallery-item'>\n\t\t\t<div class='gallery-icon landscape'>\n\t\t\t\t<a href='https:\/\/zupnija-koroska-bela.rkc.si\/index.php\/misijon-2023-pridi-po-veselje-in-mir\/nbp3739\/'><img loading=\"lazy\" decoding=\"async\" width=\"150\" height=\"113\" src=\"https:\/\/zupnija-koroska-bela.rkc.si\/wp-content\/uploads\/2023\/08\/NBP3739.webp\" class=\"attachment-thumbnail size-thumbnail\" alt=\"\" sizes=\"auto, 100vw\" \/><\/a>\n\t\t\t<\/div><\/figure><figure class='gallery-item'>\n\t\t\t<div class='gallery-icon portrait'>\n\t\t\t\t<a href='https:\/\/zupnija-koroska-bela.rkc.si\/index.php\/misijon-2023-pridi-po-veselje-in-mir\/dsc_7115\/'><img loading=\"lazy\" decoding=\"async\" width=\"113\" height=\"150\" src=\"https:\/\/zupnija-koroska-bela.rkc.si\/wp-content\/uploads\/2023\/08\/DSC_7115.webp\" class=\"attachment-thumbnail size-thumbnail\" alt=\"\" sizes=\"auto, 100vw\" \/><\/a>\n\t\t\t<\/div><\/figure><figure class='gallery-item'>\n\t\t\t<div class='gallery-icon landscape'>\n\t\t\t\t<a href='https:\/\/zupnija-koroska-bela.rkc.si\/index.php\/misijon-2023-pridi-po-veselje-in-mir\/nbp9906-1\/'><img loading=\"lazy\" decoding=\"async\" width=\"150\" height=\"113\" src=\"https:\/\/zupnija-koroska-bela.rkc.si\/wp-content\/uploads\/2023\/08\/NBP9906-1.webp\" class=\"attachment-thumbnail size-thumbnail\" alt=\"\" sizes=\"auto, 100vw\" \/><\/a>\n\t\t\t<\/div><\/figure>\n\t\t<\/div>\n\n<\/div>\n<\/div>\n<div class=\"elementor-element elementor-element-2eed456 elementor-widget elementor-widget-bwg-elementor\" data-id=\"2eed456\" data-element_type=\"widget\" data-widget_type=\"bwg-elementor.default\">\n<div class=\"elementor-widget-container\">\n<div id=\"bwg_container1_0\" class=\"bwg_container bwg_thumbnail bwg_thumbnails \" data-right-click-protection=\"0\" data-bwg=\"0\" data-scroll=\"0\" data-gallery-type=\"thumbnails\" data-gallery-view-type=\"thumbnails\" data-current-url=\"\/galerija\/\" data-lightbox-url=\"https:\/\/misijon-koroska-bela.si\/wp-admin\/admin-ajax.php?action=GalleryBox&amp;current_view=0&amp;gallery_id=1&amp;tag=0&amp;theme_id=2&amp;shortcode_id=2&amp;sort_by=order&amp;order_by=asc&amp;current_url=%2Fgalerija%2F\" data-gallery-id=\"1\" data-popup-width=\"800\" data-popup-height=\"500\" data-is-album=\"gallery\" data-buttons-position=\"bottom\">\n<div id=\"bwg_container2_0\">\n<div id=\"ajax_loading_0\" class=\"bwg_loading_div_1 bwg-hidden\">\n<div class=\"bwg_loading_div_2\">\n<div class=\"bwg_loading_div_3\"><\/div>\n<\/div>\n<\/div>\n<\/div>\n<\/div>\n<\/div>\n<\/div>\n<\/div>\n<\/div>\n<\/div>\n<\/section>\n<section class=\"elementor-section elementor-top-section elementor-element elementor-element-3acf27b elementor-section-boxed elementor-section-height-default elementor-section-height-default\" data-id=\"3acf27b\" data-element_type=\"section\">\n<div class=\"elementor-container elementor-column-gap-default\">\n<div class=\"elementor-column elementor-col-100 elementor-top-column elementor-element elementor-element-b021b39\" data-id=\"b021b39\" data-element_type=\"column\">\n<div class=\"elementor-widget-wrap elementor-element-populated\">\n<div class=\"elementor-element elementor-element-e2aab2b elementor-widget elementor-widget-heading\" data-id=\"e2aab2b\" data-element_type=\"widget\" data-widget_type=\"heading.default\">\n<div class=\"elementor-widget-container\"><\/div>\n<\/div>\n<div class=\"elementor-element elementor-element-7009b50 elementor-widget elementor-widget-bwg-elementor\" data-id=\"7009b50\" data-element_type=\"widget\" data-widget_type=\"bwg-elementor.default\">\n<div class=\"elementor-widget-container\">\n<div id=\"bwg_container1_1\" class=\"bwg_container bwg_thumbnail bwg_thumbnails \" data-right-click-protection=\"0\" data-bwg=\"1\" data-scroll=\"0\" data-gallery-type=\"thumbnails\" data-gallery-view-type=\"thumbnails\" data-current-url=\"\/galerija\/\" data-lightbox-url=\"https:\/\/misijon-koroska-bela.si\/wp-admin\/admin-ajax.php?action=GalleryBox&amp;current_view=1&amp;gallery_id=3&amp;tag=0&amp;theme_id=2&amp;shortcode_id=4&amp;sort_by=order&amp;order_by=asc&amp;current_url=%2Fgalerija%2F\" data-gallery-id=\"3\" data-popup-width=\"800\" data-popup-height=\"500\" data-is-album=\"gallery\" data-buttons-position=\"bottom\">\n<div id=\"bwg_container2_1\">\n<form id=\"gal_front_form_1\" class=\"\" action=\"https:\/\/misijon-koroska-bela.si\/galerija\/#\" method=\"post\" data-current=\"1\" data-shortcode-id=\"4\" data-gallery-type=\"thumbnails\" data-gallery-id=\"3\" data-tag=\"0\" data-album-id=\"0\" data-theme-id=\"2\" data-ajax-url=\"https:\/\/misijon-koroska-bela.si\/wp-admin\/admin-ajax.php?action=bwg_frontend_data\">\n<div class=\"tablenav-pages_1\">\n<section class=\"elementor-section elementor-top-section elementor-element elementor-element-760de19 elementor-section-boxed elementor-section-height-default elementor-section-height-default\" data-id=\"760de19\" data-element_type=\"section\">\n<div class=\"elementor-container elementor-column-gap-default\">\n<div class=\"elementor-column elementor-col-100 elementor-top-column elementor-element elementor-element-302751d\" data-id=\"302751d\" data-element_type=\"column\">\n<div class=\"elementor-widget-wrap elementor-element-populated\">\n<div class=\"elementor-element elementor-element-61a8dc2 elementor-widget elementor-widget-heading\" data-id=\"61a8dc2\" data-element_type=\"widget\" data-widget_type=\"heading.default\">\n<div class=\"elementor-widget-container\">\n<h3 class=\"elementor-heading-title elementor-size-default\">Koro\u0161ka Bela pozimi<\/h3>\n<\/div>\n<\/div>\n<\/div>\n<\/div>\n<\/div>\n<\/section>\n<section class=\"elementor-section elementor-top-section elementor-element elementor-element-3acf27b elementor-section-boxed elementor-section-height-default elementor-section-height-default\" data-id=\"3acf27b\" data-element_type=\"section\">\n<div class=\"elementor-container elementor-column-gap-default\">\n<div class=\"elementor-column elementor-col-100 elementor-top-column elementor-element elementor-element-b021b39\" data-id=\"b021b39\" data-element_type=\"column\">\n<div class=\"elementor-widget-wrap elementor-element-populated\">\n<div class=\"elementor-element elementor-element-e2aab2b elementor-widget elementor-widget-heading\" data-id=\"e2aab2b\" data-element_type=\"widget\" data-widget_type=\"heading.default\">\n<div class=\"elementor-widget-container\">\n<div id='gallery-13' class='gallery galleryid-805 gallery-columns-3 gallery-size-thumbnail'><figure class='gallery-item'>\n\t\t\t<div class='gallery-icon landscape'>\n\t\t\t\t<a href='https:\/\/zupnija-koroska-bela.rkc.si\/index.php\/misijon-2023-pridi-po-veselje-in-mir\/nbp0992\/'><img loading=\"lazy\" decoding=\"async\" width=\"150\" height=\"113\" src=\"https:\/\/zupnija-koroska-bela.rkc.si\/wp-content\/uploads\/2023\/08\/NBP0992.webp\" class=\"attachment-thumbnail size-thumbnail\" alt=\"\" sizes=\"auto, 100vw\" \/><\/a>\n\t\t\t<\/div><\/figure><figure class='gallery-item'>\n\t\t\t<div class='gallery-icon landscape'>\n\t\t\t\t<a href='https:\/\/zupnija-koroska-bela.rkc.si\/index.php\/misijon-2023-pridi-po-veselje-in-mir\/nbp1064\/'><img loading=\"lazy\" decoding=\"async\" width=\"150\" height=\"113\" src=\"https:\/\/zupnija-koroska-bela.rkc.si\/wp-content\/uploads\/2023\/08\/NBP1064.webp\" class=\"attachment-thumbnail size-thumbnail\" alt=\"\" sizes=\"auto, 100vw\" \/><\/a>\n\t\t\t<\/div><\/figure><figure class='gallery-item'>\n\t\t\t<div class='gallery-icon landscape'>\n\t\t\t\t<a href='https:\/\/zupnija-koroska-bela.rkc.si\/index.php\/misijon-2023-pridi-po-veselje-in-mir\/nbp1023\/'><img loading=\"lazy\" decoding=\"async\" width=\"150\" height=\"113\" src=\"https:\/\/zupnija-koroska-bela.rkc.si\/wp-content\/uploads\/2023\/08\/NBP1023.webp\" class=\"attachment-thumbnail size-thumbnail\" alt=\"\" sizes=\"auto, 100vw\" \/><\/a>\n\t\t\t<\/div><\/figure><figure class='gallery-item'>\n\t\t\t<div class='gallery-icon landscape'>\n\t\t\t\t<a href='https:\/\/zupnija-koroska-bela.rkc.si\/index.php\/misijon-2023-pridi-po-veselje-in-mir\/nbp1027\/'><img loading=\"lazy\" decoding=\"async\" width=\"150\" height=\"113\" src=\"https:\/\/zupnija-koroska-bela.rkc.si\/wp-content\/uploads\/2023\/08\/NBP1027.webp\" class=\"attachment-thumbnail size-thumbnail\" alt=\"\" sizes=\"auto, 100vw\" \/><\/a>\n\t\t\t<\/div><\/figure><figure class='gallery-item'>\n\t\t\t<div class='gallery-icon landscape'>\n\t\t\t\t<a href='https:\/\/zupnija-koroska-bela.rkc.si\/index.php\/misijon-2023-pridi-po-veselje-in-mir\/nbp0979\/'><img loading=\"lazy\" decoding=\"async\" width=\"150\" height=\"113\" src=\"https:\/\/zupnija-koroska-bela.rkc.si\/wp-content\/uploads\/2023\/08\/NBP0979.webp\" class=\"attachment-thumbnail size-thumbnail\" alt=\"\" sizes=\"auto, 100vw\" \/><\/a>\n\t\t\t<\/div><\/figure>\n\t\t<\/div>\n\n<\/div>\n<\/div>\n<div class=\"elementor-element elementor-element-7009b50 elementor-widget elementor-widget-bwg-elementor\" data-id=\"7009b50\" data-element_type=\"widget\" data-widget_type=\"bwg-elementor.default\">\n<div class=\"elementor-widget-container\">\n<div id=\"bwg_container1_1\" class=\"bwg_container bwg_thumbnail bwg_thumbnails \" data-right-click-protection=\"0\" data-bwg=\"1\" data-scroll=\"0\" data-gallery-type=\"thumbnails\" data-gallery-view-type=\"thumbnails\" data-current-url=\"\/galerija\/\" data-lightbox-url=\"https:\/\/misijon-koroska-bela.si\/wp-admin\/admin-ajax.php?action=GalleryBox&amp;current_view=1&amp;gallery_id=3&amp;tag=0&amp;theme_id=2&amp;shortcode_id=4&amp;sort_by=order&amp;order_by=asc&amp;current_url=%2Fgalerija%2F\" data-gallery-id=\"3\" data-popup-width=\"800\" data-popup-height=\"500\" data-is-album=\"gallery\" data-buttons-position=\"bottom\">\n<div id=\"bwg_container2_1\">\n<div class=\"tablenav-pages_1\"><\/div>\n<\/div>\n<\/div>\n<\/div>\n<\/div>\n<\/div>\n<\/div>\n<\/div>\n<\/section>\n<\/div>\n<\/form>\n<\/div>\n<\/div>\n<\/div>\n<\/div>\n<div class=\"elementor-element elementor-element-e00b427 elementor-widget elementor-widget-text-editor\" data-id=\"e00b427\" data-element_type=\"widget\" data-widget_type=\"text-editor.default\">\n<div class=\"elementor-widget-container\">\n<p>Avtorja fotografij:<\/p>\n<p>Nik Bertoncelj<\/p>\n<p>Barbara Toman<\/p>\n<\/div>\n<\/div>\n<\/div>\n<\/div>\n<\/div>\n<\/section>\n<h1>Kontakt<\/h1>\n<div class=\"col-lg-3 col-md-3 col-sm-12\">\n<aside id=\"text-2\" class=\"widget widget_text\">\n<h2 class=\"widget-title\">\u017dupnija Koro\u0161ka Bela<\/h2>\n<div class=\"textwidget\">\n<p>\u017dupnik: Peter Nastran<br \/>\nGorska pot 2, 4270 Jesenice<br \/>\nDav\u010dna \u0161tevilka: 77707354<br \/>\n<i class=\"fas fa-phone\">\u00a0\u00a0<\/i>\u00a004 580 60 00<br \/>\n<i class=\"fas fa-mobile-alt\">\u00a0\u00a0<\/i>\u00a0041 582 429<br \/>\n<i class=\"far fa-envelope-open\">\u00a0\u00a0<\/i>\u00a0<a href=\"mailto:zupnija.koroska.bela@rkc.si\">zupnija.koroska.bela@rkc.si<\/a><\/p>\n<\/div>\n<\/aside>\n<\/div>\n<div class=\"col-lg-3 col-md-3 col-sm-12\"><\/div>\n<div class=\"col-lg-3 col-md-3 col-sm-12\">\n<aside id=\"text-3\" class=\"widget widget_text\">\n<h2 class=\"widget-title\">Povezave<\/h2>\n<div class=\"textwidget\">\n<ul>\n<li><a href=\"http:\/\/zupnija-koroska-bela.rkc.si\/\" target=\"_blank\" rel=\"noopener\">\u017dupnija Koro\u0161ka Bela<\/a><\/li>\n<li><a href=\"http:\/\/zupnija-koroska-bela.rkc.si\/index.php\/farno-kulturno-drustvo\/\" target=\"_blank\" rel=\"noopener\">Farno kulturno dru\u0161tvo<\/a><\/li>\n<li><a href=\"http:\/\/zupnija-koroska-bela.rkc.si\/index.php\/karitas\/\" target=\"_blank\" rel=\"noopener\">\u017dupnijska Karitas<\/a><\/li>\n<li><a href=\"https:\/\/katoliska-cerkev.si\/\" target=\"_blank\" rel=\"noopener\">Katoli\u0161ka Cerkev<\/a><\/li>\n<li><a href=\"https:\/\/www.biblija.net\/biblija.cgi?l=sl\" target=\"_blank\" rel=\"noopener\">Sveto pismo na internetu<\/a><\/li>\n<\/ul>\n<\/div>\n<\/aside>\n<\/div>\n","protected":false},"excerpt":{"rendered":"<p>Domov Pridi po veselje in mir Misijon v \u017eupniji Koro\u0161ka Bela od 3. do 12. marca 2023. Dobri Bog, vstopamo v sveti \u010das, \u010das priprave na misijon. Misijon O misijonu Novoizvoljeni \u010dlani \u017dupnijskega pastoralnega sveta \u017dupnije svetih Ingenuina in Albuina na Koro\u0161ki Beli so se na svoji prvi seji 4.11. 2021 soglasno odlo\u010dili, da v &hellip; <\/p>\n<p class=\"link-more\"><a href=\"https:\/\/zupnija-koroska-bela.rkc.si\/index.php\/misijon-2023-pridi-po-veselje-in-mir\/\" class=\"more-link\">Preberi ve\u010d<span class=\"screen-reader-text\"> &#8220;Misijon 2023: Pridi po veselje in mir&#8221;<\/span><\/a><\/p>\n","protected":false},"author":1,"featured_media":813,"parent":0,"menu_order":0,"comment_status":"closed","ping_status":"closed","template":"","meta":{"footnotes":""},"class_list":["post-805","page","type-page","status-publish","has-post-thumbnail","hentry"],"_links":{"self":[{"href":"https:\/\/zupnija-koroska-bela.rkc.si\/index.php\/wp-json\/wp\/v2\/pages\/805","targetHints":{"allow":["GET"]}}],"collection":[{"href":"https:\/\/zupnija-koroska-bela.rkc.si\/index.php\/wp-json\/wp\/v2\/pages"}],"about":[{"href":"https:\/\/zupnija-koroska-bela.rkc.si\/index.php\/wp-json\/wp\/v2\/types\/page"}],"author":[{"embeddable":true,"href":"https:\/\/zupnija-koroska-bela.rkc.si\/index.php\/wp-json\/wp\/v2\/users\/1"}],"replies":[{"embeddable":true,"href":"https:\/\/zupnija-koroska-bela.rkc.si\/index.php\/wp-json\/wp\/v2\/comments?post=805"}],"version-history":[{"count":18,"href":"https:\/\/zupnija-koroska-bela.rkc.si\/index.php\/wp-json\/wp\/v2\/pages\/805\/revisions"}],"predecessor-version":[{"id":990,"href":"https:\/\/zupnija-koroska-bela.rkc.si\/index.php\/wp-json\/wp\/v2\/pages\/805\/revisions\/990"}],"wp:featuredmedia":[{"embeddable":true,"href":"https:\/\/zupnija-koroska-bela.rkc.si\/index.php\/wp-json\/wp\/v2\/media\/813"}],"wp:attachment":[{"href":"https:\/\/zupnija-koroska-bela.rkc.si\/index.php\/wp-json\/wp\/v2\/media?parent=805"}],"curies":[{"name":"wp","href":"https:\/\/api.w.org\/{rel}","templated":true}]}}