{"id":752,"date":"2022-09-05T16:03:09","date_gmt":"2022-09-05T14:03:09","guid":{"rendered":"http:\/\/zupnija-koroska-bela.rkc.si\/?page_id=752"},"modified":"2022-09-10T18:29:45","modified_gmt":"2022-09-10T16:29:45","slug":"30-let-postavitve-novega-kriza-na-krizevcu","status":"publish","type":"page","link":"https:\/\/zupnija-koroska-bela.rkc.si\/index.php\/30-let-postavitve-novega-kriza-na-krizevcu\/","title":{"rendered":"30 let postavitve novega kri\u017ea na Kri\u017eevcu"},"content":{"rendered":"<h1><strong>V soboto 3. septembra smo praznovli 30. letnico postavitve kri\u017ea na Kri\u017eevcu<\/strong><\/h1>\n<p><img loading=\"lazy\" decoding=\"async\" class=\"size-medium wp-image-757 alignleft\" src=\"http:\/\/zupnija-koroska-bela.rkc.si\/wp-content\/uploads\/2022\/09\/Krizevec30let-236x300.jpg\" alt=\"\" width=\"236\" height=\"300\" srcset=\"https:\/\/zupnija-koroska-bela.rkc.si\/wp-content\/uploads\/2022\/09\/Krizevec30let-236x300.jpg 236w, https:\/\/zupnija-koroska-bela.rkc.si\/wp-content\/uploads\/2022\/09\/Krizevec30let.jpg 360w\" sizes=\"auto, (max-width: 236px) 100vw, 236px\" \/>Vsako leto imamo prvo soboto v septembru ob 15h sveto ma\u0161o na Kri\u017eevcu za pokoj vseh rajnih, ki so preminili na obmo\u010dju Kri\u017eevca.\u00a0 Soboto pred prvo nedeljo v septembru, ki se imenuje angelska nedelja lahko imenujemo tudi angelska sobota.<\/p>\n<p><span style=\"font-size: 1rem;\">Slovesnost je vodil gospod prelat Jo\u017eef Lap, stolni pro\u0161t, soma\u0161evanje Peter Nastran, \u017eupnik na Koro\u0161ki Beli. Uvodno misel je povedal gospod Marko Zupan\u010di\u010d, boter kri\u017ea na Kri\u017eevcu in doma\u010din iz Javorni\u0161kega Rovta.<\/span><\/p>\n<p>Spominsko slovesnost so pripravili Prijatelji Kri\u017eevca.<\/p>\n<div id='gallery-1' class='gallery galleryid-752 gallery-columns-3 gallery-size-thumbnail'><figure class='gallery-item'>\n\t\t\t<div class='gallery-icon landscape'>\n\t\t\t\t<a href='https:\/\/zupnija-koroska-bela.rkc.si\/index.php\/30-let-postavitve-novega-kriza-na-krizevcu\/a-min001\/'><img loading=\"lazy\" decoding=\"async\" width=\"150\" height=\"150\" src=\"https:\/\/zupnija-koroska-bela.rkc.si\/wp-content\/uploads\/2022\/09\/a-min001-150x150.jpg\" class=\"attachment-thumbnail size-thumbnail\" alt=\"\" srcset=\"https:\/\/zupnija-koroska-bela.rkc.si\/wp-content\/uploads\/2022\/09\/a-min001-150x150.jpg 150w, https:\/\/zupnija-koroska-bela.rkc.si\/wp-content\/uploads\/2022\/09\/a-min001-100x100.jpg 100w\" sizes=\"auto, 100vw\" \/><\/a>\n\t\t\t<\/div><\/figure><figure class='gallery-item'>\n\t\t\t<div class='gallery-icon landscape'>\n\t\t\t\t<a href='https:\/\/zupnija-koroska-bela.rkc.si\/index.php\/30-let-postavitve-novega-kriza-na-krizevcu\/a-min002\/'><img loading=\"lazy\" decoding=\"async\" width=\"150\" height=\"150\" src=\"https:\/\/zupnija-koroska-bela.rkc.si\/wp-content\/uploads\/2022\/09\/a-min002-150x150.jpg\" class=\"attachment-thumbnail size-thumbnail\" alt=\"\" srcset=\"https:\/\/zupnija-koroska-bela.rkc.si\/wp-content\/uploads\/2022\/09\/a-min002-150x150.jpg 150w, https:\/\/zupnija-koroska-bela.rkc.si\/wp-content\/uploads\/2022\/09\/a-min002-100x100.jpg 100w\" sizes=\"auto, 100vw\" \/><\/a>\n\t\t\t<\/div><\/figure><figure class='gallery-item'>\n\t\t\t<div class='gallery-icon portrait'>\n\t\t\t\t<a href='https:\/\/zupnija-koroska-bela.rkc.si\/index.php\/30-let-postavitve-novega-kriza-na-krizevcu\/a-min005\/'><img loading=\"lazy\" decoding=\"async\" width=\"150\" height=\"150\" src=\"https:\/\/zupnija-koroska-bela.rkc.si\/wp-content\/uploads\/2022\/09\/a-min005-150x150.jpg\" class=\"attachment-thumbnail size-thumbnail\" alt=\"\" srcset=\"https:\/\/zupnija-koroska-bela.rkc.si\/wp-content\/uploads\/2022\/09\/a-min005-150x150.jpg 150w, https:\/\/zupnija-koroska-bela.rkc.si\/wp-content\/uploads\/2022\/09\/a-min005-100x100.jpg 100w\" sizes=\"auto, 100vw\" \/><\/a>\n\t\t\t<\/div><\/figure><figure class='gallery-item'>\n\t\t\t<div class='gallery-icon landscape'>\n\t\t\t\t<a href='https:\/\/zupnija-koroska-bela.rkc.si\/index.php\/30-let-postavitve-novega-kriza-na-krizevcu\/a-min006\/'><img loading=\"lazy\" decoding=\"async\" width=\"150\" height=\"150\" src=\"https:\/\/zupnija-koroska-bela.rkc.si\/wp-content\/uploads\/2022\/09\/a-min006-150x150.jpg\" class=\"attachment-thumbnail size-thumbnail\" alt=\"\" srcset=\"https:\/\/zupnija-koroska-bela.rkc.si\/wp-content\/uploads\/2022\/09\/a-min006-150x150.jpg 150w, https:\/\/zupnija-koroska-bela.rkc.si\/wp-content\/uploads\/2022\/09\/a-min006-100x100.jpg 100w\" sizes=\"auto, 100vw\" \/><\/a>\n\t\t\t<\/div><\/figure><figure class='gallery-item'>\n\t\t\t<div class='gallery-icon landscape'>\n\t\t\t\t<a href='https:\/\/zupnija-koroska-bela.rkc.si\/index.php\/30-let-postavitve-novega-kriza-na-krizevcu\/a-min018\/'><img loading=\"lazy\" decoding=\"async\" width=\"150\" height=\"150\" src=\"https:\/\/zupnija-koroska-bela.rkc.si\/wp-content\/uploads\/2022\/09\/a-min018-150x150.jpg\" class=\"attachment-thumbnail size-thumbnail\" alt=\"\" srcset=\"https:\/\/zupnija-koroska-bela.rkc.si\/wp-content\/uploads\/2022\/09\/a-min018-150x150.jpg 150w, https:\/\/zupnija-koroska-bela.rkc.si\/wp-content\/uploads\/2022\/09\/a-min018-100x100.jpg 100w\" sizes=\"auto, 100vw\" \/><\/a>\n\t\t\t<\/div><\/figure><figure class='gallery-item'>\n\t\t\t<div class='gallery-icon portrait'>\n\t\t\t\t<a href='https:\/\/zupnija-koroska-bela.rkc.si\/index.php\/30-let-postavitve-novega-kriza-na-krizevcu\/a-min023\/'><img loading=\"lazy\" decoding=\"async\" width=\"150\" height=\"150\" src=\"https:\/\/zupnija-koroska-bela.rkc.si\/wp-content\/uploads\/2022\/09\/a-min023-150x150.jpg\" class=\"attachment-thumbnail size-thumbnail\" alt=\"\" srcset=\"https:\/\/zupnija-koroska-bela.rkc.si\/wp-content\/uploads\/2022\/09\/a-min023-150x150.jpg 150w, https:\/\/zupnija-koroska-bela.rkc.si\/wp-content\/uploads\/2022\/09\/a-min023-100x100.jpg 100w\" sizes=\"auto, 100vw\" \/><\/a>\n\t\t\t<\/div><\/figure><figure class='gallery-item'>\n\t\t\t<div class='gallery-icon portrait'>\n\t\t\t\t<a href='https:\/\/zupnija-koroska-bela.rkc.si\/index.php\/30-let-postavitve-novega-kriza-na-krizevcu\/a-min024\/'><img loading=\"lazy\" decoding=\"async\" width=\"150\" height=\"150\" src=\"https:\/\/zupnija-koroska-bela.rkc.si\/wp-content\/uploads\/2022\/09\/a-min024-150x150.jpg\" class=\"attachment-thumbnail size-thumbnail\" alt=\"\" srcset=\"https:\/\/zupnija-koroska-bela.rkc.si\/wp-content\/uploads\/2022\/09\/a-min024-150x150.jpg 150w, https:\/\/zupnija-koroska-bela.rkc.si\/wp-content\/uploads\/2022\/09\/a-min024-100x100.jpg 100w\" sizes=\"auto, 100vw\" \/><\/a>\n\t\t\t<\/div><\/figure><figure class='gallery-item'>\n\t\t\t<div class='gallery-icon portrait'>\n\t\t\t\t<a href='https:\/\/zupnija-koroska-bela.rkc.si\/index.php\/30-let-postavitve-novega-kriza-na-krizevcu\/a-min025\/'><img loading=\"lazy\" decoding=\"async\" width=\"150\" height=\"150\" src=\"https:\/\/zupnija-koroska-bela.rkc.si\/wp-content\/uploads\/2022\/09\/a-min025-150x150.jpg\" class=\"attachment-thumbnail size-thumbnail\" alt=\"\" srcset=\"https:\/\/zupnija-koroska-bela.rkc.si\/wp-content\/uploads\/2022\/09\/a-min025-150x150.jpg 150w, https:\/\/zupnija-koroska-bela.rkc.si\/wp-content\/uploads\/2022\/09\/a-min025-100x100.jpg 100w\" sizes=\"auto, 100vw\" \/><\/a>\n\t\t\t<\/div><\/figure><figure class='gallery-item'>\n\t\t\t<div class='gallery-icon landscape'>\n\t\t\t\t<a href='https:\/\/zupnija-koroska-bela.rkc.si\/index.php\/30-let-postavitve-novega-kriza-na-krizevcu\/a-min026\/'><img loading=\"lazy\" decoding=\"async\" width=\"150\" height=\"150\" src=\"https:\/\/zupnija-koroska-bela.rkc.si\/wp-content\/uploads\/2022\/09\/a-min026-150x150.jpg\" class=\"attachment-thumbnail size-thumbnail\" alt=\"\" srcset=\"https:\/\/zupnija-koroska-bela.rkc.si\/wp-content\/uploads\/2022\/09\/a-min026-150x150.jpg 150w, https:\/\/zupnija-koroska-bela.rkc.si\/wp-content\/uploads\/2022\/09\/a-min026-100x100.jpg 100w\" sizes=\"auto, 100vw\" \/><\/a>\n\t\t\t<\/div><\/figure><figure class='gallery-item'>\n\t\t\t<div class='gallery-icon portrait'>\n\t\t\t\t<a href='https:\/\/zupnija-koroska-bela.rkc.si\/index.php\/30-let-postavitve-novega-kriza-na-krizevcu\/a-min028\/'><img loading=\"lazy\" decoding=\"async\" width=\"150\" height=\"150\" src=\"https:\/\/zupnija-koroska-bela.rkc.si\/wp-content\/uploads\/2022\/09\/a-min028-150x150.jpg\" class=\"attachment-thumbnail size-thumbnail\" alt=\"\" srcset=\"https:\/\/zupnija-koroska-bela.rkc.si\/wp-content\/uploads\/2022\/09\/a-min028-150x150.jpg 150w, https:\/\/zupnija-koroska-bela.rkc.si\/wp-content\/uploads\/2022\/09\/a-min028-100x100.jpg 100w\" sizes=\"auto, 100vw\" \/><\/a>\n\t\t\t<\/div><\/figure><figure class='gallery-item'>\n\t\t\t<div class='gallery-icon landscape'>\n\t\t\t\t<a href='https:\/\/zupnija-koroska-bela.rkc.si\/index.php\/30-let-postavitve-novega-kriza-na-krizevcu\/a-min030\/'><img loading=\"lazy\" decoding=\"async\" width=\"150\" height=\"150\" src=\"https:\/\/zupnija-koroska-bela.rkc.si\/wp-content\/uploads\/2022\/09\/a-min030-150x150.jpg\" class=\"attachment-thumbnail size-thumbnail\" alt=\"\" srcset=\"https:\/\/zupnija-koroska-bela.rkc.si\/wp-content\/uploads\/2022\/09\/a-min030-150x150.jpg 150w, https:\/\/zupnija-koroska-bela.rkc.si\/wp-content\/uploads\/2022\/09\/a-min030-100x100.jpg 100w\" sizes=\"auto, 100vw\" \/><\/a>\n\t\t\t<\/div><\/figure><figure class='gallery-item'>\n\t\t\t<div class='gallery-icon landscape'>\n\t\t\t\t<a href='https:\/\/zupnija-koroska-bela.rkc.si\/index.php\/30-let-postavitve-novega-kriza-na-krizevcu\/a-min032\/'><img loading=\"lazy\" decoding=\"async\" width=\"150\" height=\"150\" src=\"https:\/\/zupnija-koroska-bela.rkc.si\/wp-content\/uploads\/2022\/09\/a-min032-150x150.jpg\" class=\"attachment-thumbnail size-thumbnail\" alt=\"\" srcset=\"https:\/\/zupnija-koroska-bela.rkc.si\/wp-content\/uploads\/2022\/09\/a-min032-150x150.jpg 150w, https:\/\/zupnija-koroska-bela.rkc.si\/wp-content\/uploads\/2022\/09\/a-min032-100x100.jpg 100w\" sizes=\"auto, 100vw\" \/><\/a>\n\t\t\t<\/div><\/figure><figure class='gallery-item'>\n\t\t\t<div class='gallery-icon portrait'>\n\t\t\t\t<a href='https:\/\/zupnija-koroska-bela.rkc.si\/index.php\/30-let-postavitve-novega-kriza-na-krizevcu\/a-min036\/'><img loading=\"lazy\" decoding=\"async\" width=\"150\" height=\"150\" src=\"https:\/\/zupnija-koroska-bela.rkc.si\/wp-content\/uploads\/2022\/09\/a-min036-150x150.jpg\" class=\"attachment-thumbnail size-thumbnail\" alt=\"\" srcset=\"https:\/\/zupnija-koroska-bela.rkc.si\/wp-content\/uploads\/2022\/09\/a-min036-150x150.jpg 150w, https:\/\/zupnija-koroska-bela.rkc.si\/wp-content\/uploads\/2022\/09\/a-min036-100x100.jpg 100w\" sizes=\"auto, 100vw\" \/><\/a>\n\t\t\t<\/div><\/figure><figure class='gallery-item'>\n\t\t\t<div class='gallery-icon portrait'>\n\t\t\t\t<a href='https:\/\/zupnija-koroska-bela.rkc.si\/index.php\/30-let-postavitve-novega-kriza-na-krizevcu\/a-min038\/'><img loading=\"lazy\" decoding=\"async\" width=\"150\" height=\"150\" src=\"https:\/\/zupnija-koroska-bela.rkc.si\/wp-content\/uploads\/2022\/09\/a-min038-150x150.jpg\" class=\"attachment-thumbnail size-thumbnail\" alt=\"\" srcset=\"https:\/\/zupnija-koroska-bela.rkc.si\/wp-content\/uploads\/2022\/09\/a-min038-150x150.jpg 150w, https:\/\/zupnija-koroska-bela.rkc.si\/wp-content\/uploads\/2022\/09\/a-min038-100x100.jpg 100w\" sizes=\"auto, 100vw\" \/><\/a>\n\t\t\t<\/div><\/figure>\n\t\t<\/div>\n\n<hr \/>\n<p><em>SPOMINSKI KRAJ NAD JAVORNI\u0160KIM ROVTOM<\/em><\/p>\n<p><em>\u00a0<\/em><\/p>\n<p style=\"text-align: center;\"><strong>Kri\u017eevec &#8211; mesto spomina \u00bb<em>francoskih bojevnikov\u00ab<\/em><\/strong><\/p>\n<p><em>\u00a0<\/em><\/p>\n<p>Kri\u017eevec le\u017ei na razkri\u017eju gorskih poti v zahodnih Karavankah nad naseljem Javorni\u0161ki Rovt. Preko sedla Kri\u017eevec so na obe strani Karavank \u017ee od nekdaj potekale poti, ki so povezovale Kranjsko in Koro\u0161ko. V kranjski de\u017eeli so bili Napoleonovi vojaki kar trikrat: leta 1797, v letih 1805\u201306 in 1809\u20131813, ko je bila Kranjska v celoti vklju\u010dena v Ilirske province. Zgodovinski zapisi iz tega \u010dasa so redki, spominski kraji pa pahnjeni v skoraj\u0161njo pozabo.<\/p>\n<p>Iz tega \u010dasa imamo v Ob\u010dini Jesenice registrirano enoto dedi\u0161\u010dine <em>Grobi\u0161\u010de Napoleonovih vojakov na Kri\u017eevcu (E\u0160D 28699)<\/em>, ki spada tudi med evidentirana vojna grobi\u0161\u010da v Republiki Sloveniji. Prostorska enota je \u0161e neraziskana, evidentirano vojno grobi\u0161\u010de pa zanemarjeno in neobele\u017eeno.<\/p>\n<p>Krajevno zgodovinsko znamenitost nad Javorni\u0161kim Rovtom in spominsko znamenje za pokopali\u0161\u010de vojakov iz \u010dasa Napoleona na prelazu Kri\u017eevec omenja Krajevni leksikon dravske banovine iz leta 1937. Prvotno znamenje na Kri\u017eevcu je stalo nad staro potjo, ki je potekala pod Malim in Velikim Zdrnikom. Starej\u0161i doma\u010dini se urejenosti pokrajine na tem obmo\u010dju v obliki gomilnih grobov \u0161e\u00a0 spominjajo. Danes grobovi niso ve\u010d prepoznavni, preko njih vodijo nove gozdne ceste. Leseno razpelo je po 2. svetovni vojni propadlo. Leta 1992 je bilo na Kri\u017eevcu postavljeno novo\u00a0 razpelo, ki so\u00a0 ga postavili pok. Fran\u010di\u0161ek No\u010d in doma\u010dini v sodelovanju z Zavodom za varstvo kulturne dedi\u0161\u010dine Kranj. Od takrat\u00a0 tradicionalno vsako prvo soboto v septembru na Kri\u017eevcu potekajo spominske slovesnosti.<\/p>\n<p>Leto\u0161nja spominska slovesnost 3. septembra ob 30. obletnici postavitve spominskega znamenja je bila \u0161e prav posebna. Spominsko ma\u0161o je daroval prelat Jo\u017eef Lap, stolni pro\u0161t, v soma\u0161evanju z \u017eupnikom na Koro\u0161ki Beli dr. Petrom Nastranom. Po ma\u0161i se je odvil kratek kulturni program. Obiskovalce je pozdravila tudi akad. prof. dr. Metka Zorc. Z namenom, da se spominsko mesto na Kri\u017eevcu zgodovinsko razi\u0161\u010de, opravijo arheolo\u0161ke raziskave ter prostorska enota dedi\u0161\u010dine ustrezno uredi in obele\u017ei, sta mag. Peter Bohinec in Marko Zupan\u010di\u010d polo\u017eila tudi temeljni kamen, ki ga je pripravil mag. Zoran Pozni\u010d. Ob tej prilo\u017enosti je iz\u0161la tudi tiskana publikacija o spominskem kraju nad Javorni\u0161kim Rovtom, ki so jo izdali Prijatelji Kri\u017eevca.<\/p>\n<p><em>Zapisala <\/em>Petra Ali\u010d<\/p>\n<p>&nbsp;<\/p>\n<p><strong><em>Organizacija spominske slovesnosti na Kri\u017eevcu l. 2022:<\/em><\/strong><\/p>\n<p>mag. Peter Bohinec in Marko Zupan\u010di\u010d, boter spominskega znamenja<\/p>\n<p>&nbsp;<\/p>\n<p><strong><em>Sveta ma\u0161a za vse rajne na obmo\u010dju Kri\u017eevca<\/em><\/strong><\/p>\n<p>Sveto ma\u0161o je vodil prelat Jo\u017eef Lap, stolni pro\u0161t, soma\u0161eval je z doma\u010di \u017eupnik Peter Nastran iz \u017dupnije Koro\u0161ka Bela.<\/p>\n<p><em>Bralca beril: <\/em>Meri Razinger in Marko Zupan\u010di\u010d<\/p>\n<p>&nbsp;<\/p>\n<p><strong><em>Kulturni program<\/em><\/strong><\/p>\n<p><em>Govor: <\/em>Marko Zupan\u010di\u010d, boter<\/p>\n<p><em>Pozdrav: <\/em>akad. prof. dr. Metka Zorc<\/p>\n<p><em>Polo\u017eitev temeljnega kamna: <\/em>mag Peter Bohinec in Marko Zupan\u010di\u010d<\/p>\n<p><em>Glasbeni program:<\/em><\/p>\n<p>Ljudski pevci iz Javorni\u0161kega Rovta &#8211; Svizci: Peter Razinger, Sre\u010do \u0160mid, Alojz No\u010d, Andrej Zupan\u010di\u010d, Du\u0161an Klinar<\/p>\n<p>Ga\u0161per Primo\u017ei\u010d, harmonika<\/p>\n<p>Program je povezoval Rok Vengar<\/p>\n<p><em>Izdelava ven\u010dka:<\/em> An\u010di Ru\u010digaj<\/p>\n<p><em>Pogostitev:<\/em> prijatelji Kri\u017eevca<\/p>\n<p><em>Varovanje: <\/em>PGD Javorni\u0161ki Rovt<\/p>\n<p>Fotografije: Matev\u017e Zupan\u010di\u010d<\/p>\n<p><em>\u00a0<\/em><\/p>\n<p><strong><em>GALERIJA FOTOGRAFIJ<\/em><\/strong><\/p>\n<p><img loading=\"lazy\" decoding=\"async\" class=\"alignnone size-medium wp-image-758\" src=\"http:\/\/zupnija-koroska-bela.rkc.si\/wp-content\/uploads\/2022\/09\/Krizevec30let-1-300x213.jpg\" alt=\"\" width=\"300\" height=\"213\" srcset=\"https:\/\/zupnija-koroska-bela.rkc.si\/wp-content\/uploads\/2022\/09\/Krizevec30let-1-300x213.jpg 300w, https:\/\/zupnija-koroska-bela.rkc.si\/wp-content\/uploads\/2022\/09\/Krizevec30let-1-768x545.jpg 768w, https:\/\/zupnija-koroska-bela.rkc.si\/wp-content\/uploads\/2022\/09\/Krizevec30let-1.jpg 885w\" sizes=\"auto, (max-width: 300px) 100vw, 300px\" \/><\/p>\n<p>Bog daj, prijatelji Kri\u017eevca. Polaganje temeljnega kamna na Kri\u017eevcu, 3.9.2022. Foto: Matev\u017e Zupan\u010di\u010d<\/p>\n<hr \/>\n<p><strong>Zgibanka:<\/strong> <a href=\"https:\/\/drive.google.com\/file\/d\/1pfevw2bz23n5eCKJRgtjzgfLN1lkwo-_\/view?usp=sharing\">https:\/\/drive.google.com\/file\/d\/1pfevw2bz23n5eCKJRgtjzgfLN1lkwo-_\/view?usp=sharing<\/a><\/p>\n<p><strong>Opis Kri\u017eevca:<\/strong><a href=\"https:\/\/drive.google.com\/file\/d\/1sqamgTr0YS5bkXvT0mX1E4ywDYTN9jzM\/view?usp=sharing\"> https:\/\/drive.google.com\/file\/d\/1sqamgTr0YS5bkXvT0mX1E4ywDYTN9jzM\/view?usp=sharing<\/a><br \/>\n<a href=\"https:\/\/drive.google.com\/file\/d\/1zT0ampk67VJHzmAqFL_tRlhOrS_kSfxj\/view?usp=sharing\">https:\/\/drive.google.com\/file\/d\/1zT0ampk67VJHzmAqFL_tRlhOrS_kSfxj\/view?usp=sharing<\/a><\/p>\n<p><strong>Vabilo, plakat:<\/strong> <a href=\"https:\/\/drive.google.com\/file\/d\/1wbPPx7YvJyAWTHGZyplBNaYPFTJ6vv5j\/view?usp=sharing\">https:\/\/drive.google.com\/file\/d\/1wbPPx7YvJyAWTHGZyplBNaYPFTJ6vv5j\/view?usp=sharing<\/a><\/p>\n","protected":false},"excerpt":{"rendered":"<p>V soboto 3. septembra smo praznovli 30. letnico postavitve kri\u017ea na Kri\u017eevcu Vsako leto imamo prvo soboto v septembru ob 15h sveto ma\u0161o na Kri\u017eevcu za pokoj vseh rajnih, ki so preminili na obmo\u010dju Kri\u017eevca.\u00a0 Soboto pred prvo nedeljo v septembru, ki se imenuje angelska nedelja lahko imenujemo tudi angelska sobota. Slovesnost je vodil gospod &hellip; <\/p>\n<p class=\"link-more\"><a href=\"https:\/\/zupnija-koroska-bela.rkc.si\/index.php\/30-let-postavitve-novega-kriza-na-krizevcu\/\" class=\"more-link\">Preberi ve\u010d<span class=\"screen-reader-text\"> &#8220;30 let postavitve novega kri\u017ea na Kri\u017eevcu&#8221;<\/span><\/a><\/p>\n","protected":false},"author":1,"featured_media":0,"parent":0,"menu_order":0,"comment_status":"closed","ping_status":"closed","template":"","meta":{"footnotes":""},"class_list":["post-752","page","type-page","status-publish","hentry"],"_links":{"self":[{"href":"https:\/\/zupnija-koroska-bela.rkc.si\/index.php\/wp-json\/wp\/v2\/pages\/752","targetHints":{"allow":["GET"]}}],"collection":[{"href":"https:\/\/zupnija-koroska-bela.rkc.si\/index.php\/wp-json\/wp\/v2\/pages"}],"about":[{"href":"https:\/\/zupnija-koroska-bela.rkc.si\/index.php\/wp-json\/wp\/v2\/types\/page"}],"author":[{"embeddable":true,"href":"https:\/\/zupnija-koroska-bela.rkc.si\/index.php\/wp-json\/wp\/v2\/users\/1"}],"replies":[{"embeddable":true,"href":"https:\/\/zupnija-koroska-bela.rkc.si\/index.php\/wp-json\/wp\/v2\/comments?post=752"}],"version-history":[{"count":5,"href":"https:\/\/zupnija-koroska-bela.rkc.si\/index.php\/wp-json\/wp\/v2\/pages\/752\/revisions"}],"predecessor-version":[{"id":774,"href":"https:\/\/zupnija-koroska-bela.rkc.si\/index.php\/wp-json\/wp\/v2\/pages\/752\/revisions\/774"}],"wp:attachment":[{"href":"https:\/\/zupnija-koroska-bela.rkc.si\/index.php\/wp-json\/wp\/v2\/media?parent=752"}],"curies":[{"name":"wp","href":"https:\/\/api.w.org\/{rel}","templated":true}]}}