{"id":620,"date":"2021-03-24T21:11:27","date_gmt":"2021-03-24T19:11:27","guid":{"rendered":"http:\/\/zupnija-koroska-bela.rkc.si\/?page_id=620"},"modified":"2021-03-26T11:27:56","modified_gmt":"2021-03-26T09:27:56","slug":"pritrkovalska-skupina-na-koroski-beli","status":"publish","type":"page","link":"https:\/\/zupnija-koroska-bela.rkc.si\/index.php\/pritrkovalska-skupina-na-koroski-beli\/","title":{"rendered":"Pritrkovalska skupina na Koro\u0161ki Beli"},"content":{"rendered":"<h1>Pritrkovalska skupina na Koro\u0161ki Beli<\/h1>\n<figure id=\"attachment_640\" aria-describedby=\"caption-attachment-640\" style=\"width: 525px\" class=\"wp-caption aligncenter\"><img loading=\"lazy\" decoding=\"async\" class=\"wp-image-640 size-large\" src=\"http:\/\/zupnija-koroska-bela.rkc.si\/wp-content\/uploads\/2021\/03\/1-foto-Nik-Beroncelj-1-1024x683.jpg\" alt=\"Cerkev sv. Ingenuina in Albuina na Koro\u0161ki Beli. Foto: Nik Bertoncelj\" width=\"525\" height=\"350\" srcset=\"https:\/\/zupnija-koroska-bela.rkc.si\/wp-content\/uploads\/2021\/03\/1-foto-Nik-Beroncelj-1-1024x683.jpg 1024w, https:\/\/zupnija-koroska-bela.rkc.si\/wp-content\/uploads\/2021\/03\/1-foto-Nik-Beroncelj-1-300x200.jpg 300w, https:\/\/zupnija-koroska-bela.rkc.si\/wp-content\/uploads\/2021\/03\/1-foto-Nik-Beroncelj-1-768x512.jpg 768w, https:\/\/zupnija-koroska-bela.rkc.si\/wp-content\/uploads\/2021\/03\/1-foto-Nik-Beroncelj-1-1536x1024.jpg 1536w, https:\/\/zupnija-koroska-bela.rkc.si\/wp-content\/uploads\/2021\/03\/1-foto-Nik-Beroncelj-1-2048x1365.jpg 2048w\" sizes=\"auto, (max-width: 525px) 100vw, 525px\" \/><figcaption id=\"caption-attachment-640\" class=\"wp-caption-text\">Cerkev sv. Ingenuina in Albuina na Koro\u0161ki Beli. Foto: Nik Bertoncelj<\/figcaption><\/figure>\n<p>Zvonjenje in pritrkavanje sta dragoceni del slovenske kulturne dedi\u0161\u010dine. Pritrkavanje je ljudska &#8211; cerkvena glasbena dejavnost ter posebnost slovenskega prostora, ki je vezana v kontekst cerkvenih praznikov. Pritrkovalska skupina s pritrkavanjem povzdigne praznik in ga naredi \u0161e bolj sve\u010danega. Skupina pritrkovalcev na Koro\u0161ki Beli deluje pod okriljem \u017dupnije Koro\u0161ka Bela in v zvoniku cerkve sv. Ingenuina in Albuina na Koro\u0161ki Beli pritrkavajo na \u0161tiri bronaste zvonove. Prvi zvon je posve\u010den sv. Ingenuinu in Albuinu in ima napis \u00bbTreska in hudega vremena varuj nas, o Gospod\u00ab, drugi zvon \u00bbMarija, kraljica miru, prosi za nas\u00ab, na tretjem zvonu je zapisana pro\u0161nja \u00bbSv. Jo\u017eef, varuh dru\u017ein, prosi za nas\u00ab, \u010detrti, najmanj\u0161i zvon pa je posve\u010den sv. Barbari, pripro\u0161njici za sre\u010dno zadnjo uro.<\/p>\n<p>Pritrkovalci na Koro\u0161ki Beli so svoje melodije in pritrkovalske vi\u017ee tudi poimenovali: \u0160kofova, Rovtarska, Koro\u0161ka, Ta gosta, Boltarjeva, Ta zme\u0161ana.<\/p>\n<p>\u010clani pritrkovalske skupine na Koro\u0161ki Beli:<br \/>\nMarko Zupan\u010di\u010d , Bla\u017e Zupan\u010di\u010d, Miha Zupan\u010di\u010d, Du\u0161an Klinar, Tilen Klinar, Klemen Razingar, Jakob Razinger, Peter Razinger, Mihael \u0160mid, Matja\u017e Strgar, Bla\u017e Bizjak, Andra\u017e Bizjak, Matev\u017e Tonejc in\u00a0Miha Vengar.<\/p>\n<p>Pritrkavanje se navadno izvaja tako, da vsak pritrkovalec prime za kembelj zvona in v vnaprej dolo\u010denem zaporedju udarja s kembljem ob udarni obro\u010d zvona, pri \u010demer se glasovi zlivajo v ritmi\u010dno melodijo. Ponekod tudi en pritrkovalec igra na dva ali ve\u010d zvonov hkrati. Pritrkava se tudi tako, da eden, navadno najve\u010dji zvon niha, na druge zvonove, ki so v mirujo\u010dem polo\u017eaju, pa se pritrkava, \u010demur pravimo pritrkavanje lete\u010dih vi\u017e. Pri pritrkavanju uporabljajo slu\u0161alke, saj je v zvoniku zelo glasno. Skupina pritrkovalcev ve\u010dkrat obi\u0161\u010de tudi druge pritrkovalce in zvonike na Gorenjskem, bili so tudi na Primorskem in Dolenjskem.<\/p>\n<p><img loading=\"lazy\" decoding=\"async\" class=\"aligncenter wp-image-624 size-large\" src=\"http:\/\/zupnija-koroska-bela.rkc.si\/wp-content\/uploads\/2021\/03\/2-foto-ales-Kosir-1024x684.jpg\" alt=\"\" width=\"525\" height=\"351\" srcset=\"https:\/\/zupnija-koroska-bela.rkc.si\/wp-content\/uploads\/2021\/03\/2-foto-ales-Kosir-1024x684.jpg 1024w, https:\/\/zupnija-koroska-bela.rkc.si\/wp-content\/uploads\/2021\/03\/2-foto-ales-Kosir-300x200.jpg 300w, https:\/\/zupnija-koroska-bela.rkc.si\/wp-content\/uploads\/2021\/03\/2-foto-ales-Kosir-768x513.jpg 768w, https:\/\/zupnija-koroska-bela.rkc.si\/wp-content\/uploads\/2021\/03\/2-foto-ales-Kosir-1536x1025.jpg 1536w, https:\/\/zupnija-koroska-bela.rkc.si\/wp-content\/uploads\/2021\/03\/2-foto-ales-Kosir-2048x1367.jpg 2048w\" sizes=\"auto, (max-width: 525px) 100vw, 525px\" \/> <img loading=\"lazy\" decoding=\"async\" class=\"aligncenter wp-image-625 size-large\" src=\"http:\/\/zupnija-koroska-bela.rkc.si\/wp-content\/uploads\/2021\/03\/3-foto-ales-Kosir-1024x684.jpg\" alt=\"\" width=\"525\" height=\"351\" srcset=\"https:\/\/zupnija-koroska-bela.rkc.si\/wp-content\/uploads\/2021\/03\/3-foto-ales-Kosir-1024x684.jpg 1024w, https:\/\/zupnija-koroska-bela.rkc.si\/wp-content\/uploads\/2021\/03\/3-foto-ales-Kosir-300x200.jpg 300w, https:\/\/zupnija-koroska-bela.rkc.si\/wp-content\/uploads\/2021\/03\/3-foto-ales-Kosir-768x513.jpg 768w, https:\/\/zupnija-koroska-bela.rkc.si\/wp-content\/uploads\/2021\/03\/3-foto-ales-Kosir-1536x1025.jpg 1536w, https:\/\/zupnija-koroska-bela.rkc.si\/wp-content\/uploads\/2021\/03\/3-foto-ales-Kosir-2048x1367.jpg 2048w\" sizes=\"auto, (max-width: 525px) 100vw, 525px\" \/> <img loading=\"lazy\" decoding=\"async\" class=\"aligncenter wp-image-626 size-large\" src=\"http:\/\/zupnija-koroska-bela.rkc.si\/wp-content\/uploads\/2021\/03\/4-foto-Ales-Kosir-1024x576.jpg\" alt=\"\" width=\"525\" height=\"295\" srcset=\"https:\/\/zupnija-koroska-bela.rkc.si\/wp-content\/uploads\/2021\/03\/4-foto-Ales-Kosir-1024x576.jpg 1024w, https:\/\/zupnija-koroska-bela.rkc.si\/wp-content\/uploads\/2021\/03\/4-foto-Ales-Kosir-300x169.jpg 300w, https:\/\/zupnija-koroska-bela.rkc.si\/wp-content\/uploads\/2021\/03\/4-foto-Ales-Kosir-768x432.jpg 768w, https:\/\/zupnija-koroska-bela.rkc.si\/wp-content\/uploads\/2021\/03\/4-foto-Ales-Kosir-1536x864.jpg 1536w, https:\/\/zupnija-koroska-bela.rkc.si\/wp-content\/uploads\/2021\/03\/4-foto-Ales-Kosir-2048x1152.jpg 2048w\" sizes=\"auto, (max-width: 525px) 100vw, 525px\" \/><\/p>\n<figure id=\"attachment_627\" aria-describedby=\"caption-attachment-627\" style=\"width: 525px\" class=\"wp-caption aligncenter\"><img loading=\"lazy\" decoding=\"async\" class=\"wp-image-627 size-large\" src=\"http:\/\/zupnija-koroska-bela.rkc.si\/wp-content\/uploads\/2021\/03\/5-foto-ales-Kosir-1024x576.jpg\" alt=\"Pritrkovanje ob obhajanju sve\u010dnice leta 2019. \/ Foto: Ale\u0161 Ko\u0161ir\" width=\"525\" height=\"295\" srcset=\"https:\/\/zupnija-koroska-bela.rkc.si\/wp-content\/uploads\/2021\/03\/5-foto-ales-Kosir-1024x576.jpg 1024w, https:\/\/zupnija-koroska-bela.rkc.si\/wp-content\/uploads\/2021\/03\/5-foto-ales-Kosir-300x169.jpg 300w, https:\/\/zupnija-koroska-bela.rkc.si\/wp-content\/uploads\/2021\/03\/5-foto-ales-Kosir-768x432.jpg 768w, https:\/\/zupnija-koroska-bela.rkc.si\/wp-content\/uploads\/2021\/03\/5-foto-ales-Kosir-1536x864.jpg 1536w, https:\/\/zupnija-koroska-bela.rkc.si\/wp-content\/uploads\/2021\/03\/5-foto-ales-Kosir-2048x1152.jpg 2048w\" sizes=\"auto, (max-width: 525px) 100vw, 525px\" \/><figcaption id=\"caption-attachment-627\" class=\"wp-caption-text\">Pritrkovanje ob obhajanju sve\u010dnice leta 2019. \/ Foto: Ale\u0161 Ko\u0161ir<\/figcaption><\/figure>\n<figure id=\"attachment_628\" aria-describedby=\"caption-attachment-628\" style=\"width: 525px\" class=\"wp-caption aligncenter\"><img loading=\"lazy\" decoding=\"async\" class=\"wp-image-628 size-large\" src=\"http:\/\/zupnija-koroska-bela.rkc.si\/wp-content\/uploads\/2021\/03\/6-foto-Ales-Kosir-1024x683.jpg\" alt=\"Pritrkovalci iz Javorni\u0161kega Rovta leta 2019. \/ Foto: Ale\u0161 Ko\u0161ir\" width=\"525\" height=\"350\" srcset=\"https:\/\/zupnija-koroska-bela.rkc.si\/wp-content\/uploads\/2021\/03\/6-foto-Ales-Kosir-1024x683.jpg 1024w, https:\/\/zupnija-koroska-bela.rkc.si\/wp-content\/uploads\/2021\/03\/6-foto-Ales-Kosir-300x200.jpg 300w, https:\/\/zupnija-koroska-bela.rkc.si\/wp-content\/uploads\/2021\/03\/6-foto-Ales-Kosir-768x513.jpg 768w, https:\/\/zupnija-koroska-bela.rkc.si\/wp-content\/uploads\/2021\/03\/6-foto-Ales-Kosir-1536x1025.jpg 1536w, https:\/\/zupnija-koroska-bela.rkc.si\/wp-content\/uploads\/2021\/03\/6-foto-Ales-Kosir-2048x1367.jpg 2048w\" sizes=\"auto, (max-width: 525px) 100vw, 525px\" \/><figcaption id=\"caption-attachment-628\" class=\"wp-caption-text\">Pritrkovalci iz Javorni\u0161kega Rovta leta 2019. \/ Foto: Ale\u0161 Ko\u0161ir<\/figcaption><\/figure>\n<table>\n<tbody>\n<tr>\n<td colspan=\"4\"><strong>\u00a0<\/strong><\/p>\n<p><strong>Udele\u017eba pritrkovalske skupine K<\/strong><strong style=\"font-family: inherit; font-size: inherit;\">oro\u0161ka Bela na pritrkovalskih sre\u010danjih in tekmovanjih<\/strong><\/td>\n<\/tr>\n<tr>\n<td><strong>\u00a0<\/strong><\/td>\n<td><strong>Datum<\/strong><\/td>\n<td><strong>Kraj<\/strong><\/td>\n<td><strong>Vrsta pritrkovalskega sre\u010danja<\/strong><\/td>\n<\/tr>\n<tr>\n<td><strong>\u00a0<\/strong><\/td>\n<td><strong>\u00a0<\/strong><\/td>\n<td><strong>\u00a0<\/strong><\/td>\n<td><strong>\u00a0<\/strong><\/td>\n<\/tr>\n<tr>\n<td><\/td>\n<td>25. 6.\u00a0 1995<\/td>\n<td>Radovljica<\/td>\n<td>Regijsko sre\u010danje<\/td>\n<\/tr>\n<tr>\n<td><\/td>\n<td>11. 5.\u00a0 1997<\/td>\n<td>Selca<\/td>\n<td>Regijsko sre\u010danje<\/td>\n<\/tr>\n<tr>\n<td><\/td>\n<td>\u00a0 7. 6.\u00a0 1998<\/td>\n<td>Lesce<\/td>\n<td>Regijsko sre\u010danje<\/td>\n<\/tr>\n<tr>\n<td><strong>\u00a0<\/strong><\/td>\n<td><strong>\u00a0 6. 9.\u00a0 1998<\/strong><\/td>\n<td><strong>Koro\u0161ka Bela (organizacija)<\/strong><\/td>\n<td><strong>Vseslovensko sre\u010danja pritrkovalcev<\/strong><\/td>\n<\/tr>\n<tr>\n<td><\/td>\n<td>16. 5.\u00a0 1999<\/td>\n<td>Poljane nad \u0160kofjo Loko<\/td>\n<td>Regijsko sre\u010danje<\/td>\n<\/tr>\n<tr>\n<td><\/td>\n<td>21. 5.\u00a0 2000<\/td>\n<td>\u017diri<\/td>\n<td>Regijsko sre\u010danje<\/td>\n<\/tr>\n<tr>\n<td><\/td>\n<td>21. 4.\u00a0 2002<\/td>\n<td>Kranjska Gora<\/td>\n<td>Regijsko sre\u010danje<\/td>\n<\/tr>\n<tr>\n<td><\/td>\n<td>\u00a0 1. 6.\u00a0 2003<\/td>\n<td>Breznica<\/td>\n<td>Regijsko sre\u010danje<\/td>\n<\/tr>\n<tr>\n<td><\/td>\n<td>23. 5.\u00a0 2004<\/td>\n<td>Cerklje na Gorenjskem<\/td>\n<td>Regijsko sre\u010danje<\/td>\n<\/tr>\n<tr>\n<td><\/td>\n<td>29. 8.\u00a0 2004<\/td>\n<td>Menge\u0161<\/td>\n<td>Regijsko sre\u010danje<\/td>\n<\/tr>\n<tr>\n<td><\/td>\n<td>22. 5.\u00a0 2005<\/td>\n<td>Srednja vas v Bohinju<\/td>\n<td>Regijsko sre\u010danje<\/td>\n<\/tr>\n<tr>\n<td><\/td>\n<td>21. 5.\u00a0 2006<\/td>\n<td>Lom pod Stor\u017ei\u010dem<\/td>\n<td>Regijsko sre\u010danje<\/td>\n<\/tr>\n<tr>\n<td><\/td>\n<td>24. 6.\u00a0 2007<\/td>\n<td>Tr\u017ei\u010d<\/td>\n<td>Regijsko sre\u010danje<\/td>\n<\/tr>\n<tr>\n<td><\/td>\n<td>\u00a0 9. 7.\u00a0 2007<\/td>\n<td>Brezje<\/td>\n<td>Vseslovensko sre\u010danje pritrkovalcev<\/td>\n<\/tr>\n<tr>\n<td><\/td>\n<td>15. 8.\u00a0 2008<\/td>\n<td>\u010cir\u010de<\/td>\n<td>Regijsko sre\u010danje<\/td>\n<\/tr>\n<tr>\n<td><\/td>\n<td>30. 8.\u00a0 2009<\/td>\n<td>Budanje<\/td>\n<td>Tekmovanje v pritrkavanju<\/td>\n<\/tr>\n<tr>\n<td><\/td>\n<td>\u00a0 9. 5.\u00a0 2010<\/td>\n<td>Srednja vas v Bohinju<\/td>\n<td>Regijsko sre\u010danje<\/td>\n<\/tr>\n<tr>\n<td><\/td>\n<td>27. 6.\u00a0 2010<\/td>\n<td>Ajdov\u0161\u010dina<\/td>\n<td>Tekmovanje v pritrkavanju<\/td>\n<\/tr>\n<tr>\n<td><\/td>\n<td>12. 9.\u00a0 2010<\/td>\n<td>Ljubljana &#8211; stolnica<\/td>\n<td>Vseslovensko sre\u010danje pritrkovalcev<\/td>\n<\/tr>\n<tr>\n<td><\/td>\n<td>14. 11.2010<\/td>\n<td>Brje na Primorskem<\/td>\n<td>Mednarodno sre\u010danje pritrkovalcev<\/td>\n<\/tr>\n<tr>\n<td><\/td>\n<td>15. 5.\u00a0 2011<\/td>\n<td>Ljubljana &#8211; stolnica<\/td>\n<td>Vseslovensko sre\u010danje pritrkovalcev<\/td>\n<\/tr>\n<tr>\n<td><\/td>\n<td>12. 6.\u00a0 2011<\/td>\n<td>\u0160kocjan pri Novem mestu<\/td>\n<td>Povabilo na Knobleharjeve dneve<\/td>\n<\/tr>\n<tr>\n<td><strong>\u00a0<\/strong><\/td>\n<td><strong>15. 6.\u00a0 2011<\/strong><\/td>\n<td><strong>Koro\u0161ka Bela (organizacija)<\/strong><\/td>\n<td><strong>Gorenjsko sre\u010danja pritrkovalcev<\/strong><\/td>\n<\/tr>\n<tr>\n<td><\/td>\n<td>\u00a0 1. 6.\u00a0 2014<\/td>\n<td>\u0160martin pri Kranju<\/td>\n<td>Regijsko sre\u010danje<\/td>\n<\/tr>\n<tr>\n<td><\/td>\n<td>\u00a0 5. 6.\u00a0 2016<\/td>\n<td>\u017delezniki<\/td>\n<td>Regijsko sre\u010danje<\/td>\n<\/tr>\n<tr>\n<td><\/td>\n<td>21. 5.\u00a0 2017<\/td>\n<td>Besnica &#8211; Kranj<\/td>\n<td>Regijsko sre\u010danje<\/td>\n<\/tr>\n<tr>\n<td><\/td>\n<td>\u00a03 . 5.\u00a0 2015<\/td>\n<td>Bled<\/td>\n<td>Regijsko sre\u010danje<\/td>\n<\/tr>\n<tr>\n<td><\/td>\n<td><\/td>\n<td><\/td>\n<td><\/td>\n<\/tr>\n<\/tbody>\n<\/table>\n<p>Neformalna skupina pritrkovalcev na Koro\u0161ki Beli je v letu 2019 postala tudi nosilec izro\u010dila in znanja v pritrkavanju ter se vpisala v Register nesnovne kulturne dedi\u0161\u010dine Slovenije, ki ga vodi Ministrstvo za kulturo.<\/p>\n<p>\u00bbNeformalna skupina pritrkovalcev na Ko<span style=\"font-size: 1rem;\">ro\u0161ki Beli, ki danes <\/span>\u0161teje ve\u010d kot deset \u010dlanov, deluje o<span style=\"font-size: 1rem;\">d leta 1982 po<\/span><span style=\"font-size: 1rem;\">d okriljem \u017eupnije Koro\u0161ka Bela. Pred tem so v zvoniku cerkve sv. Ingenuina in Albuina na Koro\u0161ki Beli zvonili me\u017enarji. Za praznike (bo\u017ei\u010d, velika no\u010d<\/span><span style=\"font-size: 1rem;\">, telovo) in slovesnosti (prvo obhajilo, birma, poroka) \u010dlani pritrkavajo na \u0161tiri bronaste zvonove in izvajaj<\/span><span style=\"font-size: 1rem;\">o tako stoje\u010de kot lete\u010de melodije. \u010clani se vsako leto udele\u017eujejo regijskega sre\u010danja pritrkovalcev, kjer si izmenjujejo izku\u0161nje z drugimi skupinami pritrkovalcev. Do sedaj so se udele\u017eili dveh tekmovanj v pritrkavanju (Budanje, 2009, Ajdov\u0161\u010dina, 2010), sodelovali so na mednarodnem pritrkovalskem sre\u010danju (Brje, 2010), ve\u010dkrat se odzovejo tudi na povabilo pritrkavanja v sosednje \u017eupnije. Na Koro\u0161ki Beli je bilo organizirano tudi regijsko (2011) in vseslovensko sre\u010danje pritrkovalcev (1<\/span><span style=\"font-size: 1rem;\">998).\u00ab<\/span><\/p>\n<p><img loading=\"lazy\" decoding=\"async\" class=\"size-medium wp-image-629 aligncenter\" src=\"http:\/\/zupnija-koroska-bela.rkc.si\/wp-content\/uploads\/2021\/03\/7-Register_LOGO.jpg\" alt=\"\" width=\"236\" height=\"236\" srcset=\"https:\/\/zupnija-koroska-bela.rkc.si\/wp-content\/uploads\/2021\/03\/7-Register_LOGO.jpg 236w, https:\/\/zupnija-koroska-bela.rkc.si\/wp-content\/uploads\/2021\/03\/7-Register_LOGO-150x150.jpg 150w, https:\/\/zupnija-koroska-bela.rkc.si\/wp-content\/uploads\/2021\/03\/7-Register_LOGO-100x100.jpg 100w\" sizes=\"auto, (max-width: 236px) 100vw, 236px\" \/><\/p>\n<p style=\"text-align: center;\">Nesnovna kulturna dedi\u0161\u010dina<\/p>\n<p style=\"text-align: center;\">Pritrkavanje, EID: 2-00063<\/p>\n<p style=\"text-align: center;\">Nosilec Pritrkovalska skupina na Koro\u0161ki Beli, \u0161t. Rzd-01-19-00002-03 dne 22. 2. 2019.<\/p>\n<p style=\"text-align: center;\"><a href=\"http:\/\/www.nesnovnadediscina.si\/sl\/register\">http:\/\/www.nesnovnadediscina.si\/sl\/register<\/a><\/p>\n<p>&nbsp;<\/p>\n<p style=\"text-align: center;\"><strong>Dnevi evropske kulturne dedi\u0161\u010dine na Koro\u0161ki Beli, 2019<\/strong><\/p>\n<p style=\"text-align: center;\"><strong>Pritrkovals<\/strong><strong>ka delavnica: \u00bbPESEM \u0160TIRIH\u00ab<\/strong><\/p>\n<p>&nbsp;<\/p>\n<p style=\"text-align: center;\"><img loading=\"lazy\" decoding=\"async\" class=\"size-medium wp-image-630 aligncenter\" style=\"font-size: 1rem; text-align: center;\" src=\"http:\/\/zupnija-koroska-bela.rkc.si\/wp-content\/uploads\/2021\/03\/8-banner2019_fb_0-280x300.jpg\" alt=\"\" width=\"280\" height=\"300\" srcset=\"https:\/\/zupnija-koroska-bela.rkc.si\/wp-content\/uploads\/2021\/03\/8-banner2019_fb_0-280x300.jpg 280w, https:\/\/zupnija-koroska-bela.rkc.si\/wp-content\/uploads\/2021\/03\/8-banner2019_fb_0-956x1024.jpg 956w, https:\/\/zupnija-koroska-bela.rkc.si\/wp-content\/uploads\/2021\/03\/8-banner2019_fb_0-768x823.jpg 768w, https:\/\/zupnija-koroska-bela.rkc.si\/wp-content\/uploads\/2021\/03\/8-banner2019_fb_0.jpg 1282w\" sizes=\"auto, (max-width: 280px) 100vw, 280px\" \/><\/p>\n<p style=\"text-align: center;\">DEKD in TKD 2019 \/ <a href=\"https:\/\/www.zvkds.si\/sl\/dekd\/dekd-tkd\">https:\/\/www.zvkds.si\/sl\/dekd\/dekd-tkd<\/a><\/p>\n<p style=\"text-align: center;\"><a href=\"https:\/\/www.zvkds.si\/sl\/utrinki\/pritrkovalska-delavnica-pesem-stirih\">https:\/\/www.zvkds.si\/sl\/utrinki\/pritrkovalska-delav<\/a><a style=\"font-size: 1rem;\" href=\"https:\/\/www.zvkds.si\/sl\/utrinki\/pritrkovalska-delavnica-pesem-stirih\">nica-pesem-stirih<\/a><\/p>\n<p style=\"text-align: left;\">\u00bbZvonovi so slovenskega \u010dloveka \u017ee od nekdaj spremljali od zibelke do groba. Pravimo tudi, da zvonovi pojejo \u017eivim in se poslavljajo od mrtvih. Neko\u010d so na\u0161i predniki ob zvonjenju prekinili vsako delo, snemali klobuke, se pokri\u017eali in molili. Zvonilo je tudi ob izrednih dogodkih t.i. \u00bbhudi uri\u00ab in ob \u00bbbiti plat zvona\u00ab. \u010ceprav tega danes skorajda ni ve\u010d, je prav, da preteklost poznamo in delo na\u0161ih prednikov spo\u0161tujemo, tudi na na\u010din, da ohranjamo tisto, kar je v realnosti dana\u0161njega \u010dasa \u0161e mo\u017eno o<span style=\"font-size: 1rem;\">hranjati.\u00ab<\/span><\/p>\n<figure id=\"attachment_631\" aria-describedby=\"caption-attachment-631\" style=\"width: 525px\" class=\"wp-caption aligncenter\"><img loading=\"lazy\" decoding=\"async\" class=\"wp-image-631 size-large\" style=\"font-size: 1rem;\" src=\"http:\/\/zupnija-koroska-bela.rkc.si\/wp-content\/uploads\/2021\/03\/9-foto-Nik-Bertoncelj-1024x683.jpg\" alt=\"V zvoniku na Koro\u0161ki Beli. \/ Foto: Nik Bertoncelj\" width=\"525\" height=\"350\" srcset=\"https:\/\/zupnija-koroska-bela.rkc.si\/wp-content\/uploads\/2021\/03\/9-foto-Nik-Bertoncelj-1024x683.jpg 1024w, https:\/\/zupnija-koroska-bela.rkc.si\/wp-content\/uploads\/2021\/03\/9-foto-Nik-Bertoncelj-300x200.jpg 300w, https:\/\/zupnija-koroska-bela.rkc.si\/wp-content\/uploads\/2021\/03\/9-foto-Nik-Bertoncelj-768x512.jpg 768w, https:\/\/zupnija-koroska-bela.rkc.si\/wp-content\/uploads\/2021\/03\/9-foto-Nik-Bertoncelj-1536x1024.jpg 1536w, https:\/\/zupnija-koroska-bela.rkc.si\/wp-content\/uploads\/2021\/03\/9-foto-Nik-Bertoncelj-2048x1365.jpg 2048w\" sizes=\"auto, (max-width: 525px) 100vw, 525px\" \/><figcaption id=\"caption-attachment-631\" class=\"wp-caption-text\">V zvoniku na Koro\u0161ki Beli. \/ Foto: Nik Bertoncelj<\/figcaption><\/figure>\n<p style=\"text-align: left;\">Pritrkovalska delavnica z naslovom \u00bb<span style=\"font-size: 1rem;\">PES<\/span><span style=\"font-size: 1rem;\">EM \u0160TIRIH\u00ab je <\/span><span style=\"font-size: 1rem;\">bil <\/span><span style=\"font-size: 1rem;\">dogodek na Koro\u0161ki Beli v okviru Dnevov evropske kulturne <\/span><span style=\"font-size: 1rem;\">dedi\u0161\u010dine, k<\/span><span style=\"font-size: 1rem;\">i so ga 3. 10. 2019 skupaj pripravili: Farno kulturno dru\u0161tvo Koro\u0161ka Bela, skupina pritrkovalcev na Koro\u0161ki Beli in gostje &#8211; pritrkovalci iz Kamne Gorice.<\/span><\/p>\n<figure id=\"attachment_632\" aria-describedby=\"caption-attachment-632\" style=\"width: 525px\" class=\"wp-caption aligncenter\"><img loading=\"lazy\" decoding=\"async\" class=\"wp-image-632 size-large\" style=\"font-size: 1rem;\" src=\"http:\/\/zupnija-koroska-bela.rkc.si\/wp-content\/uploads\/2021\/03\/10-foto-Nik-Bertoncelj-1024x683.jpg\" alt=\"Pritrkovalska skupina Koro\u0161ka Bela, ki je iz Javorni\u0161kega Rovta pripeljala jeklene cevi, na katerih vadijo pritrkavanje. \/ Foto: Nik Bertoncelj\" width=\"525\" height=\"350\" srcset=\"https:\/\/zupnija-koroska-bela.rkc.si\/wp-content\/uploads\/2021\/03\/10-foto-Nik-Bertoncelj-1024x683.jpg 1024w, https:\/\/zupnija-koroska-bela.rkc.si\/wp-content\/uploads\/2021\/03\/10-foto-Nik-Bertoncelj-300x200.jpg 300w, https:\/\/zupnija-koroska-bela.rkc.si\/wp-content\/uploads\/2021\/03\/10-foto-Nik-Bertoncelj-768x512.jpg 768w, https:\/\/zupnija-koroska-bela.rkc.si\/wp-content\/uploads\/2021\/03\/10-foto-Nik-Bertoncelj-1536x1024.jpg 1536w, https:\/\/zupnija-koroska-bela.rkc.si\/wp-content\/uploads\/2021\/03\/10-foto-Nik-Bertoncelj-2048x1365.jpg 2048w\" sizes=\"auto, (max-width: 525px) 100vw, 525px\" \/><figcaption id=\"caption-attachment-632\" class=\"wp-caption-text\">Pritrkovalska skupina Koro\u0161ka Bela, ki je iz Javorni\u0161kega Rovta pripeljala jeklene cevi, na katerih vadijo pritrkavanje. \/ Foto: Nik Bertoncelj<\/figcaption><\/figure>\n<figure id=\"attachment_633\" aria-describedby=\"caption-attachment-633\" style=\"width: 525px\" class=\"wp-caption aligncenter\"><img loading=\"lazy\" decoding=\"async\" class=\"wp-image-633 size-large\" style=\"font-size: 1rem;\" src=\"http:\/\/zupnija-koroska-bela.rkc.si\/wp-content\/uploads\/2021\/03\/11-foto-Nik-Bertoncelj-1024x683.jpg\" alt=\"Pritrkovalci iz Kamne Gorice\u00a0s svojimi miniaturnimi zvonovi. \/ Foto: Nik Bertoncelj\" width=\"525\" height=\"350\" srcset=\"https:\/\/zupnija-koroska-bela.rkc.si\/wp-content\/uploads\/2021\/03\/11-foto-Nik-Bertoncelj-1024x683.jpg 1024w, https:\/\/zupnija-koroska-bela.rkc.si\/wp-content\/uploads\/2021\/03\/11-foto-Nik-Bertoncelj-300x200.jpg 300w, https:\/\/zupnija-koroska-bela.rkc.si\/wp-content\/uploads\/2021\/03\/11-foto-Nik-Bertoncelj-768x512.jpg 768w, https:\/\/zupnija-koroska-bela.rkc.si\/wp-content\/uploads\/2021\/03\/11-foto-Nik-Bertoncelj-1536x1024.jpg 1536w, https:\/\/zupnija-koroska-bela.rkc.si\/wp-content\/uploads\/2021\/03\/11-foto-Nik-Bertoncelj-2048x1365.jpg 2048w\" sizes=\"auto, (max-width: 525px) 100vw, 525px\" \/><figcaption id=\"caption-attachment-633\" class=\"wp-caption-text\">Pritrkovalci iz Kamne Gorice\u00a0s svojimi miniaturnimi zvonovi. \/ Foto: Nik Bertoncelj<\/figcaption><\/figure>\n<p>P<span style=\"font-size: 1rem;\">ritrkavanje je posebnost na\u0161ega prostora in sp<\/span><span style=\"font-size: 1rem;\">ada v ljudsko in cerkveno glasbeno dejavnost, ki jo <\/span><span style=\"font-size: 1rem;\">izvajajo amaterski glas<\/span><span style=\"font-size: 1rem;\">beniki s katero obele\u017eujemo ve\u010dje katoli\u0161ke praznike na Slovenskem. Med dogodke DEKD 2019 smo pritrkovalsko delavnico umestili, ker je pritrkavanje vpisano v Regi<\/span><span style=\"font-size: 1rem;\">ster nesnovne kulturne dedi\u0161\u010dine Slovenije in se je med nosilce izro\u010dila ter znanja v pritrkavanju v letu 2019 vpisala tudi skupina pritrkovalcev na Koro\u0161ki Beli.<\/span><\/p>\n<p>K sodelovanju smo povabili<span style=\"font-size: 1rem;\">pritrkovalce iz Kamne Gorice, <\/span><span style=\"font-size: 1rem;\">ki prav tako ohranjajo ro\u010dno zvonjenje in posebno izro\u010dilo v p<\/span><span style=\"font-size: 1rem;\">ritrkavanju. Na delavnici so pritrkovalci predstavili pritrkovalske vi\u017ee na svojih pripomo\u010dkih, na kate<\/span><span style=\"font-size: 1rem;\">rih vadijo pritrkavanje. V igranju na jeklenih ceveh in kamnogori\u0161kih min<\/span><span style=\"font-size: 1rem;\">iaturnih zvonovih so se lahko prei<\/span><span style=\"font-size: 1rem;\">zkusili tudi obiskovalci. Udele\u017eenci delavnice so izvedeli, kak\u0161en je pomen bitja ure in zvonjenja v posameznih deli<\/span><span style=\"font-size: 1rem;\">h dneva in tedna ter v \u010dasu kr\u0161\u010danskih praznikov ter kdaj zvonovi ne zvonijo in se oglasijo raglje.<\/span><\/p>\n<p>Slovenci imamo tudi izjemno bogato izrazje, namre\u010d obstaja ve\u010d kot tiso\u010d izrazov, ki so pove<span style=\"font-size: 1rem;\">zani z zvonjenjem in s cerkvenimi zvonovi. Dan<\/span><span style=\"font-size: 1rem;\">es je zvonjenje v farnih cerkvah ve\u010dinoma elektrificirano, zato je \u0161e toliko bolj pomembna skrb za ohranjanje izro<\/span><span style=\"font-size: 1rem;\">\u010dila ro\u010dnega<\/span><span style=\"font-size: 1rem;\">\u00a0zvonjenja \u2013 pritr<\/span><span style=\"font-size: 1rem;\">kavanja, ritmi\u010dnega muziciranja na zvonove, ki ga pritrk<\/span><span style=\"font-size: 1rem;\">ovalci izvajajo neposredno v zvoniku.<\/span><\/p>\n<p>Foto utrinki Nika Bertonclja s pritrkov<span style=\"font-size: 1rem;\">alske delavni<\/span><span style=\"font-size: 1rem;\">ce<\/span><span style=\"font-size: 1rem;\">\u00a0na Koro\u0161ki Beli, na kateri so se lahko tudi<\/span><span style=\"font-size: 1rem;\"> obiskovalci preizkusili v igranju na miniaturne zvonove in<\/span><span style=\"font-size: 1rem;\"> pripomo\u010dk<\/span><span style=\"font-size: 1rem;\">e:<\/span><img loading=\"lazy\" decoding=\"async\" class=\"aligncenter wp-image-634 size-large\" style=\"font-size: 1rem;\" src=\"http:\/\/zupnija-koroska-bela.rkc.si\/wp-content\/uploads\/2021\/03\/12-foto-Nik-Bertoncelj-1024x683.jpg\" alt=\"\" width=\"525\" height=\"350\" srcset=\"https:\/\/zupnija-koroska-bela.rkc.si\/wp-content\/uploads\/2021\/03\/12-foto-Nik-Bertoncelj-1024x683.jpg 1024w, https:\/\/zupnija-koroska-bela.rkc.si\/wp-content\/uploads\/2021\/03\/12-foto-Nik-Bertoncelj-300x200.jpg 300w, https:\/\/zupnija-koroska-bela.rkc.si\/wp-content\/uploads\/2021\/03\/12-foto-Nik-Bertoncelj-768x512.jpg 768w, https:\/\/zupnija-koroska-bela.rkc.si\/wp-content\/uploads\/2021\/03\/12-foto-Nik-Bertoncelj-1536x1024.jpg 1536w, https:\/\/zupnija-koroska-bela.rkc.si\/wp-content\/uploads\/2021\/03\/12-foto-Nik-Bertoncelj-2048x1365.jpg 2048w\" sizes=\"auto, (max-width: 525px) 100vw, 525px\" \/><img loading=\"lazy\" decoding=\"async\" class=\"aligncenter wp-image-635 size-large\" style=\"font-size: 1rem;\" src=\"http:\/\/zupnija-koroska-bela.rkc.si\/wp-content\/uploads\/2021\/03\/13-foto-Nik-Bertoncelj-1024x683.jpg\" alt=\"\" width=\"525\" height=\"350\" srcset=\"https:\/\/zupnija-koroska-bela.rkc.si\/wp-content\/uploads\/2021\/03\/13-foto-Nik-Bertoncelj-1024x683.jpg 1024w, https:\/\/zupnija-koroska-bela.rkc.si\/wp-content\/uploads\/2021\/03\/13-foto-Nik-Bertoncelj-300x200.jpg 300w, https:\/\/zupnija-koroska-bela.rkc.si\/wp-content\/uploads\/2021\/03\/13-foto-Nik-Bertoncelj-768x512.jpg 768w, https:\/\/zupnija-koroska-bela.rkc.si\/wp-content\/uploads\/2021\/03\/13-foto-Nik-Bertoncelj-1536x1024.jpg 1536w, https:\/\/zupnija-koroska-bela.rkc.si\/wp-content\/uploads\/2021\/03\/13-foto-Nik-Bertoncelj-2048x1365.jpg 2048w\" sizes=\"auto, (max-width: 525px) 100vw, 525px\" \/><img loading=\"lazy\" decoding=\"async\" class=\"aligncenter wp-image-636 size-large\" src=\"http:\/\/zupnija-koroska-bela.rkc.si\/wp-content\/uploads\/2021\/03\/14-foto-Nik-Bertoncelj-1024x683.jpg\" alt=\"\" width=\"525\" height=\"350\" srcset=\"https:\/\/zupnija-koroska-bela.rkc.si\/wp-content\/uploads\/2021\/03\/14-foto-Nik-Bertoncelj-1024x683.jpg 1024w, https:\/\/zupnija-koroska-bela.rkc.si\/wp-content\/uploads\/2021\/03\/14-foto-Nik-Bertoncelj-300x200.jpg 300w, https:\/\/zupnija-koroska-bela.rkc.si\/wp-content\/uploads\/2021\/03\/14-foto-Nik-Bertoncelj-768x512.jpg 768w, https:\/\/zupnija-koroska-bela.rkc.si\/wp-content\/uploads\/2021\/03\/14-foto-Nik-Bertoncelj-1536x1024.jpg 1536w, https:\/\/zupnija-koroska-bela.rkc.si\/wp-content\/uploads\/2021\/03\/14-foto-Nik-Bertoncelj-2048x1365.jpg 2048w\" sizes=\"auto, (max-width: 525px) 100vw, 525px\" \/><img loading=\"lazy\" decoding=\"async\" class=\"aligncenter wp-image-637 size-large\" style=\"font-size: 1rem;\" src=\"http:\/\/zupnija-koroska-bela.rkc.si\/wp-content\/uploads\/2021\/03\/15-foto-Nik-Bertoncelj-1024x683.jpg\" alt=\"\" width=\"525\" height=\"350\" srcset=\"https:\/\/zupnija-koroska-bela.rkc.si\/wp-content\/uploads\/2021\/03\/15-foto-Nik-Bertoncelj-1024x683.jpg 1024w, https:\/\/zupnija-koroska-bela.rkc.si\/wp-content\/uploads\/2021\/03\/15-foto-Nik-Bertoncelj-300x200.jpg 300w, https:\/\/zupnija-koroska-bela.rkc.si\/wp-content\/uploads\/2021\/03\/15-foto-Nik-Bertoncelj-768x512.jpg 768w, https:\/\/zupnija-koroska-bela.rkc.si\/wp-content\/uploads\/2021\/03\/15-foto-Nik-Bertoncelj-1536x1024.jpg 1536w, https:\/\/zupnija-koroska-bela.rkc.si\/wp-content\/uploads\/2021\/03\/15-foto-Nik-Bertoncelj-2048x1365.jpg 2048w\" sizes=\"auto, (max-width: 525px) 100vw, 525px\" \/><\/p>\n<p>&nbsp;<\/p>\n<p><img loading=\"lazy\" decoding=\"async\" class=\"aligncenter wp-image-638 size-large\" style=\"font-family: inherit; font-size: inherit;\" src=\"http:\/\/zupnija-koroska-bela.rkc.si\/wp-content\/uploads\/2021\/03\/16-foto-Nik-Bertoncelj-1024x683.jpg\" alt=\"\" width=\"525\" height=\"350\" srcset=\"https:\/\/zupnija-koroska-bela.rkc.si\/wp-content\/uploads\/2021\/03\/16-foto-Nik-Bertoncelj-1024x683.jpg 1024w, https:\/\/zupnija-koroska-bela.rkc.si\/wp-content\/uploads\/2021\/03\/16-foto-Nik-Bertoncelj-300x200.jpg 300w, https:\/\/zupnija-koroska-bela.rkc.si\/wp-content\/uploads\/2021\/03\/16-foto-Nik-Bertoncelj-768x512.jpg 768w, https:\/\/zupnija-koroska-bela.rkc.si\/wp-content\/uploads\/2021\/03\/16-foto-Nik-Bertoncelj-1536x1024.jpg 1536w, https:\/\/zupnija-koroska-bela.rkc.si\/wp-content\/uploads\/2021\/03\/16-foto-Nik-Bertoncelj-2048x1365.jpg 2048w\" sizes=\"auto, (max-width: 525px) 100vw, 525px\" \/><\/p>\n<figure id=\"attachment_639\" aria-describedby=\"caption-attachment-639\" style=\"width: 525px\" class=\"wp-caption aligncenter\"><img loading=\"lazy\" decoding=\"async\" class=\"wp-image-639 size-large\" style=\"font-size: 1rem;\" src=\"http:\/\/zupnija-koroska-bela.rkc.si\/wp-content\/uploads\/2021\/03\/17-foto-Nik-Bertoncelj-1024x683.jpg\" alt=\"Kamnogori\u0161ki pritrkovalci v zvoniku na Koro\u0161ki Beli. \/ Foto: Nik Bertoncelj\" width=\"525\" height=\"350\" srcset=\"https:\/\/zupnija-koroska-bela.rkc.si\/wp-content\/uploads\/2021\/03\/17-foto-Nik-Bertoncelj-1024x683.jpg 1024w, https:\/\/zupnija-koroska-bela.rkc.si\/wp-content\/uploads\/2021\/03\/17-foto-Nik-Bertoncelj-300x200.jpg 300w, https:\/\/zupnija-koroska-bela.rkc.si\/wp-content\/uploads\/2021\/03\/17-foto-Nik-Bertoncelj-768x512.jpg 768w, https:\/\/zupnija-koroska-bela.rkc.si\/wp-content\/uploads\/2021\/03\/17-foto-Nik-Bertoncelj-1536x1024.jpg 1536w, https:\/\/zupnija-koroska-bela.rkc.si\/wp-content\/uploads\/2021\/03\/17-foto-Nik-Bertoncelj-2048x1365.jpg 2048w\" sizes=\"auto, (max-width: 525px) 100vw, 525px\" \/><figcaption id=\"caption-attachment-639\" class=\"wp-caption-text\">Kamnogori\u0161ki pritrkovalci v zvoniku na Koro\u0161ki Beli. \/ Foto: Nik Bertoncelj<\/figcaption><\/figure>\n<p>Zapis pripravila Petra Ali\u010d, marec, 2021.<\/p>\n","protected":false},"excerpt":{"rendered":"<p>Pritrkovalska skupina na Koro\u0161ki Beli Zvonjenje in pritrkavanje sta dragoceni del slovenske kulturne dedi\u0161\u010dine. Pritrkavanje je ljudska &#8211; cerkvena glasbena dejavnost ter posebnost slovenskega prostora, ki je vezana v kontekst cerkvenih praznikov. Pritrkovalska skupina s pritrkavanjem povzdigne praznik in ga naredi \u0161e bolj sve\u010danega. Skupina pritrkovalcev na Koro\u0161ki Beli deluje pod okriljem \u017dupnije Koro\u0161ka Bela &hellip; <\/p>\n<p class=\"link-more\"><a href=\"https:\/\/zupnija-koroska-bela.rkc.si\/index.php\/pritrkovalska-skupina-na-koroski-beli\/\" class=\"more-link\">Preberi ve\u010d<span class=\"screen-reader-text\"> &#8220;Pritrkovalska skupina na Koro\u0161ki Beli&#8221;<\/span><\/a><\/p>\n","protected":false},"author":1,"featured_media":0,"parent":0,"menu_order":0,"comment_status":"closed","ping_status":"closed","template":"","meta":{"footnotes":""},"class_list":["post-620","page","type-page","status-publish","hentry"],"_links":{"self":[{"href":"https:\/\/zupnija-koroska-bela.rkc.si\/index.php\/wp-json\/wp\/v2\/pages\/620","targetHints":{"allow":["GET"]}}],"collection":[{"href":"https:\/\/zupnija-koroska-bela.rkc.si\/index.php\/wp-json\/wp\/v2\/pages"}],"about":[{"href":"https:\/\/zupnija-koroska-bela.rkc.si\/index.php\/wp-json\/wp\/v2\/types\/page"}],"author":[{"embeddable":true,"href":"https:\/\/zupnija-koroska-bela.rkc.si\/index.php\/wp-json\/wp\/v2\/users\/1"}],"replies":[{"embeddable":true,"href":"https:\/\/zupnija-koroska-bela.rkc.si\/index.php\/wp-json\/wp\/v2\/comments?post=620"}],"version-history":[{"count":9,"href":"https:\/\/zupnija-koroska-bela.rkc.si\/index.php\/wp-json\/wp\/v2\/pages\/620\/revisions"}],"predecessor-version":[{"id":647,"href":"https:\/\/zupnija-koroska-bela.rkc.si\/index.php\/wp-json\/wp\/v2\/pages\/620\/revisions\/647"}],"wp:attachment":[{"href":"https:\/\/zupnija-koroska-bela.rkc.si\/index.php\/wp-json\/wp\/v2\/media?parent=620"}],"curies":[{"name":"wp","href":"https:\/\/api.w.org\/{rel}","templated":true}]}}