{"id":328,"date":"2018-02-25T20:07:24","date_gmt":"2018-02-25T18:07:24","guid":{"rendered":"http:\/\/zupnija-koroska-bela.rkc.si\/?page_id=328"},"modified":"2018-02-25T20:11:06","modified_gmt":"2018-02-25T18:11:06","slug":"pritrkovalci-danes","status":"publish","type":"page","link":"https:\/\/zupnija-koroska-bela.rkc.si\/index.php\/skupine\/pritrkovalci-danes\/","title":{"rendered":"Pritrkovalci danes"},"content":{"rendered":"<p><img loading=\"lazy\" decoding=\"async\" class=\"alignleft wp-image-329\" src=\"http:\/\/zupnija-koroska-bela.rkc.si\/wp-content\/uploads\/2018\/02\/DSC05920-Pritrkovalci1-300x169.jpg\" alt=\"\" width=\"399\" height=\"225\" srcset=\"https:\/\/zupnija-koroska-bela.rkc.si\/wp-content\/uploads\/2018\/02\/DSC05920-Pritrkovalci1-300x169.jpg 300w, https:\/\/zupnija-koroska-bela.rkc.si\/wp-content\/uploads\/2018\/02\/DSC05920-Pritrkovalci1-768x432.jpg 768w, https:\/\/zupnija-koroska-bela.rkc.si\/wp-content\/uploads\/2018\/02\/DSC05920-Pritrkovalci1-1024x576.jpg 1024w, https:\/\/zupnija-koroska-bela.rkc.si\/wp-content\/uploads\/2018\/02\/DSC05920-Pritrkovalci1.jpg 1920w\" sizes=\"auto, (max-width: 399px) 100vw, 399px\" \/><\/p>\n<p>Pritrkovalci:\u00a0 Marko Zupan\u010di\u010d , Bla\u017e Zupan\u010di\u010d, Miha Zupan\u010di\u010d, Du\u0161an Klinar, Tilen Klinar, Klemen Razingar, Jakob Razinger, Peter Razinger, Mihael \u0160mid, Matja\u017e Strgar, Bla\u017e Bizjak in Andra\u017e Bizjak.<\/p>\n<p>Pritrkovalska skupina s pritrkavanjem povzdigne praznik oziroma ga naredi \u0161e bolj sve\u010danega. Pritrkavamo za vse zapovedane praznike, ob sveti birmi, prvem obhajilu, za kak\u0161no poroko, za Bo\u017ei\u010d in Veliko no\u010d. Vsako leto se udele\u017eimo\u00a0 pritrkovalskega sre\u010danja, ki ga organizira pritrkovalski kro\u017eek slovenskih bogoslovcev. Sre\u010danje je vsako leto na drugi \u017eupniji. Lokacijo gostujo\u010de \u017eupnije se izbere na pritrkovalskem sre\u010danju, ki je vsako leto organiziran na Teolo\u0161ki fakulteti v Ljubljani.\u00a0 Na\u0161a \u017eupnija je v preteklosti \u017ee organizirala tako gorenjsko, kot vse slovensko sre\u010danje pritrkovalskih skupin. Sami pa smo obiskali kar precej zvonikov po gorenjske, bili pa smo tudi \u017ee na primorskem in dolenskem. V na\u0161em zvoniku imamo 4 zvonove. Izvajamo tako stoje\u010de kot lete\u010de melodije. Vsaka melodija \u2013 vi\u017ea ima tudi svoje ime (\u0160kofova, Rovtarska, Koro\u0161ka, Ta gosta, Ta zme\u0161ana\u2026). Pri pritrkavanju uporabljamo slu\u0161alke, saj je v zvoniku zelo glasno.<\/p>\n<p>&nbsp;<\/p>\n","protected":false},"excerpt":{"rendered":"<p>Pritrkovalci:\u00a0 Marko Zupan\u010di\u010d , Bla\u017e Zupan\u010di\u010d, Miha Zupan\u010di\u010d, Du\u0161an Klinar, Tilen Klinar, Klemen Razingar, Jakob Razinger, Peter Razinger, Mihael \u0160mid, Matja\u017e Strgar, Bla\u017e Bizjak in Andra\u017e Bizjak. Pritrkovalska skupina s pritrkavanjem povzdigne praznik oziroma ga naredi \u0161e bolj sve\u010danega. Pritrkavamo za vse zapovedane praznike, ob sveti birmi, prvem obhajilu, za kak\u0161no poroko, za Bo\u017ei\u010d in &hellip; <\/p>\n<p class=\"link-more\"><a href=\"https:\/\/zupnija-koroska-bela.rkc.si\/index.php\/skupine\/pritrkovalci-danes\/\" class=\"more-link\">Preberi ve\u010d<span class=\"screen-reader-text\"> &#8220;Pritrkovalci danes&#8221;<\/span><\/a><\/p>\n","protected":false},"author":1,"featured_media":0,"parent":218,"menu_order":1,"comment_status":"closed","ping_status":"closed","template":"","meta":{"footnotes":""},"class_list":["post-328","page","type-page","status-publish","hentry"],"_links":{"self":[{"href":"https:\/\/zupnija-koroska-bela.rkc.si\/index.php\/wp-json\/wp\/v2\/pages\/328","targetHints":{"allow":["GET"]}}],"collection":[{"href":"https:\/\/zupnija-koroska-bela.rkc.si\/index.php\/wp-json\/wp\/v2\/pages"}],"about":[{"href":"https:\/\/zupnija-koroska-bela.rkc.si\/index.php\/wp-json\/wp\/v2\/types\/page"}],"author":[{"embeddable":true,"href":"https:\/\/zupnija-koroska-bela.rkc.si\/index.php\/wp-json\/wp\/v2\/users\/1"}],"replies":[{"embeddable":true,"href":"https:\/\/zupnija-koroska-bela.rkc.si\/index.php\/wp-json\/wp\/v2\/comments?post=328"}],"version-history":[{"count":2,"href":"https:\/\/zupnija-koroska-bela.rkc.si\/index.php\/wp-json\/wp\/v2\/pages\/328\/revisions"}],"predecessor-version":[{"id":332,"href":"https:\/\/zupnija-koroska-bela.rkc.si\/index.php\/wp-json\/wp\/v2\/pages\/328\/revisions\/332"}],"up":[{"embeddable":true,"href":"https:\/\/zupnija-koroska-bela.rkc.si\/index.php\/wp-json\/wp\/v2\/pages\/218"}],"wp:attachment":[{"href":"https:\/\/zupnija-koroska-bela.rkc.si\/index.php\/wp-json\/wp\/v2\/media?parent=328"}],"curies":[{"name":"wp","href":"https:\/\/api.w.org\/{rel}","templated":true}]}}