{"id":123,"date":"2017-10-10T10:26:26","date_gmt":"2017-10-10T08:26:26","guid":{"rendered":"http:\/\/zupnija-koroska-bela.rkc.si\/?page_id=123"},"modified":"2023-05-30T17:55:28","modified_gmt":"2023-05-30T15:55:28","slug":"mladi","status":"publish","type":"page","link":"https:\/\/zupnija-koroska-bela.rkc.si\/index.php\/mladi\/","title":{"rendered":"Mladi"},"content":{"rendered":"<h1>Prijavnica za Oratorij 2023<\/h1>\n<p><iframe loading=\"lazy\" src=\"https:\/\/drive.google.com\/file\/d\/1Y65lJ4NExkexm4H6QD7GVV8vS0w3a0l1\/preview\" width=\"800\" height=\"1120\"><span data-mce-type=\"bookmark\" style=\"display: inline-block; width: 0px; overflow: hidden; line-height: 0;\" class=\"mce_SELRES_start\">\ufeff<\/span><\/iframe><\/p>\n<div id=\"fb-root\"><\/div>\n<p><script>(function(d, s, id) {\n  var js, fjs = d.getElementsByTagName(s)[0];\n  if (d.getElementById(id)) return;\n  js = d.createElement(s); js.id = id;\n  js.src = \"\/\/connect.facebook.net\/en_US\/sdk.js#xfbml=1&version=v2.10\";\n  fjs.parentNode.insertBefore(js, fjs);\n}(document, 'script', 'facebook-jssdk'));<\/script><br \/>\n<!---- https:\/\/drive.google.com\/file\/d\/1hjyiJ3gWZldoAAUTh2p1ifGNDwu7DRm3\/preview ---><strong>Oratorijski dan z zgodbo &#8220;Poseben si&#8221; bo v soboto 17.12. 2022 ob 9.00 v Kulturnem hramu zaklju\u010dili pa bomo s sveto ma\u0161o ob 15.30, na katero so vabljeni tudi star\u0161i (in ostali).<\/strong><\/p>\n<p><strong><a href=\"https:\/\/www.1ka.si\/a\/25785e7e\">Izpolnite prijavnico.<\/a><\/strong><\/p>\n<p><strong>https:\/\/www.1ka.si\/a\/25785e7e<\/strong><\/p>\n<p><a href=\"https:\/\/drive.google.com\/file\/d\/1jOdiDfxxdqieymeO-dTYIlYddrGehmpC\/view?usp=drivesdk\"><strong>Obvestila in obrazci za oratorij 2022<\/strong><\/a><\/p>\n<div class=\"fb-page\" data-href=\"https:\/\/www.facebook.com\/Oratorij-Koro%C5%A1ka-Bela-1531246617103178\/?ref=br_rs\" data-tabs=\"timeline\" data-width=\"800\" data-height=\"800\" data-small-header=\"true\" data-adapt-container-width=\"true\" data-hide-cover=\"false\" data-show-facepile=\"true\">\n<blockquote class=\"fb-xfbml-parse-ignore\" cite=\"https:\/\/www.facebook.com\/Oratorij-Koro%C5%A1ka-Bela-1531246617103178\/?ref=br_rs\"><p><a href=\"https:\/\/www.facebook.com\/Oratorij-Koro%C5%A1ka-Bela-1531246617103178\/?ref=br_rs\">Oratorij Koro\u0161ka Bela<\/a><\/p><\/blockquote>\n<\/div>\n<h2><strong><a href=\"https:\/\/www.facebook.com\/search\/top\/?q=Koro%C5%A1ka%20bela\">Mladinska skupina &#8211; mladinski verouk &#8211; animatorji<\/a><\/strong><\/h2>\n","protected":false},"excerpt":{"rendered":"<p>Prijavnica za Oratorij 2023 \ufeff Oratorijski dan z zgodbo &#8220;Poseben si&#8221; bo v soboto 17.12. 2022 ob 9.00 v Kulturnem hramu zaklju\u010dili pa bomo s sveto ma\u0161o ob 15.30, na katero so vabljeni tudi star\u0161i (in ostali). Izpolnite prijavnico. https:\/\/www.1ka.si\/a\/25785e7e Obvestila in obrazci za oratorij 2022 Oratorij Koro\u0161ka Bela Mladinska skupina &#8211; mladinski verouk &#8211; &hellip; <\/p>\n<p class=\"link-more\"><a href=\"https:\/\/zupnija-koroska-bela.rkc.si\/index.php\/mladi\/\" class=\"more-link\">Preberi ve\u010d<span class=\"screen-reader-text\"> &#8220;Mladi&#8221;<\/span><\/a><\/p>\n","protected":false},"author":1,"featured_media":0,"parent":0,"menu_order":0,"comment_status":"closed","ping_status":"closed","template":"","meta":{"footnotes":""},"class_list":["post-123","page","type-page","status-publish","hentry"],"_links":{"self":[{"href":"https:\/\/zupnija-koroska-bela.rkc.si\/index.php\/wp-json\/wp\/v2\/pages\/123","targetHints":{"allow":["GET"]}}],"collection":[{"href":"https:\/\/zupnija-koroska-bela.rkc.si\/index.php\/wp-json\/wp\/v2\/pages"}],"about":[{"href":"https:\/\/zupnija-koroska-bela.rkc.si\/index.php\/wp-json\/wp\/v2\/types\/page"}],"author":[{"embeddable":true,"href":"https:\/\/zupnija-koroska-bela.rkc.si\/index.php\/wp-json\/wp\/v2\/users\/1"}],"replies":[{"embeddable":true,"href":"https:\/\/zupnija-koroska-bela.rkc.si\/index.php\/wp-json\/wp\/v2\/comments?post=123"}],"version-history":[{"count":12,"href":"https:\/\/zupnija-koroska-bela.rkc.si\/index.php\/wp-json\/wp\/v2\/pages\/123\/revisions"}],"predecessor-version":[{"id":799,"href":"https:\/\/zupnija-koroska-bela.rkc.si\/index.php\/wp-json\/wp\/v2\/pages\/123\/revisions\/799"}],"wp:attachment":[{"href":"https:\/\/zupnija-koroska-bela.rkc.si\/index.php\/wp-json\/wp\/v2\/media?parent=123"}],"curies":[{"name":"wp","href":"https:\/\/api.w.org\/{rel}","templated":true}]}}